{"id":6751,"date":"2025-01-20T10:02:27","date_gmt":"2025-01-20T09:02:27","guid":{"rendered":"https:\/\/www.bremer-buendnis.de\/domovska-stranka\/"},"modified":"2025-08-13T10:30:12","modified_gmt":"2025-08-13T08:30:12","slug":"domovska-stranka","status":"publish","type":"page","link":"https:\/\/www.bremer-buendnis.de\/cs\/","title":{"rendered":"Domovsk\u00e1 str\u00e1nka"},"content":{"rendered":"\t\t<div data-elementor-type=\"wp-page\" data-elementor-id=\"6751\" class=\"elementor elementor-6751 elementor-3922\" data-elementor-post-type=\"page\">\n\t\t\t\t<div data-particle_enable=\"false\" data-particle-mobile-disabled=\"false\" class=\"elementor-element elementor-element-3438eb40 e-flex e-con-boxed e-con e-parent\" data-id=\"3438eb40\" data-element_type=\"container\" data-e-type=\"container\" data-settings=\"{&quot;background_background&quot;:&quot;slideshow&quot;,&quot;background_slideshow_gallery&quot;:[{&quot;id&quot;:4190,&quot;url&quot;:&quot;https:\\\/\\\/www.bremer-buendnis.de\\\/wp-content\\\/uploads\\\/2019\\\/12\\\/cropped-Tilman_Begegnung-u\\u0308ber-den-Kopf-scaled-2.jpg&quot;},{&quot;id&quot;:4214,&quot;url&quot;:&quot;https:\\\/\\\/www.bremer-buendnis.de\\\/wp-content\\\/uploads\\\/2019\\\/12\\\/cropped-Tilman_2009_Begegnung-vor-dem-Tor-scaled-2.jpg&quot;},{&quot;id&quot;:4217,&quot;url&quot;:&quot;https:\\\/\\\/www.bremer-buendnis.de\\\/wp-content\\\/uploads\\\/2019\\\/12\\\/cropped-Tilman_DSC0006a-scaled-1.jpg&quot;},{&quot;id&quot;:4193,&quot;url&quot;:&quot;https:\\\/\\\/www.bremer-buendnis.de\\\/wp-content\\\/uploads\\\/2019\\\/12\\\/cropped-Tilman_7Der-lachende-Dritte-scaled.jpg&quot;},{&quot;id&quot;:4196,&quot;url&quot;:&quot;https:\\\/\\\/www.bremer-buendnis.de\\\/wp-content\\\/uploads\\\/2019\\\/12\\\/cropped-Tilman_DSC09525.jpg&quot;}],&quot;background_slideshow_slide_duration&quot;:20000,&quot;background_slideshow_lazyload&quot;:&quot;yes&quot;,&quot;background_slideshow_loop&quot;:&quot;yes&quot;,&quot;background_slideshow_slide_transition&quot;:&quot;fade&quot;,&quot;background_slideshow_transition_duration&quot;:500}\">\n\t\t\t\t\t<div class=\"e-con-inner\">\n\t\t\t\t\t<\/div>\n\t\t\t\t<\/div>\n\t\t<div data-particle_enable=\"false\" data-particle-mobile-disabled=\"false\" class=\"elementor-element elementor-element-37f8fe95 e-con-full e-flex e-con e-parent\" data-id=\"37f8fe95\" data-element_type=\"container\" data-e-type=\"container\" data-settings=\"{&quot;background_background&quot;:&quot;classic&quot;}\">\n\t\t\t\t<div class=\"elementor-element elementor-element-4c54379 elementor-widget-mobile__width-initial elementor-widget__width-initial elementor-widget-tablet__width-initial elementor-widget elementor-widget-image\" data-id=\"4c54379\" data-element_type=\"widget\" data-e-type=\"widget\" data-widget_type=\"image.default\">\n\t\t\t\t<div class=\"elementor-widget-container\">\n\t\t\t\t\t\t\t\t\t\t\t\t\t\t\t\t<a href=\"https:\/\/www.bremer-buendnis.de\/cs\/\">\n\t\t\t\t\t\t\t<img fetchpriority=\"high\" decoding=\"async\" width=\"1455\" height=\"591\" src=\"https:\/\/www.bremer-buendnis.de\/wp-content\/uploads\/2024\/02\/BB__Logo-short_black.png\" class=\"attachment-full size-full wp-image-5101\" alt=\"\" srcset=\"https:\/\/www.bremer-buendnis.de\/wp-content\/uploads\/2024\/02\/BB__Logo-short_black.png 1455w, https:\/\/www.bremer-buendnis.de\/wp-content\/uploads\/2024\/02\/BB__Logo-short_black-300x122.png 300w, https:\/\/www.bremer-buendnis.de\/wp-content\/uploads\/2024\/02\/BB__Logo-short_black-1024x416.png 1024w, https:\/\/www.bremer-buendnis.de\/wp-content\/uploads\/2024\/02\/BB__Logo-short_black-768x312.png 768w\" sizes=\"100vw\" \/>\t\t\t\t\t\t\t\t<\/a>\n\t\t\t\t\t\t\t\t\t\t\t\t\t\t\t<\/div>\n\t\t\t\t<\/div>\n\t\t\t\t<div class=\"elementor-element elementor-element-53e2ddc4 elementor-nav-menu__align-justify elementor-nav-menu--stretch elementor-nav-menu__text-align-center elementor-nav-menu--dropdown-tablet elementor-nav-menu--toggle elementor-nav-menu--burger elementor-widget elementor-widget-nav-menu\" data-id=\"53e2ddc4\" data-element_type=\"widget\" data-e-type=\"widget\" data-settings=\"{&quot;full_width&quot;:&quot;stretch&quot;,&quot;layout&quot;:&quot;horizontal&quot;,&quot;submenu_icon&quot;:{&quot;value&quot;:&quot;&lt;i class=\\&quot;fas fa-caret-down\\&quot; aria-hidden=\\&quot;true\\&quot;&gt;&lt;\\\/i&gt;&quot;,&quot;library&quot;:&quot;fa-solid&quot;},&quot;toggle&quot;:&quot;burger&quot;}\" data-widget_type=\"nav-menu.default\">\n\t\t\t\t<div class=\"elementor-widget-container\">\n\t\t\t\t\t\t\t\t<nav aria-label=\"Men\u00fc\" class=\"elementor-nav-menu--main elementor-nav-menu__container elementor-nav-menu--layout-horizontal e--pointer-underline e--animation-fade\">\n\t\t\t\t<ul id=\"menu-1-53e2ddc4\" class=\"elementor-nav-menu\"><li class=\"menu-item menu-item-type-post_type menu-item-object-page menu-item-home menu-item-6963\"><a href=\"https:\/\/www.bremer-buendnis.de\/cs\/\" class=\"elementor-item\">Domovsk\u00e1 str\u00e1nka<\/a><\/li>\n<li class=\"menu-item menu-item-type-post_type menu-item-object-page menu-item-6964\"><a href=\"https:\/\/www.bremer-buendnis.de\/cs\/o-nas\/\" class=\"elementor-item\">O n\u00e1s<\/a><\/li>\n<li class=\"menu-item menu-item-type-post_type menu-item-object-page menu-item-has-children menu-item-6968\"><a href=\"https:\/\/www.bremer-buendnis.de\/cs\/projekty\/\" class=\"elementor-item\">Projekty<\/a>\n<ul class=\"sub-menu elementor-nav-menu--dropdown\">\n\t<li class=\"menu-item menu-item-type-post_type menu-item-object-page menu-item-6965\"><a href=\"https:\/\/www.bremer-buendnis.de\/cs\/nacisticke-bezpravi-degenerovana-hudba\/\" class=\"elementor-sub-item\">Nacistick\u00e9 bezpr\u00e1v\u00ed \u201eDegenerovan\u00e1 hudba\u201c<\/a><\/li>\n<\/ul>\n<\/li>\n<\/ul>\t\t\t<\/nav>\n\t\t\t\t\t<div class=\"elementor-menu-toggle\" role=\"button\" tabindex=\"0\" aria-label=\"Menu Toggle\" aria-expanded=\"false\">\n\t\t\t<i aria-hidden=\"true\" role=\"presentation\" class=\"elementor-menu-toggle__icon--open eicon-menu-bar\"><\/i><i aria-hidden=\"true\" role=\"presentation\" class=\"elementor-menu-toggle__icon--close eicon-close\"><\/i>\t\t<\/div>\n\t\t\t\t\t<nav class=\"elementor-nav-menu--dropdown elementor-nav-menu__container\" aria-hidden=\"true\">\n\t\t\t\t<ul id=\"menu-2-53e2ddc4\" class=\"elementor-nav-menu\"><li class=\"menu-item menu-item-type-post_type menu-item-object-page menu-item-home menu-item-6963\"><a href=\"https:\/\/www.bremer-buendnis.de\/cs\/\" class=\"elementor-item\" tabindex=\"-1\">Domovsk\u00e1 str\u00e1nka<\/a><\/li>\n<li class=\"menu-item menu-item-type-post_type menu-item-object-page menu-item-6964\"><a href=\"https:\/\/www.bremer-buendnis.de\/cs\/o-nas\/\" class=\"elementor-item\" tabindex=\"-1\">O n\u00e1s<\/a><\/li>\n<li class=\"menu-item menu-item-type-post_type menu-item-object-page menu-item-has-children menu-item-6968\"><a href=\"https:\/\/www.bremer-buendnis.de\/cs\/projekty\/\" class=\"elementor-item\" tabindex=\"-1\">Projekty<\/a>\n<ul class=\"sub-menu elementor-nav-menu--dropdown\">\n\t<li class=\"menu-item menu-item-type-post_type menu-item-object-page menu-item-6965\"><a href=\"https:\/\/www.bremer-buendnis.de\/cs\/nacisticke-bezpravi-degenerovana-hudba\/\" class=\"elementor-sub-item\" tabindex=\"-1\">Nacistick\u00e9 bezpr\u00e1v\u00ed \u201eDegenerovan\u00e1 hudba\u201c<\/a><\/li>\n<\/ul>\n<\/li>\n<\/ul>\t\t\t<\/nav>\n\t\t\t\t\t\t<\/div>\n\t\t\t\t<\/div>\n\t\t\t\t<div class=\"elementor-element elementor-element-2b0c1030 elementor-shape-square e-grid-align-right elementor-widget__width-initial elementor-widget-mobile__width-auto elementor-grid-0 elementor-widget elementor-widget-social-icons\" data-id=\"2b0c1030\" data-element_type=\"widget\" data-e-type=\"widget\" data-widget_type=\"social-icons.default\">\n\t\t\t\t<div class=\"elementor-widget-container\">\n\t\t\t\t\t\t\t<div class=\"elementor-social-icons-wrapper elementor-grid\" role=\"list\">\n\t\t\t\t\t\t\t<span class=\"elementor-grid-item\" role=\"listitem\">\n\t\t\t\t\t<a class=\"elementor-icon elementor-social-icon elementor-social-icon-facebook-f elementor-repeater-item-fac13cb\" href=\"https:\/\/www.facebook.com\/bremerbuendnis\" target=\"_blank\">\n\t\t\t\t\t\t<span class=\"elementor-screen-only\">Facebook-f<\/span>\n\t\t\t\t\t\t<i aria-hidden=\"true\" class=\"fab fa-facebook-f\"><\/i>\t\t\t\t\t<\/a>\n\t\t\t\t<\/span>\n\t\t\t\t\t\t\t<span class=\"elementor-grid-item\" role=\"listitem\">\n\t\t\t\t\t<a class=\"elementor-icon elementor-social-icon elementor-social-icon- elementor-repeater-item-12ecc50\" href=\"https:\/\/www.instagram.com\/bremerbuendnis\" target=\"_blank\">\n\t\t\t\t\t\t<span class=\"elementor-screen-only\"><\/span>\n\t\t\t\t\t\t<svg xmlns=\"http:\/\/www.w3.org\/2000\/svg\" id=\"b62454c0-0463-412a-9492-fabdb97c2bec\" data-name=\"Layer 1\" width=\"21\" height=\"21\" viewBox=\"0 0 21 21\"><path id=\"a9b4ec56-f47e-4995-bb27-f770c3d572e7\" data-name=\"Combined-Shape\" d=\"M15.9967,0A5.008,5.008,0,0,1,21,5.0033V15.9967A5.008,5.008,0,0,1,15.9967,21H5.0033A5.008,5.008,0,0,1,0,15.9967V5.0033A5.008,5.008,0,0,1,5.0033,0ZM10.5,5.04a5.46,5.46,0,1,0,5.46,5.46A5.46,5.46,0,0,0,10.5,5.04Zm0,1.68A3.78,3.78,0,1,1,6.72,10.5,3.78,3.78,0,0,1,10.5,6.72Zm6.09-3.78a1.47,1.47,0,1,0,1.47,1.47A1.47,1.47,0,0,0,16.59,2.94Z\" style=\"fill-rule:evenodd\"><\/path><\/svg>\t\t\t\t\t<\/a>\n\t\t\t\t<\/span>\n\t\t\t\t\t<\/div>\n\t\t\t\t\t\t<\/div>\n\t\t\t\t<\/div>\n\t\t\t\t<\/div>\n\t\t<div data-particle_enable=\"false\" data-particle-mobile-disabled=\"false\" class=\"elementor-element elementor-element-1377491 e-flex e-con-boxed e-con e-parent\" data-id=\"1377491\" data-element_type=\"container\" data-e-type=\"container\" data-settings=\"{&quot;background_background&quot;:&quot;classic&quot;}\">\n\t\t\t\t\t<div class=\"e-con-inner\">\n\t\t<div data-particle_enable=\"false\" data-particle-mobile-disabled=\"false\" class=\"elementor-element elementor-element-72856f9 e-con-full e-flex e-con e-child\" data-id=\"72856f9\" data-element_type=\"container\" data-e-type=\"container\">\n\t\t\t\t<div class=\"elementor-element elementor-element-a565cea elementor-widget elementor-widget-heading\" data-id=\"a565cea\" data-element_type=\"widget\" data-e-type=\"widget\" data-widget_type=\"heading.default\">\n\t\t\t\t<div class=\"elementor-widget-container\">\n\t\t\t\t\t<h2 class=\"elementor-heading-title elementor-size-default\">V\u00edtejte v<\/h2>\t\t\t\t<\/div>\n\t\t\t\t<\/div>\n\t\t\t\t<\/div>\n\t\t<div data-particle_enable=\"false\" data-particle-mobile-disabled=\"false\" class=\"elementor-element elementor-element-f49f02e e-con-full e-flex e-con e-child\" data-id=\"f49f02e\" data-element_type=\"container\" data-e-type=\"container\">\n\t\t\t\t<div class=\"elementor-element elementor-element-4a06b67 elementor-widget elementor-widget-text-editor\" data-id=\"4a06b67\" data-element_type=\"widget\" data-e-type=\"widget\" data-widget_type=\"text-editor.default\">\n\t\t\t\t<div class=\"elementor-widget-container\">\n\t\t\t\t\t\t\t\t\t<div class=\"wp-block-group is-layout-flow wp-block-group-is-layout-flow\"><div class=\"wp-block-group__inner-container\"><p class=\"has-very-dark-gray-color has-text-color\">Br\u00e9msk\u00e1 aliance pro \u010desko-n\u011bmeckou spolupr\u00e1ci byla zalo\u017eena 12. \u010dervna 2016 a je zaps\u00e1na v rejst\u0159\u00edku spolk\u016f u Okresn\u00edho soudu v Br\u00e9m\u00e1ch pod \u010d\u00edslem VR 7983 HB.<\/p><p>P\u0159edstavenstvo: Klaas Anders, Daniel Schmidt<\/p><p>\u010cestn\u00e1 p\u0159edsedkyn\u011b: Prof. Dr. Martina Winkler<\/p><\/div><\/div>\t\t\t\t\t\t\t\t<\/div>\n\t\t\t\t<\/div>\n\t\t\t\t<\/div>\n\t\t<div data-particle_enable=\"false\" data-particle-mobile-disabled=\"false\" class=\"elementor-element elementor-element-c2ae6b5 e-con-full e-flex e-con e-child\" data-id=\"c2ae6b5\" data-element_type=\"container\" data-e-type=\"container\">\n\t\t\t\t<div class=\"elementor-element elementor-element-3c65dd4 elementor-widget elementor-widget-image\" data-id=\"3c65dd4\" data-element_type=\"widget\" data-e-type=\"widget\" data-widget_type=\"image.default\">\n\t\t\t\t<div class=\"elementor-widget-container\">\n\t\t\t\t\t\t\t\t\t\t\t\t\t\t\t\t<a href=\"https:\/\/www.somachtmanfruehling.de\/\">\n\t\t\t\t\t\t\t<img decoding=\"async\" width=\"829\" height=\"828\" src=\"https:\/\/www.bremer-buendnis.de\/wp-content\/uploads\/2025\/02\/Katze9.png\" class=\"attachment-2048x2048 size-2048x2048 wp-image-5794\" alt=\"\" srcset=\"https:\/\/www.bremer-buendnis.de\/wp-content\/uploads\/2025\/02\/Katze9.png 829w, https:\/\/www.bremer-buendnis.de\/wp-content\/uploads\/2025\/02\/Katze9-300x300.png 300w, https:\/\/www.bremer-buendnis.de\/wp-content\/uploads\/2025\/02\/Katze9-150x150.png 150w, https:\/\/www.bremer-buendnis.de\/wp-content\/uploads\/2025\/02\/Katze9-768x767.png 768w, https:\/\/www.bremer-buendnis.de\/wp-content\/uploads\/2025\/02\/Katze9-100x100.png 100w\" sizes=\"100vw\" \/>\t\t\t\t\t\t\t\t<\/a>\n\t\t\t\t\t\t\t\t\t\t\t\t\t\t\t<\/div>\n\t\t\t\t<\/div>\n\t\t\t\t<\/div>\n\t\t\t\t\t<\/div>\n\t\t\t\t<\/div>\n\t\t\t\t<section data-particle_enable=\"false\" data-particle-mobile-disabled=\"false\" class=\"elementor-section elementor-top-section elementor-element elementor-element-59c1809f elementor-section-full_width elementor-section-height-default elementor-section-height-default\" data-id=\"59c1809f\" data-element_type=\"section\" data-e-type=\"section\" data-settings=\"{&quot;background_background&quot;:&quot;classic&quot;}\">\n\t\t\t\t\t\t<div class=\"elementor-container elementor-column-gap-default\">\n\t\t\t\t\t<div class=\"elementor-column elementor-col-100 elementor-top-column elementor-element elementor-element-612c8db6\" data-id=\"612c8db6\" data-element_type=\"column\" data-e-type=\"column\">\n\t\t\t<div class=\"elementor-widget-wrap elementor-element-populated\">\n\t\t\t\t\t\t<div class=\"elementor-element elementor-element-7a51c18 elementor-widget__width-initial elementor-widget elementor-widget-heading\" data-id=\"7a51c18\" data-element_type=\"widget\" data-e-type=\"widget\" data-widget_type=\"heading.default\">\n\t\t\t\t<div class=\"elementor-widget-container\">\n\t\t\t\t\t<h2 class=\"elementor-heading-title elementor-size-default\">Nejnov\u011bj\u0161\u00ed zpr\u00e1vy<\/h2>\t\t\t\t<\/div>\n\t\t\t\t<\/div>\n\t\t\t\t<div class=\"elementor-element elementor-element-4d5241a elementor-widget__width-initial elementor-widget elementor-widget-eael-post-carousel\" data-id=\"4d5241a\" data-element_type=\"widget\" data-e-type=\"widget\" data-settings=\"{&quot;items_tablet&quot;:{&quot;unit&quot;:&quot;px&quot;,&quot;size&quot;:3,&quot;sizes&quot;:[]},&quot;items_mobile&quot;:{&quot;unit&quot;:&quot;px&quot;,&quot;size&quot;:2,&quot;sizes&quot;:[]},&quot;items&quot;:{&quot;unit&quot;:&quot;px&quot;,&quot;size&quot;:3,&quot;sizes&quot;:[]}}\" data-widget_type=\"eael-post-carousel.default\">\n\t\t\t\t<div class=\"elementor-widget-container\">\n\t\t\t\t\t        <div class=\"swiper-container-wrap eael-post-grid-container eael-post-carousel-wrap eael-post-carousel-style-one swiper-container-wrap-dots-outside\" id=\"eael-post-grid-4d5241a\">\n\t\t\t            <div class=\"swiper swiper-8 eael-post-carousel eael-post-grid swiper-container-4d5241a eael-post-appender-4d5241a\" data-pagination=\".swiper-pagination-4d5241a\" data-arrow-next=\".swiper-button-next-4d5241a\" data-arrow-prev=\".swiper-button-prev-4d5241a\" data-items-mobile=\"2\" data-items-tablet=\"3\" data-items=\"3\" data-margin=\"10\" data-effect=\"slide\" data-speed=\"800\" data-autoplay=\"2420\" data-loop=\"1\" data-arrows=\"1\" data-dots=\"1\">\n                <div class=\"swiper-wrapper\">\n\t\t\t\t\t<div class=\"swiper-slide\"><article class=\"eael-grid-post eael-post-grid-column\">\n    <div class=\"eael-grid-post-holder\">\n        <div class=\"eael-grid-post-holder-inner\"><div class=\"eael-entry-media eael-entry-medianone\"><div class=\"eael-entry-overlay fade-in\"><a href=\"https:\/\/www.bremer-buendnis.de\/cs\/2026\/04\/20\/dora-kapralova-slavi-dvojnasobne-vyznamenani\/\"><\/a><\/div><div class=\"eael-entry-thumbnail eael-image-ratio\">\n                    <img decoding=\"async\" src=\"https:\/\/www.bremer-buendnis.de\/wp-content\/uploads\/2026\/03\/image-2026-01-26T180530.408.jpg\" alt=\"\">\n                <\/div><\/div><div class=\"eael-entry-wrapper\"><header class=\"eael-entry-header\"><a class=\"eael-grid-post-link\" href=\"https:\/\/www.bremer-buendnis.de\/cs\/2026\/04\/20\/dora-kapralova-slavi-dvojnasobne-vyznamenani\/\" title=\"Dora Kapr\u00e1lov\u00e1 slav\u00ed dvojn\u00e1sobn\u00e9 vyznamen\u00e1n\u00ed\"><h2 class=\"eael-entry-title\">Dora Kapr\u00e1lov\u00e1 slav\u00ed dvojn\u00e1sobn\u00e9 vyznamen\u00e1n\u00ed<\/a><\/h2><\/header><\/div><div class=\"eael-entry-content\">\n\t\t\t\t<div class=\"eael-grid-post-excerpt\"><\/div>\n\t\t\t<\/div><\/div><\/div><\/article><\/div><div class=\"swiper-slide\"><article class=\"eael-grid-post eael-post-grid-column\">\n    <div class=\"eael-grid-post-holder\">\n        <div class=\"eael-grid-post-holder-inner\"><div class=\"eael-entry-media eael-entry-medianone\"><div class=\"eael-entry-overlay fade-in\"><a href=\"https:\/\/www.bremer-buendnis.de\/cs\/2026\/04\/16\/reportaz-o-festivalu-na-radiu-praha\/\"><\/a><\/div><div class=\"eael-entry-thumbnail eael-image-ratio\">\n                    <img decoding=\"async\" src=\"https:\/\/www.bremer-buendnis.de\/wp-content\/uploads\/2026\/04\/Bildschirmfoto-2026-04-16-um-16.18.17-1024x647.png\" alt=\"\">\n                <\/div><\/div><div class=\"eael-entry-wrapper\"><header class=\"eael-entry-header\"><a class=\"eael-grid-post-link\" href=\"https:\/\/www.bremer-buendnis.de\/cs\/2026\/04\/16\/reportaz-o-festivalu-na-radiu-praha\/\" title=\"Report\u00e1\u017e o festivalu na Radiu Praha\"><h2 class=\"eael-entry-title\">Report\u00e1\u017e o festivalu na Radiu Praha<\/a><\/h2><\/header><\/div><div class=\"eael-entry-content\">\n\t\t\t\t<div class=\"eael-grid-post-excerpt\"><\/div>\n\t\t\t<\/div><\/div><\/div><\/article><\/div><div class=\"swiper-slide\"><article class=\"eael-grid-post eael-post-grid-column\">\n    <div class=\"eael-grid-post-holder\">\n        <div class=\"eael-grid-post-holder-inner\"><div class=\"eael-entry-media eael-entry-medianone\"><div class=\"eael-entry-overlay fade-in\"><a href=\"https:\/\/www.bremer-buendnis.de\/cs\/2026\/03\/09\/jak-vyrobit-jaro\/\"><\/a><\/div><div class=\"eael-entry-thumbnail eael-image-ratio\">\n                    <img decoding=\"async\" src=\"https:\/\/www.bremer-buendnis.de\/wp-content\/uploads\/2026\/02\/Header_SMMF_1680x610px-1024x372.png\" alt=\"Jak na jaro | 2026\">\n                <\/div><\/div><div class=\"eael-entry-wrapper\"><header class=\"eael-entry-header\"><a class=\"eael-grid-post-link\" href=\"https:\/\/www.bremer-buendnis.de\/cs\/2026\/03\/09\/jak-vyrobit-jaro\/\" title=\"Jak vyrobit jaro\"><h2 class=\"eael-entry-title\">Jak vyrobit jaro<\/a><\/h2><\/header><\/div><div class=\"eael-entry-content\">\n\t\t\t\t<div class=\"eael-grid-post-excerpt\"><\/div>\n\t\t\t<\/div><\/div><\/div><\/article><\/div><div class=\"swiper-slide\"><article class=\"eael-grid-post eael-post-grid-column\">\n    <div class=\"eael-grid-post-holder\">\n        <div class=\"eael-grid-post-holder-inner\"><div class=\"eael-entry-wrapper\"><header class=\"eael-entry-header\"><a class=\"eael-grid-post-link\" href=\"https:\/\/www.bremer-buendnis.de\/cs\/2025\/08\/20\/denik-n-podcast-natoceny-v-bremach-na-festivalu-so-macht-man-fruehling-2025\/\" title=\"Den\u00edk N podcast, nato\u010den\u00fd v Br\u00e9m\u00e1ch na festivalu &#8222;So macht man Fr\u00fchling&#8220; (2025)\"><h2 class=\"eael-entry-title\">Den\u00edk N podcast, nato\u010den\u00fd v Br\u00e9m\u00e1ch na festivalu &#8222;So macht man Fr\u00fchling&#8220; (2025)<\/a><\/h2><\/header><\/div><div class=\"eael-entry-content\">\n\t\t\t\t<div class=\"eael-grid-post-excerpt\"><\/div>\n\t\t\t<\/div><\/div><\/div><\/article><\/div><div class=\"swiper-slide\"><article class=\"eael-grid-post eael-post-grid-column\">\n    <div class=\"eael-grid-post-holder\">\n        <div class=\"eael-grid-post-holder-inner\"><div class=\"eael-entry-wrapper\"><header class=\"eael-entry-header\"><a class=\"eael-grid-post-link\" href=\"https:\/\/deutsch.radio.cz\/konflikte-mit-alteingesessenen-und-eine-kultkneipe-das-tschechoslowakische-exil-8859839\" title=\"&#8222;Konflikty s dlouholet\u00fdmi obyvateli a kultovn\u00ed hospoda&#8220;, Klaas Anders v rozhovoru pro Radio Prague International (2025)\"><h2 class=\"eael-entry-title\">&#8222;Konflikty s dlouholet\u00fdmi obyvateli a kultovn\u00ed hospoda&#8220;, Klaas Anders v rozhovoru pro Radio Prague International (2025)<\/a><\/h2><\/header><\/div><div class=\"eael-entry-content\">\n\t\t\t\t<div class=\"eael-grid-post-excerpt\"><\/div>\n\t\t\t<\/div><\/div><\/div><\/article><\/div>                <\/div>\n            <\/div>\n            <div class=\"clearfix\"><\/div>\n\t\t\t            <!-- Add Pagination -->\n            <div class=\"swiper-pagination swiper-pagination-4d5241a\"><\/div>\n\t\t\t\t\t            <!-- Add Arrows -->\n            <div class=\"swiper-button-next swiper-button-next-4d5241a\">\n                <i class=\"fa fa-angle-right\"><\/i>\n            <\/div>\n            <div class=\"swiper-button-prev swiper-button-prev-4d5241a\">\n                <i class=\"fa fa-angle-left\"><\/i>\n            <\/div>\n\t\t\t        <\/div>\n\t\t\t\t\t\t<\/div>\n\t\t\t\t<\/div>\n\t\t\t\t\t<\/div>\n\t\t<\/div>\n\t\t\t\t\t<\/div>\n\t\t<\/section>\n\t\t<div data-particle_enable=\"false\" data-particle-mobile-disabled=\"false\" class=\"elementor-element elementor-element-a292e68 e-flex e-con-boxed e-con e-parent\" data-id=\"a292e68\" data-element_type=\"container\" data-e-type=\"container\" data-settings=\"{&quot;background_background&quot;:&quot;classic&quot;}\">\n\t\t\t\t\t<div class=\"e-con-inner\">\n\t\t<div data-particle_enable=\"false\" data-particle-mobile-disabled=\"false\" class=\"elementor-element elementor-element-826d13b e-con-full e-flex e-con e-child\" data-id=\"826d13b\" data-element_type=\"container\" data-e-type=\"container\">\n\t\t\t\t<div class=\"elementor-element elementor-element-a0aa31d elementor-widget elementor-widget-heading\" data-id=\"a0aa31d\" data-element_type=\"widget\" data-e-type=\"widget\" data-widget_type=\"heading.default\">\n\t\t\t\t<div class=\"elementor-widget-container\">\n\t\t\t\t\t<h2 class=\"elementor-heading-title elementor-size-default\">Recenze \"Jak ud\u011blat jaro\" 2024<\/h2>\t\t\t\t<\/div>\n\t\t\t\t<\/div>\n\t\t\t\t<\/div>\n\t\t<div data-particle_enable=\"false\" data-particle-mobile-disabled=\"false\" class=\"elementor-element elementor-element-08de79d e-con-full e-flex e-con e-child\" data-id=\"08de79d\" data-element_type=\"container\" data-e-type=\"container\">\n\t\t\t\t<div class=\"elementor-element elementor-element-e6a81cb elementor-widget elementor-widget-video\" data-id=\"e6a81cb\" data-element_type=\"widget\" data-e-type=\"widget\" data-settings=\"{&quot;youtube_url&quot;:&quot;https:\\\/\\\/youtu.be\\\/YYEc7TIL4lw&quot;,&quot;video_type&quot;:&quot;youtube&quot;,&quot;controls&quot;:&quot;yes&quot;}\" data-widget_type=\"video.default\">\n\t\t\t\t<div class=\"elementor-widget-container\">\n\t\t\t\t\t\t\t<div class=\"elementor-wrapper elementor-open-inline\">\n\t\t\t<div class=\"elementor-video\"><\/div>\t\t<\/div>\n\t\t\t\t\t\t<\/div>\n\t\t\t\t<\/div>\n\t\t\t\t<\/div>\n\t\t\t\t\t<\/div>\n\t\t\t\t<\/div>\n\t\t<div data-particle_enable=\"false\" data-particle-mobile-disabled=\"false\" class=\"elementor-element elementor-element-7e0c95e e-flex e-con-boxed e-con e-parent\" data-id=\"7e0c95e\" data-element_type=\"container\" data-e-type=\"container\" data-settings=\"{&quot;background_background&quot;:&quot;classic&quot;}\">\n\t\t\t\t\t<div class=\"e-con-inner\">\n\t\t<div data-particle_enable=\"false\" data-particle-mobile-disabled=\"false\" class=\"elementor-element elementor-element-14004e7 e-con-full e-flex e-con e-child\" data-id=\"14004e7\" data-element_type=\"container\" data-e-type=\"container\">\n\t\t\t\t<div class=\"elementor-element elementor-element-6edbbc2 elementor-widget elementor-widget-heading\" data-id=\"6edbbc2\" data-element_type=\"widget\" data-e-type=\"widget\" data-widget_type=\"heading.default\">\n\t\t\t\t<div class=\"elementor-widget-container\">\n\t\t\t\t\t<h2 class=\"elementor-heading-title elementor-size-default\">O n\u00e1s<\/h2>\t\t\t\t<\/div>\n\t\t\t\t<\/div>\n\t\t\t\t<\/div>\n\t\t<div data-particle_enable=\"false\" data-particle-mobile-disabled=\"false\" class=\"elementor-element elementor-element-dee0359 e-con-full e-flex e-con e-child\" data-id=\"dee0359\" data-element_type=\"container\" data-e-type=\"container\">\n\t\t\t\t<div class=\"elementor-element elementor-element-6758ccb elementor-widget elementor-widget-image\" data-id=\"6758ccb\" data-element_type=\"widget\" data-e-type=\"widget\" data-widget_type=\"image.default\">\n\t\t\t\t<div class=\"elementor-widget-container\">\n\t\t\t\t\t\t\t\t\t\t\t\t\t\t\t<img decoding=\"async\" src=\"https:\/\/www.bremer-buendnis.de\/wp-content\/uploads\/2019\/12\/BB_Cards_01.jpg\" title=\"\" alt=\"\" loading=\"lazy\" \/>\t\t\t\t\t\t\t\t\t\t\t\t\t\t\t<\/div>\n\t\t\t\t<\/div>\n\t\t\t\t<div class=\"elementor-element elementor-element-3e5afa9 elementor-widget elementor-widget-text-editor\" data-id=\"3e5afa9\" data-element_type=\"widget\" data-e-type=\"widget\" data-widget_type=\"text-editor.default\">\n\t\t\t\t<div class=\"elementor-widget-container\">\n\t\t\t\t\t\t\t\t\t<p>Br\u00e9msk\u00e1 aliance pro \u010desko-n\u011bmeckou spolupr\u00e1ci byla zalo\u017eena v roce 2016 a sdru\u017euje z\u00e1stupce r\u016fzn\u00fdch br\u00e9msk\u00fdch instituc\u00ed (Theater Bremen, Globale\u00b0, Br\u00e9msk\u00e1 univerzita, V\u00fdzkumn\u00e9 centrum pro v\u00fdchodn\u00ed Evropu p\u0159i Br\u00e9msk\u00e9 univerzit\u011b) a soukrom\u00e9 osoby, jejich\u017e spole\u010dn\u00fdm c\u00edlem je propojen\u00ed r\u016fzn\u00fdch aktivit v oblasti kultury a v\u011bdy a podpora \u010desko-n\u011bmeck\u00e9 spolupr\u00e1ce.<\/p><p>Spojuje n\u00e1s l\u00e1ska k jazyku (a\u0165 u\u017e n\u011bmeck\u00e9mu, \u010desk\u00e9mu nebo \u00fapln\u011b jin\u00e9mu), z\u00e1jem o nov\u00e9, inovativn\u00ed formy vyjad\u0159ov\u00e1n\u00ed a touha je\u0161t\u011b v\u00edce zviditelnit \u017eivou \u010deskou kulturu v Br\u00e9m\u00e1ch.<\/p><p>Bremer B\u00fcndnis f\u00fcr deutsch-tschechische Zusammenarbeit e.V. sdru\u017euje my\u0161lenky a aktivity s c\u00edlem podporovat n\u011bmecko-\u010deskou spolupr\u00e1ci a propojovat jej\u00ed akt\u00e9ry.<\/p><p><strong>Z\u00fa\u010dastn\u011bte se! T\u011b\u0161\u00edme se na va\u0161e n\u00e1pady<\/strong>!<\/p>\t\t\t\t\t\t\t\t<\/div>\n\t\t\t\t<\/div>\n\t\t\t\t<\/div>\n\t\t\t\t\t<\/div>\n\t\t\t\t<\/div>\n\t\t<div data-particle_enable=\"false\" data-particle-mobile-disabled=\"false\" class=\"elementor-element elementor-element-dde468a e-flex e-con-boxed e-con e-parent\" data-id=\"dde468a\" data-element_type=\"container\" data-e-type=\"container\">\n\t\t\t\t\t<div class=\"e-con-inner\">\n\t\t\t\t<div class=\"elementor-element elementor-element-45ab67a elementor-widget elementor-widget-heading\" data-id=\"45ab67a\" data-element_type=\"widget\" data-e-type=\"widget\" data-widget_type=\"heading.default\">\n\t\t\t\t<div class=\"elementor-widget-container\">\n\t\t\t\t\t<h2 class=\"elementor-heading-title elementor-size-default\">Dojmy<\/h2>\t\t\t\t<\/div>\n\t\t\t\t<\/div>\n\t\t\t\t\t<\/div>\n\t\t\t\t<\/div>\n\t\t<div data-particle_enable=\"false\" data-particle-mobile-disabled=\"false\" class=\"elementor-element elementor-element-5bbf04b e-flex e-con-boxed e-con e-parent\" data-id=\"5bbf04b\" data-element_type=\"container\" data-e-type=\"container\" data-settings=\"{&quot;background_background&quot;:&quot;classic&quot;}\">\n\t\t\t\t\t<div class=\"e-con-inner\">\n\t\t<div data-particle_enable=\"false\" data-particle-mobile-disabled=\"false\" class=\"elementor-element elementor-element-f22fcb1 e-con-full e-flex e-con e-child\" data-id=\"f22fcb1\" data-element_type=\"container\" data-e-type=\"container\">\n\t\t\t\t<div class=\"elementor-element elementor-element-66c60b1 elementor-widget elementor-widget-image\" data-id=\"66c60b1\" data-element_type=\"widget\" data-e-type=\"widget\" data-widget_type=\"image.default\">\n\t\t\t\t<div class=\"elementor-widget-container\">\n\t\t\t\t\t\t\t\t\t\t\t\t\t\t\t<img decoding=\"async\" width=\"525\" height=\"350\" src=\"https:\/\/www.bremer-buendnis.de\/wp-content\/uploads\/2024\/04\/P1009370-Enhanced-NR-1-1024x682.jpg\" class=\"attachment-large size-large wp-image-5387\" alt=\"Nacistick\u00e9 bezpr\u00e1v\u00ed &quot;Degenerovan\u00e1 hudba&quot;\" srcset=\"https:\/\/www.bremer-buendnis.de\/wp-content\/uploads\/2024\/04\/P1009370-Enhanced-NR-1-1024x682.jpg 1024w, https:\/\/www.bremer-buendnis.de\/wp-content\/uploads\/2024\/04\/P1009370-Enhanced-NR-1-300x200.jpg 300w, https:\/\/www.bremer-buendnis.de\/wp-content\/uploads\/2024\/04\/P1009370-Enhanced-NR-1-768x512.jpg 768w, https:\/\/www.bremer-buendnis.de\/wp-content\/uploads\/2024\/04\/P1009370-Enhanced-NR-1-1536x1023.jpg 1536w, https:\/\/www.bremer-buendnis.de\/wp-content\/uploads\/2024\/04\/P1009370-Enhanced-NR-1.jpg 2048w\" sizes=\"100vw\" \/>\t\t\t\t\t\t\t\t\t\t\t\t\t\t\t<\/div>\n\t\t\t\t<\/div>\n\t\t\t\t<\/div>\n\t\t<div data-particle_enable=\"false\" data-particle-mobile-disabled=\"false\" class=\"elementor-element elementor-element-ff65be1 e-con-full e-flex e-con e-child\" data-id=\"ff65be1\" data-element_type=\"container\" data-e-type=\"container\">\n\t\t\t\t<div class=\"elementor-element elementor-element-b676a17 elementor-widget elementor-widget-image\" data-id=\"b676a17\" data-element_type=\"widget\" data-e-type=\"widget\" data-widget_type=\"image.default\">\n\t\t\t\t<div class=\"elementor-widget-container\">\n\t\t\t\t\t\t\t\t\t\t\t\t\t\t\t<img loading=\"lazy\" decoding=\"async\" width=\"525\" height=\"349\" src=\"https:\/\/www.bremer-buendnis.de\/wp-content\/uploads\/2022\/11\/FotoManjaHerrmann-5938-1024x681.jpg\" class=\"attachment-large size-large wp-image-4844\" alt=\"\" srcset=\"https:\/\/www.bremer-buendnis.de\/wp-content\/uploads\/2022\/11\/FotoManjaHerrmann-5938-1024x681.jpg 1024w, https:\/\/www.bremer-buendnis.de\/wp-content\/uploads\/2022\/11\/FotoManjaHerrmann-5938-300x200.jpg 300w, https:\/\/www.bremer-buendnis.de\/wp-content\/uploads\/2022\/11\/FotoManjaHerrmann-5938-768x511.jpg 768w, https:\/\/www.bremer-buendnis.de\/wp-content\/uploads\/2022\/11\/FotoManjaHerrmann-5938-1536x1022.jpg 1536w, https:\/\/www.bremer-buendnis.de\/wp-content\/uploads\/2022\/11\/FotoManjaHerrmann-5938-2048x1363.jpg 2048w\" sizes=\"100vw\" \/>\t\t\t\t\t\t\t\t\t\t\t\t\t\t\t<\/div>\n\t\t\t\t<\/div>\n\t\t\t\t<\/div>\n\t\t<div data-particle_enable=\"false\" data-particle-mobile-disabled=\"false\" class=\"elementor-element elementor-element-c4943dd e-con-full e-flex e-con e-child\" data-id=\"c4943dd\" data-element_type=\"container\" data-e-type=\"container\">\n\t\t\t\t<div class=\"elementor-element elementor-element-d06481f elementor-widget elementor-widget-image\" data-id=\"d06481f\" data-element_type=\"widget\" data-e-type=\"widget\" data-widget_type=\"image.default\">\n\t\t\t\t<div class=\"elementor-widget-container\">\n\t\t\t\t\t\t\t\t\t\t\t\t\t\t\t<img loading=\"lazy\" decoding=\"async\" width=\"525\" height=\"350\" src=\"https:\/\/www.bremer-buendnis.de\/wp-content\/uploads\/2024\/04\/P1850199-1024x683.jpg\" class=\"attachment-large size-large wp-image-5246\" alt=\"\" srcset=\"https:\/\/www.bremer-buendnis.de\/wp-content\/uploads\/2024\/04\/P1850199-1024x683.jpg 1024w, https:\/\/www.bremer-buendnis.de\/wp-content\/uploads\/2024\/04\/P1850199-300x200.jpg 300w, https:\/\/www.bremer-buendnis.de\/wp-content\/uploads\/2024\/04\/P1850199-768x512.jpg 768w, https:\/\/www.bremer-buendnis.de\/wp-content\/uploads\/2024\/04\/P1850199-1536x1024.jpg 1536w, https:\/\/www.bremer-buendnis.de\/wp-content\/uploads\/2024\/04\/P1850199.jpg 2048w\" sizes=\"100vw\" \/>\t\t\t\t\t\t\t\t\t\t\t\t\t\t\t<\/div>\n\t\t\t\t<\/div>\n\t\t\t\t<\/div>\n\t\t<div data-particle_enable=\"false\" data-particle-mobile-disabled=\"false\" class=\"elementor-element elementor-element-192e012 e-con-full e-flex e-con e-child\" data-id=\"192e012\" data-element_type=\"container\" data-e-type=\"container\">\n\t\t\t\t<div class=\"elementor-element elementor-element-8048c1a elementor-widget elementor-widget-image\" data-id=\"8048c1a\" data-element_type=\"widget\" data-e-type=\"widget\" data-widget_type=\"image.default\">\n\t\t\t\t<div class=\"elementor-widget-container\">\n\t\t\t\t\t\t\t\t\t\t\t\t\t\t\t<img loading=\"lazy\" decoding=\"async\" width=\"525\" height=\"349\" src=\"https:\/\/www.bremer-buendnis.de\/wp-content\/uploads\/2022\/11\/FotoManjaHerrmann-5893-1024x681.jpg\" class=\"attachment-large size-large wp-image-4829\" alt=\"\" srcset=\"https:\/\/www.bremer-buendnis.de\/wp-content\/uploads\/2022\/11\/FotoManjaHerrmann-5893-1024x681.jpg 1024w, https:\/\/www.bremer-buendnis.de\/wp-content\/uploads\/2022\/11\/FotoManjaHerrmann-5893-300x200.jpg 300w, https:\/\/www.bremer-buendnis.de\/wp-content\/uploads\/2022\/11\/FotoManjaHerrmann-5893-768x511.jpg 768w, https:\/\/www.bremer-buendnis.de\/wp-content\/uploads\/2022\/11\/FotoManjaHerrmann-5893-1536x1022.jpg 1536w, https:\/\/www.bremer-buendnis.de\/wp-content\/uploads\/2022\/11\/FotoManjaHerrmann-5893-2048x1363.jpg 2048w\" sizes=\"100vw\" \/>\t\t\t\t\t\t\t\t\t\t\t\t\t\t\t<\/div>\n\t\t\t\t<\/div>\n\t\t\t\t<\/div>\n\t\t<div data-particle_enable=\"false\" data-particle-mobile-disabled=\"false\" class=\"elementor-element elementor-element-ff2e17e e-con-full e-flex e-con e-child\" data-id=\"ff2e17e\" data-element_type=\"container\" data-e-type=\"container\">\n\t\t\t\t<div class=\"elementor-element elementor-element-3eae497 elementor-widget elementor-widget-image\" data-id=\"3eae497\" data-element_type=\"widget\" data-e-type=\"widget\" data-widget_type=\"image.default\">\n\t\t\t\t<div class=\"elementor-widget-container\">\n\t\t\t\t\t\t\t\t\t\t\t\t\t\t\t<img loading=\"lazy\" decoding=\"async\" width=\"525\" height=\"349\" src=\"https:\/\/www.bremer-buendnis.de\/wp-content\/uploads\/2022\/05\/Foto_Manja_Herrmann-8158-1024x681.jpg\" class=\"attachment-large size-large wp-image-4724\" alt=\"\" srcset=\"https:\/\/www.bremer-buendnis.de\/wp-content\/uploads\/2022\/05\/Foto_Manja_Herrmann-8158-1024x681.jpg 1024w, https:\/\/www.bremer-buendnis.de\/wp-content\/uploads\/2022\/05\/Foto_Manja_Herrmann-8158-300x200.jpg 300w, https:\/\/www.bremer-buendnis.de\/wp-content\/uploads\/2022\/05\/Foto_Manja_Herrmann-8158-768x511.jpg 768w, https:\/\/www.bremer-buendnis.de\/wp-content\/uploads\/2022\/05\/Foto_Manja_Herrmann-8158-1536x1022.jpg 1536w, https:\/\/www.bremer-buendnis.de\/wp-content\/uploads\/2022\/05\/Foto_Manja_Herrmann-8158-2048x1363.jpg 2048w\" sizes=\"100vw\" \/>\t\t\t\t\t\t\t\t\t\t\t\t\t\t\t<\/div>\n\t\t\t\t<\/div>\n\t\t\t\t<\/div>\n\t\t<div data-particle_enable=\"false\" data-particle-mobile-disabled=\"false\" class=\"elementor-element elementor-element-3cf9762 e-con-full e-flex e-con e-child\" data-id=\"3cf9762\" data-element_type=\"container\" data-e-type=\"container\">\n\t\t\t\t<div class=\"elementor-element elementor-element-d129c02 elementor-widget elementor-widget-image\" data-id=\"d129c02\" data-element_type=\"widget\" data-e-type=\"widget\" data-widget_type=\"image.default\">\n\t\t\t\t<div class=\"elementor-widget-container\">\n\t\t\t\t\t\t\t\t\t\t\t\t\t\t\t<img loading=\"lazy\" decoding=\"async\" width=\"525\" height=\"350\" src=\"https:\/\/www.bremer-buendnis.de\/wp-content\/uploads\/2025\/04\/P1027272-1024x682.jpg\" class=\"attachment-large size-large wp-image-6344\" alt=\"\" srcset=\"https:\/\/www.bremer-buendnis.de\/wp-content\/uploads\/2025\/04\/P1027272-1024x682.jpg 1024w, https:\/\/www.bremer-buendnis.de\/wp-content\/uploads\/2025\/04\/P1027272-300x200.jpg 300w, https:\/\/www.bremer-buendnis.de\/wp-content\/uploads\/2025\/04\/P1027272-768x512.jpg 768w, https:\/\/www.bremer-buendnis.de\/wp-content\/uploads\/2025\/04\/P1027272-1536x1023.jpg 1536w, https:\/\/www.bremer-buendnis.de\/wp-content\/uploads\/2025\/04\/P1027272-2048x1365.jpg 2048w\" sizes=\"100vw\" \/>\t\t\t\t\t\t\t\t\t\t\t\t\t\t\t<\/div>\n\t\t\t\t<\/div>\n\t\t\t\t<\/div>\n\t\t\t\t\t<\/div>\n\t\t\t\t<\/div>\n\t\t<div data-particle_enable=\"false\" data-particle-mobile-disabled=\"false\" class=\"elementor-element elementor-element-571d93a2 e-con-full e-flex e-con e-parent\" data-id=\"571d93a2\" data-element_type=\"container\" data-e-type=\"container\" data-settings=\"{&quot;background_background&quot;:&quot;classic&quot;}\">\n\t\t<div data-particle_enable=\"false\" data-particle-mobile-disabled=\"false\" class=\"elementor-element elementor-element-4a8aaad6 e-con-full e-flex e-con e-child\" data-id=\"4a8aaad6\" data-element_type=\"container\" data-e-type=\"container\">\n\t\t\t\t<div class=\"elementor-element elementor-element-7e36b958 elementor-widget__width-initial elementor-position-top elementor-widget elementor-widget-image-box\" data-id=\"7e36b958\" data-element_type=\"widget\" data-e-type=\"widget\" data-widget_type=\"image-box.default\">\n\t\t\t\t<div class=\"elementor-widget-container\">\n\t\t\t\t\t<div class=\"elementor-image-box-wrapper\"><figure class=\"elementor-image-box-img\"><a href=\"https:\/\/www.bremer-buendnis.de\/cs\/\" tabindex=\"-1\"><img loading=\"lazy\" decoding=\"async\" width=\"1113\" height=\"264\" src=\"https:\/\/www.bremer-buendnis.de\/wp-content\/uploads\/2025\/01\/BB__Logo-cropped_black-e1737381340453.png\" class=\"attachment-full size-full wp-image-5744\" alt=\"\" srcset=\"https:\/\/www.bremer-buendnis.de\/wp-content\/uploads\/2025\/01\/BB__Logo-cropped_black-e1737381340453.png 1113w, https:\/\/www.bremer-buendnis.de\/wp-content\/uploads\/2025\/01\/BB__Logo-cropped_black-e1737381340453-300x71.png 300w, https:\/\/www.bremer-buendnis.de\/wp-content\/uploads\/2025\/01\/BB__Logo-cropped_black-e1737381340453-1024x243.png 1024w, https:\/\/www.bremer-buendnis.de\/wp-content\/uploads\/2025\/01\/BB__Logo-cropped_black-e1737381340453-768x182.png 768w\" sizes=\"(max-width: 706px) 89vw, (max-width: 767px) 82vw, 740px\" \/><\/a><\/figure><div class=\"elementor-image-box-content\"><p class=\"elementor-image-box-description\">Br\u00e9msk\u00e1 aliance pro \u010desko-n\u011bmeckou spolupr\u00e1ci e.V.<\/p><\/div><\/div>\t\t\t\t<\/div>\n\t\t\t\t<\/div>\n\t\t\t\t<div class=\"elementor-element elementor-element-76c188d2 e-grid-align-left elementor-shape-rounded elementor-grid-0 elementor-widget elementor-widget-social-icons\" data-id=\"76c188d2\" data-element_type=\"widget\" data-e-type=\"widget\" data-widget_type=\"social-icons.default\">\n\t\t\t\t<div class=\"elementor-widget-container\">\n\t\t\t\t\t\t\t<div class=\"elementor-social-icons-wrapper elementor-grid\" role=\"list\">\n\t\t\t\t\t\t\t<span class=\"elementor-grid-item\" role=\"listitem\">\n\t\t\t\t\t<a class=\"elementor-icon elementor-social-icon elementor-social-icon-envelope elementor-repeater-item-1550cb6\" href=\"mailto:office@bremer-buendnis.de\" target=\"_blank\">\n\t\t\t\t\t\t<span class=\"elementor-screen-only\">Envelope<\/span>\n\t\t\t\t\t\t<i aria-hidden=\"true\" class=\"fas fa-envelope\"><\/i>\t\t\t\t\t<\/a>\n\t\t\t\t<\/span>\n\t\t\t\t\t\t\t<span class=\"elementor-grid-item\" role=\"listitem\">\n\t\t\t\t\t<a class=\"elementor-icon elementor-social-icon elementor-social-icon-facebook-f elementor-repeater-item-3f1b7ac\" href=\"https:\/\/www.facebook.com\/bremerbuendnis\" target=\"_blank\">\n\t\t\t\t\t\t<span class=\"elementor-screen-only\">Facebook-f<\/span>\n\t\t\t\t\t\t<i aria-hidden=\"true\" class=\"fab fa-facebook-f\"><\/i>\t\t\t\t\t<\/a>\n\t\t\t\t<\/span>\n\t\t\t\t\t\t\t<span class=\"elementor-grid-item\" role=\"listitem\">\n\t\t\t\t\t<a class=\"elementor-icon elementor-social-icon elementor-social-icon- elementor-repeater-item-5c0ce3c\" href=\"https:\/\/www.instagram.com\/bremerbuendnis\" target=\"_blank\">\n\t\t\t\t\t\t<span class=\"elementor-screen-only\"><\/span>\n\t\t\t\t\t\t<svg xmlns=\"http:\/\/www.w3.org\/2000\/svg\" id=\"aaf4d88f-6908-42b9-b3d6-5d6a3ec06a43\" data-name=\"Layer 1\" width=\"27\" height=\"26\" viewBox=\"0 0 27 26\"><path d=\"M26.9922,13.12c0-1.952.0071-3.904-.0054-5.856a7.4912,7.4912,0,0,0-.12-1.3338,6.9762,6.9762,0,0,0-2.4989-4.1911,7.3149,7.3149,0,0,0-4.73-1.7279c-4.031-.02-8.0623-.0061-12.0935-.0071a7.347,7.347,0,0,0-3.6653.907,6.9367,6.9367,0,0,0-3.85,6.2265C-.025,11.0332.0121,14.93.0169,18.8272a6.5069,6.5069,0,0,0,.8908,3.3475A7.2785,7.2785,0,0,0,7.419,25.9708c4.0565.0558,8.1145.0148,12.1719.0131a7.6378,7.6378,0,0,0,4.9015-1.8408,6.9218,6.9218,0,0,0,2.4928-5.276C27.0143,16.9517,26.9915,15.0354,26.9922,13.12ZM13.4174,20.21a7.3625,7.3625,0,0,1-7.4061-7.2182,7.3505,7.3505,0,0,1,7.4992-7.2115,7.3516,7.3516,0,0,1,7.4852,7.2146A7.37,7.37,0,0,1,13.4174,20.21ZM22.4962,5.7791a1.48,1.48,0,0,1-1.5005-1.4476,1.5014,1.5014,0,0,1,3-.0009A1.481,1.481,0,0,1,22.4962,5.7791Z\" transform=\"translate(0 0)\" style=\"fill-rule:evenodd\"><\/path><path d=\"M13.4969,8.3571a4.7331,4.7331,0,0,0-4.8183,4.6445,4.74,4.74,0,0,0,4.8241,4.6413,4.74,4.74,0,0,0,4.8187-4.6466A4.7342,4.7342,0,0,0,13.4969,8.3571Z\" transform=\"translate(0 0)\" style=\"fill-rule:evenodd\"><\/path><\/svg>\t\t\t\t\t<\/a>\n\t\t\t\t<\/span>\n\t\t\t\t\t<\/div>\n\t\t\t\t\t\t<\/div>\n\t\t\t\t<\/div>\n\t\t\t\t<\/div>\n\t\t<div data-particle_enable=\"false\" data-particle-mobile-disabled=\"false\" class=\"elementor-element elementor-element-3eff5155 e-con-full e-flex e-con e-child\" data-id=\"3eff5155\" data-element_type=\"container\" data-e-type=\"container\">\n\t\t\t\t<div class=\"elementor-element elementor-element-71b8dccc elementor-widget elementor-widget-heading\" data-id=\"71b8dccc\" data-element_type=\"widget\" data-e-type=\"widget\" data-widget_type=\"heading.default\">\n\t\t\t\t<div class=\"elementor-widget-container\">\n\t\t\t\t\t<h6 class=\"elementor-heading-title elementor-size-default\">Kontaktujte n\u00e1s<\/h6>\t\t\t\t<\/div>\n\t\t\t\t<\/div>\n\t\t\t\t<div class=\"elementor-element elementor-element-6a29adfa elementor-widget elementor-widget-text-editor\" data-id=\"6a29adfa\" data-element_type=\"widget\" data-e-type=\"widget\" data-widget_type=\"text-editor.default\">\n\t\t\t\t<div class=\"elementor-widget-container\">\n\t\t\t\t\t\t\t\t\t<p>Am Schwarzen Meer 119<br>28205 Br\u00e9my<\/p>\t\t\t\t\t\t\t\t<\/div>\n\t\t\t\t<\/div>\n\t\t\t\t<div class=\"elementor-element elementor-element-3f8e4dc5 elementor-icon-list--layout-traditional elementor-list-item-link-full_width elementor-widget elementor-widget-icon-list\" data-id=\"3f8e4dc5\" data-element_type=\"widget\" data-e-type=\"widget\" data-widget_type=\"icon-list.default\">\n\t\t\t\t<div class=\"elementor-widget-container\">\n\t\t\t\t\t\t\t<ul class=\"elementor-icon-list-items\">\n\t\t\t\t\t\t\t<li class=\"elementor-icon-list-item\">\n\t\t\t\t\t\t\t\t\t\t\t<a href=\"mailto:office@bremer-buendnis.de\">\n\n\t\t\t\t\t\t\t\t\t\t\t<span class=\"elementor-icon-list-text\">E-mail: office@bremer-buendnis.de<\/span>\n\t\t\t\t\t\t\t\t\t\t\t<\/a>\n\t\t\t\t\t\t\t\t\t<\/li>\n\t\t\t\t\t\t<\/ul>\n\t\t\t\t\t\t<\/div>\n\t\t\t\t<\/div>\n\t\t\t\t<\/div>\n\t\t<div data-particle_enable=\"false\" data-particle-mobile-disabled=\"false\" class=\"elementor-element elementor-element-6c7de0b0 e-con-full e-flex e-con e-child\" data-id=\"6c7de0b0\" data-element_type=\"container\" data-e-type=\"container\">\n\t\t\t\t<div class=\"elementor-element elementor-element-58bbda7c elementor-widget elementor-widget-heading\" data-id=\"58bbda7c\" data-element_type=\"widget\" data-e-type=\"widget\" data-widget_type=\"heading.default\">\n\t\t\t\t<div class=\"elementor-widget-container\">\n\t\t\t\t\t<h6 class=\"elementor-heading-title elementor-size-default\">Vyhled\u00e1v\u00e1n\u00ed<\/h6>\t\t\t\t<\/div>\n\t\t\t\t<\/div>\n\t\t\t\t<div class=\"elementor-element elementor-element-188f6d9 elementor-widget elementor-widget-search\" data-id=\"188f6d9\" data-element_type=\"widget\" data-e-type=\"widget\" data-settings=\"{&quot;submit_trigger&quot;:&quot;click_submit&quot;,&quot;pagination_type_options&quot;:&quot;none&quot;}\" data-widget_type=\"search.default\">\n\t\t\t\t<div class=\"elementor-widget-container\">\n\t\t\t\t\t\t\t<search class=\"e-search hidden\" role=\"search\">\n\t\t\t<form class=\"e-search-form\" action=\"https:\/\/www.bremer-buendnis.de\/cs\/\" method=\"get\">\n\n\t\t\t\t\n\t\t\t\t<label class=\"e-search-label\" for=\"search-188f6d9\">\n\t\t\t\t\t<span class=\"elementor-screen-only\">\n\t\t\t\t\t\tSearch\t\t\t\t\t<\/span>\n\t\t\t\t\t\t\t\t\t<\/label>\n\n\t\t\t\t<div class=\"e-search-input-wrapper\">\n\t\t\t\t\t<input id=\"search-188f6d9\" placeholder=\"Vyhled\u00e1v\u00e1n\u00ed...\" class=\"e-search-input\" type=\"search\" name=\"s\" value=\"\" autocomplete=\"off\" role=\"combobox\" aria-autocomplete=\"list\" aria-expanded=\"false\" aria-controls=\"results-188f6d9\" aria-haspopup=\"listbox\">\n\t\t\t\t\t<i aria-hidden=\"true\" class=\"fas fa-times\"><\/i>\t\t\t\t\t\t\t\t\t\t<output id=\"results-188f6d9\" class=\"e-search-results-container hide-loader\" aria-live=\"polite\" aria-atomic=\"true\" aria-label=\"Results for search\" tabindex=\"0\">\n\t\t\t\t\t\t<div class=\"e-search-results\"><\/div>\n\t\t\t\t\t\t\t\t\t\t\t<\/output>\n\t\t\t\t\t\t\t\t\t<\/div>\n\t\t\t\t\n\t\t\t\t\n\t\t\t\t<button class=\"e-search-submit  \" type=\"submit\" aria-label=\"Search\">\n\t\t\t\t\t<i aria-hidden=\"true\" class=\"fas fa-search\"><\/i>\n\t\t\t\t\t\t\t\t\t<\/button>\n\t\t\t\t<input type=\"hidden\" name=\"e_search_props\" value=\"188f6d9-6751\">\n\t\t\t<\/form>\n\t\t<\/search>\n\t\t\t\t\t\t<\/div>\n\t\t\t\t<\/div>\n\t\t\t\t<\/div>\n\t\t<div data-particle_enable=\"false\" data-particle-mobile-disabled=\"false\" class=\"elementor-element elementor-element-308c165e e-con-full e-flex e-con e-child\" data-id=\"308c165e\" data-element_type=\"container\" data-e-type=\"container\">\n\t\t\t\t<div class=\"elementor-element elementor-element-3a941113 elementor-widget elementor-widget-heading\" data-id=\"3a941113\" data-element_type=\"widget\" data-e-type=\"widget\" data-widget_type=\"heading.default\">\n\t\t\t\t<div class=\"elementor-widget-container\">\n\t\t\t\t\t<h6 class=\"elementor-heading-title elementor-size-default\">Pr\u00e1vn\u00ed z\u00e1le\u017eitosti<\/h6>\t\t\t\t<\/div>\n\t\t\t\t<\/div>\n\t\t\t\t<\/div>\n\t\t\t\t<\/div>\n\t\t<div data-particle_enable=\"false\" data-particle-mobile-disabled=\"false\" class=\"elementor-element elementor-element-11e8e9a6 e-flex e-con-boxed e-con e-parent\" data-id=\"11e8e9a6\" data-element_type=\"container\" data-e-type=\"container\" data-settings=\"{&quot;background_background&quot;:&quot;classic&quot;}\">\n\t\t\t\t\t<div class=\"e-con-inner\">\n\t\t\t\t<div class=\"elementor-element elementor-element-13136bc9 elementor-widget elementor-widget-heading\" data-id=\"13136bc9\" data-element_type=\"widget\" data-e-type=\"widget\" data-widget_type=\"heading.default\">\n\t\t\t\t<div class=\"elementor-widget-container\">\n\t\t\t\t\t<p class=\"elementor-heading-title elementor-size-default\">\u00a9 Bremer B\u00fcndnis e.V. | 2024-2026  | V\u0161echna pr\u00e1va vyhrazena.  <\/p>\t\t\t\t<\/div>\n\t\t\t\t<\/div>\n\t\t\t\t\t<\/div>\n\t\t\t\t<\/div>\n\t\t\t\t<\/div>\n\t\t","protected":false},"excerpt":{"rendered":"<p>Facebook-f V\u00edtejte v Br\u00e9msk\u00e1 aliance pro \u010desko-n\u011bmeckou spolupr\u00e1ci byla zalo\u017eena 12. \u010dervna 2016 a je zaps\u00e1na v rejst\u0159\u00edku spolk\u016f u Okresn\u00edho soudu v Br\u00e9m\u00e1ch pod \u010d\u00edslem VR 7983 HB. P\u0159edstavenstvo: Klaas Anders, Daniel Schmidt \u010cestn\u00e1 p\u0159edsedkyn\u011b: Prof. Dr. Martina Winkler Nejnov\u011bj\u0161\u00ed zpr\u00e1vy 29.10. Grau, kalt und rechts? Wie reden wir \u00fcber \u201eOstdeutschland\u201c? 17.00 Uhr Tipp: &hellip; <\/p>\n<p class=\"link-more\"><a href=\"https:\/\/deutsch.radio.cz\/konflikte-mit-alteingesessenen-und-eine-kultkneipe-das-tschechoslowakische-exil-8859839\" class=\"more-link\">Pokra\u010dovat ve \u010dten\u00ed<span class=\"screen-reader-text\"> &#8222;&#8222;Konflikty s dlouholet\u00fdmi obyvateli a kultovn\u00ed hospoda&#8220;, Klaas Anders v rozhovoru pro Radio Prague International (2025)&#8220;<\/span><\/a><\/p>\n","protected":false},"author":3,"featured_media":0,"parent":0,"menu_order":0,"comment_status":"closed","ping_status":"closed","template":"elementor_canvas","meta":{"footnotes":"","_links_to":"","_links_to_target":""},"class_list":["post-6751","page","type-page","status-publish","hentry"],"yoast_head":"<!-- This site is optimized with the Yoast SEO plugin v27.2 - https:\/\/yoast.com\/product\/yoast-seo-wordpress\/ -->\n<title>Domovsk\u00e1 str\u00e1nka - Bremer B\u00fcndnis f\u00fcr deutsch-tschechische Zusammenarbeit<\/title>\n<meta name=\"robots\" content=\"index, follow, max-snippet:-1, max-image-preview:large, max-video-preview:-1\" \/>\n<link rel=\"canonical\" href=\"https:\/\/www.bremer-buendnis.de\/cs\/\" \/>\n<meta property=\"og:locale\" content=\"cs_CZ\" \/>\n<meta property=\"og:type\" content=\"article\" \/>\n<meta property=\"og:title\" content=\"Domovsk\u00e1 str\u00e1nka - Bremer B\u00fcndnis f\u00fcr deutsch-tschechische Zusammenarbeit\" \/>\n<meta property=\"og:description\" content=\"Facebook-f V\u00edtejte v Br\u00e9msk\u00e1 aliance pro \u010desko-n\u011bmeckou spolupr\u00e1ci byla zalo\u017eena 12. \u010dervna 2016 a je zaps\u00e1na v rejst\u0159\u00edku spolk\u016f u Okresn\u00edho soudu v Br\u00e9m\u00e1ch pod \u010d\u00edslem VR 7983 HB. P\u0159edstavenstvo: Klaas Anders, Daniel Schmidt \u010cestn\u00e1 p\u0159edsedkyn\u011b: Prof. Dr. Martina Winkler Nejnov\u011bj\u0161\u00ed zpr\u00e1vy 29.10. Grau, kalt und rechts? Wie reden wir \u00fcber \u201eOstdeutschland\u201c? 17.00 Uhr Tipp: &hellip; Pokra\u010dovat ve \u010dten\u00ed &quot;&#8222;Konflikty s dlouholet\u00fdmi obyvateli a kultovn\u00ed hospoda&#8220;, Klaas Anders v rozhovoru pro Radio Prague International (2025)&quot;\" \/>\n<meta property=\"og:url\" content=\"https:\/\/www.bremer-buendnis.de\/cs\/\" \/>\n<meta property=\"og:site_name\" content=\"Bremer B\u00fcndnis f\u00fcr deutsch-tschechische Zusammenarbeit\" \/>\n<meta property=\"article:modified_time\" content=\"2025-08-13T08:30:12+00:00\" \/>\n<meta property=\"og:image\" content=\"https:\/\/www.bremer-buendnis.de\/wp-content\/uploads\/2024\/02\/BB__Logo-short_black.png\" \/>\n\t<meta property=\"og:image:width\" content=\"1455\" \/>\n\t<meta property=\"og:image:height\" content=\"591\" \/>\n\t<meta property=\"og:image:type\" content=\"image\/png\" \/>\n<meta name=\"twitter:card\" content=\"summary_large_image\" \/>\n<meta name=\"twitter:label1\" content=\"Odhadovan\u00e1 doba \u010dten\u00ed\" \/>\n\t<meta name=\"twitter:data1\" content=\"2 minuty\" \/>\n<script type=\"application\/ld+json\" class=\"yoast-schema-graph\">{\"@context\":\"https:\/\/schema.org\",\"@graph\":[{\"@type\":\"WebPage\",\"@id\":\"https:\/\/www.bremer-buendnis.de\/cs\/\",\"url\":\"https:\/\/www.bremer-buendnis.de\/cs\/\",\"name\":\"Domovsk\u00e1 str\u00e1nka - Bremer B\u00fcndnis f\u00fcr deutsch-tschechische Zusammenarbeit\",\"isPartOf\":{\"@id\":\"https:\/\/www.bremer-buendnis.de\/cs\/#website\"},\"primaryImageOfPage\":{\"@id\":\"https:\/\/www.bremer-buendnis.de\/cs\/#primaryimage\"},\"image\":{\"@id\":\"https:\/\/www.bremer-buendnis.de\/cs\/#primaryimage\"},\"thumbnailUrl\":\"https:\/\/www.bremer-buendnis.de\/wp-content\/uploads\/2024\/02\/BB__Logo-short_black.png\",\"datePublished\":\"2025-01-20T09:02:27+00:00\",\"dateModified\":\"2025-08-13T08:30:12+00:00\",\"breadcrumb\":{\"@id\":\"https:\/\/www.bremer-buendnis.de\/cs\/#breadcrumb\"},\"inLanguage\":\"cs\",\"potentialAction\":[{\"@type\":\"ReadAction\",\"target\":[\"https:\/\/www.bremer-buendnis.de\/cs\/\"]}]},{\"@type\":\"ImageObject\",\"inLanguage\":\"cs\",\"@id\":\"https:\/\/www.bremer-buendnis.de\/cs\/#primaryimage\",\"url\":\"https:\/\/www.bremer-buendnis.de\/wp-content\/uploads\/2024\/02\/BB__Logo-short_black.png\",\"contentUrl\":\"https:\/\/www.bremer-buendnis.de\/wp-content\/uploads\/2024\/02\/BB__Logo-short_black.png\"},{\"@type\":\"BreadcrumbList\",\"@id\":\"https:\/\/www.bremer-buendnis.de\/cs\/#breadcrumb\",\"itemListElement\":[{\"@type\":\"ListItem\",\"position\":1,\"name\":\"Startseite\",\"item\":\"https:\/\/www.bremer-buendnis.de\/cs\/domovska-stranka\/\"},{\"@type\":\"ListItem\",\"position\":2,\"name\":\"Domovsk\u00e1 str\u00e1nka\"}]},{\"@type\":\"WebSite\",\"@id\":\"https:\/\/www.bremer-buendnis.de\/cs\/#website\",\"url\":\"https:\/\/www.bremer-buendnis.de\/cs\/\",\"name\":\"Bremer B\u00fcndnis f\u00fcr deutsch-tschechische Zusammenarbeit\",\"description\":\"Das Bremer B\u00fcndnis f\u00fcr deutsch-tschechische Zusammenarbeit e.V. b\u00fcndelt Ideen und Aktivit\u00e4ten mit dem Ziel, die deutsch-tschechische Zusammenarbeit zu f\u00f6rdern und deren Akteure zu vernetzen.\",\"publisher\":{\"@id\":\"https:\/\/www.bremer-buendnis.de\/cs\/#organization\"},\"potentialAction\":[{\"@type\":\"SearchAction\",\"target\":{\"@type\":\"EntryPoint\",\"urlTemplate\":\"https:\/\/www.bremer-buendnis.de\/cs\/?s={search_term_string}\"},\"query-input\":{\"@type\":\"PropertyValueSpecification\",\"valueRequired\":true,\"valueName\":\"search_term_string\"}}],\"inLanguage\":\"cs\"},{\"@type\":\"Organization\",\"@id\":\"https:\/\/www.bremer-buendnis.de\/cs\/#organization\",\"name\":\"Bremer B\u00fcndnis f\u00fcr deutsch-tschechische Zusammenarbeit\",\"url\":\"https:\/\/www.bremer-buendnis.de\/cs\/\",\"logo\":{\"@type\":\"ImageObject\",\"inLanguage\":\"cs\",\"@id\":\"https:\/\/www.bremer-buendnis.de\/cs\/#\/schema\/logo\/image\/\",\"url\":\"https:\/\/www.bremer-buendnis.de\/wp-content\/uploads\/2019\/12\/cropped-BB_Logo-long_white-1.png\",\"contentUrl\":\"https:\/\/www.bremer-buendnis.de\/wp-content\/uploads\/2019\/12\/cropped-BB_Logo-long_white-1.png\",\"width\":691,\"height\":250,\"caption\":\"Bremer B\u00fcndnis f\u00fcr deutsch-tschechische Zusammenarbeit\"},\"image\":{\"@id\":\"https:\/\/www.bremer-buendnis.de\/cs\/#\/schema\/logo\/image\/\"}}]}<\/script>\n<!-- \/ Yoast SEO plugin. -->","yoast_head_json":{"title":"Domovsk\u00e1 str\u00e1nka - Bremer B\u00fcndnis f\u00fcr deutsch-tschechische Zusammenarbeit","robots":{"index":"index","follow":"follow","max-snippet":"max-snippet:-1","max-image-preview":"max-image-preview:large","max-video-preview":"max-video-preview:-1"},"canonical":"https:\/\/www.bremer-buendnis.de\/cs\/","og_locale":"cs_CZ","og_type":"article","og_title":"Domovsk\u00e1 str\u00e1nka - Bremer B\u00fcndnis f\u00fcr deutsch-tschechische Zusammenarbeit","og_description":"Facebook-f V\u00edtejte v Br\u00e9msk\u00e1 aliance pro \u010desko-n\u011bmeckou spolupr\u00e1ci byla zalo\u017eena 12. \u010dervna 2016 a je zaps\u00e1na v rejst\u0159\u00edku spolk\u016f u Okresn\u00edho soudu v Br\u00e9m\u00e1ch pod \u010d\u00edslem VR 7983 HB. P\u0159edstavenstvo: Klaas Anders, Daniel Schmidt \u010cestn\u00e1 p\u0159edsedkyn\u011b: Prof. Dr. Martina Winkler Nejnov\u011bj\u0161\u00ed zpr\u00e1vy 29.10. Grau, kalt und rechts? Wie reden wir \u00fcber \u201eOstdeutschland\u201c? 17.00 Uhr Tipp: &hellip; Pokra\u010dovat ve \u010dten\u00ed \"&#8222;Konflikty s dlouholet\u00fdmi obyvateli a kultovn\u00ed hospoda&#8220;, Klaas Anders v rozhovoru pro Radio Prague International (2025)\"","og_url":"https:\/\/www.bremer-buendnis.de\/cs\/","og_site_name":"Bremer B\u00fcndnis f\u00fcr deutsch-tschechische Zusammenarbeit","article_modified_time":"2025-08-13T08:30:12+00:00","og_image":[{"width":1455,"height":591,"url":"https:\/\/www.bremer-buendnis.de\/wp-content\/uploads\/2024\/02\/BB__Logo-short_black.png","type":"image\/png"}],"twitter_card":"summary_large_image","twitter_misc":{"Odhadovan\u00e1 doba \u010dten\u00ed":"2 minuty"},"schema":{"@context":"https:\/\/schema.org","@graph":[{"@type":"WebPage","@id":"https:\/\/www.bremer-buendnis.de\/cs\/","url":"https:\/\/www.bremer-buendnis.de\/cs\/","name":"Domovsk\u00e1 str\u00e1nka - Bremer B\u00fcndnis f\u00fcr deutsch-tschechische Zusammenarbeit","isPartOf":{"@id":"https:\/\/www.bremer-buendnis.de\/cs\/#website"},"primaryImageOfPage":{"@id":"https:\/\/www.bremer-buendnis.de\/cs\/#primaryimage"},"image":{"@id":"https:\/\/www.bremer-buendnis.de\/cs\/#primaryimage"},"thumbnailUrl":"https:\/\/www.bremer-buendnis.de\/wp-content\/uploads\/2024\/02\/BB__Logo-short_black.png","datePublished":"2025-01-20T09:02:27+00:00","dateModified":"2025-08-13T08:30:12+00:00","breadcrumb":{"@id":"https:\/\/www.bremer-buendnis.de\/cs\/#breadcrumb"},"inLanguage":"cs","potentialAction":[{"@type":"ReadAction","target":["https:\/\/www.bremer-buendnis.de\/cs\/"]}]},{"@type":"ImageObject","inLanguage":"cs","@id":"https:\/\/www.bremer-buendnis.de\/cs\/#primaryimage","url":"https:\/\/www.bremer-buendnis.de\/wp-content\/uploads\/2024\/02\/BB__Logo-short_black.png","contentUrl":"https:\/\/www.bremer-buendnis.de\/wp-content\/uploads\/2024\/02\/BB__Logo-short_black.png"},{"@type":"BreadcrumbList","@id":"https:\/\/www.bremer-buendnis.de\/cs\/#breadcrumb","itemListElement":[{"@type":"ListItem","position":1,"name":"Startseite","item":"https:\/\/www.bremer-buendnis.de\/cs\/domovska-stranka\/"},{"@type":"ListItem","position":2,"name":"Domovsk\u00e1 str\u00e1nka"}]},{"@type":"WebSite","@id":"https:\/\/www.bremer-buendnis.de\/cs\/#website","url":"https:\/\/www.bremer-buendnis.de\/cs\/","name":"Bremer B\u00fcndnis f\u00fcr deutsch-tschechische Zusammenarbeit","description":"Das Bremer B\u00fcndnis f\u00fcr deutsch-tschechische Zusammenarbeit e.V. b\u00fcndelt Ideen und Aktivit\u00e4ten mit dem Ziel, die deutsch-tschechische Zusammenarbeit zu f\u00f6rdern und deren Akteure zu vernetzen.","publisher":{"@id":"https:\/\/www.bremer-buendnis.de\/cs\/#organization"},"potentialAction":[{"@type":"SearchAction","target":{"@type":"EntryPoint","urlTemplate":"https:\/\/www.bremer-buendnis.de\/cs\/?s={search_term_string}"},"query-input":{"@type":"PropertyValueSpecification","valueRequired":true,"valueName":"search_term_string"}}],"inLanguage":"cs"},{"@type":"Organization","@id":"https:\/\/www.bremer-buendnis.de\/cs\/#organization","name":"Bremer B\u00fcndnis f\u00fcr deutsch-tschechische Zusammenarbeit","url":"https:\/\/www.bremer-buendnis.de\/cs\/","logo":{"@type":"ImageObject","inLanguage":"cs","@id":"https:\/\/www.bremer-buendnis.de\/cs\/#\/schema\/logo\/image\/","url":"https:\/\/www.bremer-buendnis.de\/wp-content\/uploads\/2019\/12\/cropped-BB_Logo-long_white-1.png","contentUrl":"https:\/\/www.bremer-buendnis.de\/wp-content\/uploads\/2019\/12\/cropped-BB_Logo-long_white-1.png","width":691,"height":250,"caption":"Bremer B\u00fcndnis f\u00fcr deutsch-tschechische Zusammenarbeit"},"image":{"@id":"https:\/\/www.bremer-buendnis.de\/cs\/#\/schema\/logo\/image\/"}}]}},"_links":{"self":[{"href":"https:\/\/www.bremer-buendnis.de\/cs\/wp-json\/wp\/v2\/pages\/6751","targetHints":{"allow":["GET"]}}],"collection":[{"href":"https:\/\/www.bremer-buendnis.de\/cs\/wp-json\/wp\/v2\/pages"}],"about":[{"href":"https:\/\/www.bremer-buendnis.de\/cs\/wp-json\/wp\/v2\/types\/page"}],"author":[{"embeddable":true,"href":"https:\/\/www.bremer-buendnis.de\/cs\/wp-json\/wp\/v2\/users\/3"}],"replies":[{"embeddable":true,"href":"https:\/\/www.bremer-buendnis.de\/cs\/wp-json\/wp\/v2\/comments?post=6751"}],"version-history":[{"count":3,"href":"https:\/\/www.bremer-buendnis.de\/cs\/wp-json\/wp\/v2\/pages\/6751\/revisions"}],"predecessor-version":[{"id":6758,"href":"https:\/\/www.bremer-buendnis.de\/cs\/wp-json\/wp\/v2\/pages\/6751\/revisions\/6758"}],"wp:attachment":[{"href":"https:\/\/www.bremer-buendnis.de\/cs\/wp-json\/wp\/v2\/media?parent=6751"}],"curies":[{"name":"wp","href":"https:\/\/api.w.org\/{rel}","templated":true}]}}