{"id":6039,"date":"2021-11-11T00:06:12","date_gmt":"2021-11-10T23:06:12","guid":{"rendered":"https:\/\/www.bremer-buendnis.de\/gdr-and-frg\/"},"modified":"2025-02-19T16:54:38","modified_gmt":"2025-02-19T15:54:38","slug":"gdr-and-frg","status":"publish","type":"page","link":"https:\/\/www.bremer-buendnis.de\/en\/gdr-and-frg\/","title":{"rendered":"GDR and FRG"},"content":{"rendered":"\t\t<div data-elementor-type=\"wp-page\" data-elementor-id=\"6039\" class=\"elementor elementor-6039 elementor-806\" data-elementor-post-type=\"page\">\n\t\t\t\t\t\t<section data-particle_enable=\"false\" data-particle-mobile-disabled=\"false\" class=\"elementor-section elementor-top-section elementor-element elementor-element-5ee2531f elementor-section-full_width elementor-section-height-default elementor-section-height-default\" data-id=\"5ee2531f\" data-element_type=\"section\" data-e-type=\"section\" data-settings=\"{&quot;background_background&quot;:&quot;classic&quot;}\">\n\t\t\t\t\t\t<div class=\"elementor-container elementor-column-gap-default\">\n\t\t\t\t\t<div class=\"elementor-column elementor-col-33 elementor-top-column elementor-element elementor-element-799ad57\" data-id=\"799ad57\" data-element_type=\"column\" data-e-type=\"column\">\n\t\t\t<div class=\"elementor-widget-wrap\">\n\t\t\t\t\t\t\t<\/div>\n\t\t<\/div>\n\t\t\t\t<div class=\"elementor-column elementor-col-33 elementor-top-column elementor-element elementor-element-5f9c6b94\" data-id=\"5f9c6b94\" data-element_type=\"column\" data-e-type=\"column\">\n\t\t\t<div class=\"elementor-widget-wrap elementor-element-populated\">\n\t\t\t\t\t\t<div class=\"elementor-element elementor-element-1a19896c elementor-widget elementor-widget-image\" data-id=\"1a19896c\" data-element_type=\"widget\" data-e-type=\"widget\" data-widget_type=\"image.default\">\n\t\t\t\t<div class=\"elementor-widget-container\">\n\t\t\t\t\t\t\t\t\t\t\t\t\t\t\t<img fetchpriority=\"high\" decoding=\"async\" width=\"525\" height=\"204\" src=\"https:\/\/www.bremer-buendnis.de\/wp-content\/uploads\/2019\/12\/BB_Logo-long_white-e1575902266916-1024x397.png\" class=\"attachment-large size-large wp-image-4125\" alt=\"\" srcset=\"https:\/\/www.bremer-buendnis.de\/wp-content\/uploads\/2019\/12\/BB_Logo-long_white-e1575902266916-1024x397.png 1024w, https:\/\/www.bremer-buendnis.de\/wp-content\/uploads\/2019\/12\/BB_Logo-long_white-e1575902266916-300x116.png 300w, https:\/\/www.bremer-buendnis.de\/wp-content\/uploads\/2019\/12\/BB_Logo-long_white-e1575902266916-768x298.png 768w, https:\/\/www.bremer-buendnis.de\/wp-content\/uploads\/2019\/12\/BB_Logo-long_white-e1575902266916-1536x596.png 1536w, https:\/\/www.bremer-buendnis.de\/wp-content\/uploads\/2019\/12\/BB_Logo-long_white-e1575902266916.png 1840w\" sizes=\"100vw\" \/>\t\t\t\t\t\t\t\t\t\t\t\t\t\t\t<\/div>\n\t\t\t\t<\/div>\n\t\t\t\t\t<\/div>\n\t\t<\/div>\n\t\t\t\t<div class=\"elementor-column elementor-col-33 elementor-top-column elementor-element elementor-element-12180238\" data-id=\"12180238\" data-element_type=\"column\" data-e-type=\"column\">\n\t\t\t<div class=\"elementor-widget-wrap elementor-element-populated\">\n\t\t\t\t\t\t<div class=\"elementor-element elementor-element-55ed938e elementor-widget elementor-widget-image\" data-id=\"55ed938e\" data-element_type=\"widget\" data-e-type=\"widget\" data-widget_type=\"image.default\">\n\t\t\t\t<div class=\"elementor-widget-container\">\n\t\t\t\t\t\t\t\t\t\t\t\t\t\t\t<img decoding=\"async\" width=\"1022\" height=\"149\" src=\"https:\/\/www.bremer-buendnis.de\/wp-content\/uploads\/2021\/11\/Oidw-Pfeil.png\" class=\"attachment-full size-full wp-image-4455\" alt=\"\" srcset=\"https:\/\/www.bremer-buendnis.de\/wp-content\/uploads\/2021\/11\/Oidw-Pfeil.png 1022w, https:\/\/www.bremer-buendnis.de\/wp-content\/uploads\/2021\/11\/Oidw-Pfeil-300x44.png 300w, https:\/\/www.bremer-buendnis.de\/wp-content\/uploads\/2021\/11\/Oidw-Pfeil-768x112.png 768w\" sizes=\"100vw\" \/>\t\t\t\t\t\t\t\t\t\t\t\t\t\t\t<\/div>\n\t\t\t\t<\/div>\n\t\t\t\t\t<\/div>\n\t\t<\/div>\n\t\t\t\t\t<\/div>\n\t\t<\/section>\n\t\t\t\t<section data-particle_enable=\"false\" data-particle-mobile-disabled=\"false\" class=\"elementor-section elementor-top-section elementor-element elementor-element-7d7a432c elementor-section-full_width elementor-section-height-default elementor-section-height-default\" data-id=\"7d7a432c\" data-element_type=\"section\" data-e-type=\"section\">\n\t\t\t\t\t\t<div class=\"elementor-container elementor-column-gap-default\">\n\t\t\t\t\t<div class=\"elementor-column elementor-col-50 elementor-top-column elementor-element elementor-element-4fb44240 elementor-hidden-mobile\" data-id=\"4fb44240\" data-element_type=\"column\" data-e-type=\"column\">\n\t\t\t<div class=\"elementor-widget-wrap\">\n\t\t\t\t\t\t\t<\/div>\n\t\t<\/div>\n\t\t\t\t<div class=\"elementor-column elementor-col-50 elementor-top-column elementor-element elementor-element-740eeb89\" data-id=\"740eeb89\" data-element_type=\"column\" data-e-type=\"column\">\n\t\t\t<div class=\"elementor-widget-wrap elementor-element-populated\">\n\t\t\t\t\t\t<div class=\"elementor-element elementor-element-6388739 elementor-nav-menu--dropdown-mobile elementor-nav-menu__text-align-center elementor-nav-menu--toggle elementor-nav-menu--burger elementor-widget elementor-widget-global elementor-global-1319 elementor-widget-nav-menu\" data-id=\"6388739\" data-element_type=\"widget\" data-e-type=\"widget\" data-settings=\"{&quot;layout&quot;:&quot;horizontal&quot;,&quot;submenu_icon&quot;:{&quot;value&quot;:&quot;fas fa-caret-down&quot;,&quot;library&quot;:&quot;fa-solid&quot;},&quot;toggle&quot;:&quot;burger&quot;}\" data-widget_type=\"nav-menu.default\">\n\t\t\t\t<div class=\"elementor-widget-container\">\n\t\t\t\t\t\t\t\t<nav aria-label=\"Men\u00fc\" class=\"elementor-nav-menu--main elementor-nav-menu__container elementor-nav-menu--layout-horizontal e--pointer-underline e--animation-fade\">\n\t\t\t\t<ul id=\"menu-1-6388739\" class=\"elementor-nav-menu\"><li class=\"menu-item menu-item-type-post_type menu-item-object-page menu-item-home menu-item-5808\"><a href=\"https:\/\/www.bremer-buendnis.de\/en\/\" class=\"elementor-item\">Home<\/a><\/li>\n<li class=\"menu-item menu-item-type-post_type menu-item-object-page menu-item-has-children menu-item-5809\"><a href=\"https:\/\/www.bremer-buendnis.de\/en\/about-us\/\" class=\"elementor-item\">About us<\/a>\n<ul class=\"sub-menu elementor-nav-menu--dropdown\">\n\t<li class=\"menu-item menu-item-type-custom menu-item-object-custom menu-item-5857\"><a href=\"https:\/\/www.bremer-buendnis.de\/en\/about-us\/#we\" class=\"elementor-sub-item elementor-item-anchor\">Board<\/a><\/li>\n\t<li class=\"menu-item menu-item-type-custom menu-item-object-custom menu-item-5856\"><a href=\"https:\/\/www.bremer-buendnis.de\/en\/about-us\/#partner\" class=\"elementor-sub-item elementor-item-anchor\">Partners<\/a><\/li>\n\t<li class=\"menu-item menu-item-type-post_type menu-item-object-page menu-item-5831\"><a href=\"https:\/\/www.bremer-buendnis.de\/en\/bbfd-tz-medial\/\" class=\"elementor-sub-item\">BBfd-tZ medial<\/a><\/li>\n<\/ul>\n<\/li>\n<li class=\"menu-item menu-item-type-post_type menu-item-object-page menu-item-has-children menu-item-5835\"><a href=\"https:\/\/www.bremer-buendnis.de\/en\/projects\/\" class=\"elementor-item\">Projects<\/a>\n<ul class=\"sub-menu elementor-nav-menu--dropdown\">\n\t<li class=\"menu-item menu-item-type-post_type menu-item-object-page menu-item-6010\"><a href=\"https:\/\/www.bremer-buendnis.de\/en\/nazi-injustice-degenerated-music\/\" class=\"elementor-sub-item\">NS-Injustice \u201eDegenerated Music\u201c<\/a><\/li>\n\t<li class=\"menu-item menu-item-type-custom menu-item-object-custom menu-item-5837\"><a href=\"https:\/\/www.somachtmanfruehling.de\/\" class=\"elementor-sub-item\">Festival: So macht man Fr\u00fchling<\/a><\/li>\n\t<li class=\"menu-item menu-item-type-post_type menu-item-object-page menu-item-5901\"><a href=\"https:\/\/www.bremer-buendnis.de\/en\/projects\/interview-series\/\" class=\"elementor-sub-item\">Interview series<\/a><\/li>\n\t<li class=\"menu-item menu-item-type-post_type menu-item-object-page menu-item-5902\"><a href=\"https:\/\/www.bremer-buendnis.de\/en\/projects\/eastwards-to-the-west\/\" class=\"elementor-sub-item\">Eastwards to the west<\/a><\/li>\n\t<li class=\"menu-item menu-item-type-post_type menu-item-object-page menu-item-5840\"><a href=\"https:\/\/www.bremer-buendnis.de\/en\/cultural-and-meeting-places\/\" class=\"elementor-sub-item\">Cultural and meeting places<\/a><\/li>\n<\/ul>\n<\/li>\n<li class=\"menu-item menu-item-type-post_type menu-item-object-page menu-item-5841\"><a href=\"https:\/\/www.bremer-buendnis.de\/en\/events\/\" class=\"elementor-item\">Events<\/a><\/li>\n<li class=\"menu-item menu-item-type-post_type menu-item-object-page menu-item-has-children menu-item-5810\"><a href=\"https:\/\/www.bremer-buendnis.de\/en\/gallery\/\" class=\"elementor-item\">Gallery<\/a>\n<ul class=\"sub-menu elementor-nav-menu--dropdown\">\n\t<li class=\"menu-item menu-item-type-custom menu-item-object-custom menu-item-5845\"><a href=\"https:\/\/www.bremer-buendnis.de\/en\/gallery\/\" class=\"elementor-sub-item\">Our Gallery<\/a><\/li>\n\t<li class=\"menu-item menu-item-type-custom menu-item-object-custom menu-item-5846\"><a href=\"https:\/\/www.somachtmanfruehling.de\/fotogalerie\/fotogalerie-2024\/\" class=\"elementor-sub-item\">Gallery &#8220;So macht man Fr\u00fchling&#8221;<\/a><\/li>\n<\/ul>\n<\/li>\n<\/ul>\t\t\t<\/nav>\n\t\t\t\t\t<div class=\"elementor-menu-toggle\" role=\"button\" tabindex=\"0\" aria-label=\"Menu Toggle\" aria-expanded=\"false\">\n\t\t\t<i aria-hidden=\"true\" role=\"presentation\" class=\"elementor-menu-toggle__icon--open eicon-menu-bar\"><\/i><i aria-hidden=\"true\" role=\"presentation\" class=\"elementor-menu-toggle__icon--close eicon-close\"><\/i>\t\t<\/div>\n\t\t\t\t\t<nav class=\"elementor-nav-menu--dropdown elementor-nav-menu__container\" aria-hidden=\"true\">\n\t\t\t\t<ul id=\"menu-2-6388739\" class=\"elementor-nav-menu\"><li class=\"menu-item menu-item-type-post_type menu-item-object-page menu-item-home menu-item-5808\"><a href=\"https:\/\/www.bremer-buendnis.de\/en\/\" class=\"elementor-item\" tabindex=\"-1\">Home<\/a><\/li>\n<li class=\"menu-item menu-item-type-post_type menu-item-object-page menu-item-has-children menu-item-5809\"><a href=\"https:\/\/www.bremer-buendnis.de\/en\/about-us\/\" class=\"elementor-item\" tabindex=\"-1\">About us<\/a>\n<ul class=\"sub-menu elementor-nav-menu--dropdown\">\n\t<li class=\"menu-item menu-item-type-custom menu-item-object-custom menu-item-5857\"><a href=\"https:\/\/www.bremer-buendnis.de\/en\/about-us\/#we\" class=\"elementor-sub-item elementor-item-anchor\" tabindex=\"-1\">Board<\/a><\/li>\n\t<li class=\"menu-item menu-item-type-custom menu-item-object-custom menu-item-5856\"><a href=\"https:\/\/www.bremer-buendnis.de\/en\/about-us\/#partner\" class=\"elementor-sub-item elementor-item-anchor\" tabindex=\"-1\">Partners<\/a><\/li>\n\t<li class=\"menu-item menu-item-type-post_type menu-item-object-page menu-item-5831\"><a href=\"https:\/\/www.bremer-buendnis.de\/en\/bbfd-tz-medial\/\" class=\"elementor-sub-item\" tabindex=\"-1\">BBfd-tZ medial<\/a><\/li>\n<\/ul>\n<\/li>\n<li class=\"menu-item menu-item-type-post_type menu-item-object-page menu-item-has-children menu-item-5835\"><a href=\"https:\/\/www.bremer-buendnis.de\/en\/projects\/\" class=\"elementor-item\" tabindex=\"-1\">Projects<\/a>\n<ul class=\"sub-menu elementor-nav-menu--dropdown\">\n\t<li class=\"menu-item menu-item-type-post_type menu-item-object-page menu-item-6010\"><a href=\"https:\/\/www.bremer-buendnis.de\/en\/nazi-injustice-degenerated-music\/\" class=\"elementor-sub-item\" tabindex=\"-1\">NS-Injustice \u201eDegenerated Music\u201c<\/a><\/li>\n\t<li class=\"menu-item menu-item-type-custom menu-item-object-custom menu-item-5837\"><a href=\"https:\/\/www.somachtmanfruehling.de\/\" class=\"elementor-sub-item\" tabindex=\"-1\">Festival: So macht man Fr\u00fchling<\/a><\/li>\n\t<li class=\"menu-item menu-item-type-post_type menu-item-object-page menu-item-5901\"><a href=\"https:\/\/www.bremer-buendnis.de\/en\/projects\/interview-series\/\" class=\"elementor-sub-item\" tabindex=\"-1\">Interview series<\/a><\/li>\n\t<li class=\"menu-item menu-item-type-post_type menu-item-object-page menu-item-5902\"><a href=\"https:\/\/www.bremer-buendnis.de\/en\/projects\/eastwards-to-the-west\/\" class=\"elementor-sub-item\" tabindex=\"-1\">Eastwards to the west<\/a><\/li>\n\t<li class=\"menu-item menu-item-type-post_type menu-item-object-page menu-item-5840\"><a href=\"https:\/\/www.bremer-buendnis.de\/en\/cultural-and-meeting-places\/\" class=\"elementor-sub-item\" tabindex=\"-1\">Cultural and meeting places<\/a><\/li>\n<\/ul>\n<\/li>\n<li class=\"menu-item menu-item-type-post_type menu-item-object-page menu-item-5841\"><a href=\"https:\/\/www.bremer-buendnis.de\/en\/events\/\" class=\"elementor-item\" tabindex=\"-1\">Events<\/a><\/li>\n<li class=\"menu-item menu-item-type-post_type menu-item-object-page menu-item-has-children menu-item-5810\"><a href=\"https:\/\/www.bremer-buendnis.de\/en\/gallery\/\" class=\"elementor-item\" tabindex=\"-1\">Gallery<\/a>\n<ul class=\"sub-menu elementor-nav-menu--dropdown\">\n\t<li class=\"menu-item menu-item-type-custom menu-item-object-custom menu-item-5845\"><a href=\"https:\/\/www.bremer-buendnis.de\/en\/gallery\/\" class=\"elementor-sub-item\" tabindex=\"-1\">Our Gallery<\/a><\/li>\n\t<li class=\"menu-item menu-item-type-custom menu-item-object-custom menu-item-5846\"><a href=\"https:\/\/www.somachtmanfruehling.de\/fotogalerie\/fotogalerie-2024\/\" class=\"elementor-sub-item\" tabindex=\"-1\">Gallery &#8220;So macht man Fr\u00fchling&#8221;<\/a><\/li>\n<\/ul>\n<\/li>\n<\/ul>\t\t\t<\/nav>\n\t\t\t\t\t\t<\/div>\n\t\t\t\t<\/div>\n\t\t\t\t\t<\/div>\n\t\t<\/div>\n\t\t\t\t\t<\/div>\n\t\t<\/section>\n\t\t\t\t<section data-particle_enable=\"false\" data-particle-mobile-disabled=\"false\" class=\"elementor-section elementor-top-section elementor-element elementor-element-4481bff9 elementor-section-boxed elementor-section-height-default elementor-section-height-default\" data-id=\"4481bff9\" data-element_type=\"section\" data-e-type=\"section\">\n\t\t\t\t\t\t<div class=\"elementor-container elementor-column-gap-default\">\n\t\t\t\t\t<div class=\"elementor-column elementor-col-100 elementor-top-column elementor-element elementor-element-3fd4dfbe\" data-id=\"3fd4dfbe\" data-element_type=\"column\" data-e-type=\"column\">\n\t\t\t<div class=\"elementor-widget-wrap elementor-element-populated\">\n\t\t\t\t\t\t<div class=\"elementor-element elementor-element-7a024769 elementor-widget elementor-widget-spacer\" data-id=\"7a024769\" data-element_type=\"widget\" data-e-type=\"widget\" data-widget_type=\"spacer.default\">\n\t\t\t\t<div class=\"elementor-widget-container\">\n\t\t\t\t\t\t\t<div class=\"elementor-spacer\">\n\t\t\t<div class=\"elementor-spacer-inner\"><\/div>\n\t\t<\/div>\n\t\t\t\t\t\t<\/div>\n\t\t\t\t<\/div>\n\t\t\t\t\t<\/div>\n\t\t<\/div>\n\t\t\t\t\t<\/div>\n\t\t<\/section>\n\t\t\t\t<section data-particle_enable=\"false\" data-particle-mobile-disabled=\"false\" class=\"elementor-section elementor-top-section elementor-element elementor-element-d12eca8 elementor-section-boxed elementor-section-height-default elementor-section-height-default\" data-id=\"d12eca8\" data-element_type=\"section\" data-e-type=\"section\">\n\t\t\t\t\t\t<div class=\"elementor-container elementor-column-gap-default\">\n\t\t\t\t\t<div class=\"elementor-column elementor-col-50 elementor-top-column elementor-element elementor-element-7cf90e4\" data-id=\"7cf90e4\" data-element_type=\"column\" data-e-type=\"column\">\n\t\t\t<div class=\"elementor-widget-wrap elementor-element-populated\">\n\t\t\t\t\t\t<div class=\"elementor-element elementor-element-d5af2fa elementor-hidden-mobile elementor-widget elementor-widget-heading\" data-id=\"d5af2fa\" data-element_type=\"widget\" data-e-type=\"widget\" data-widget_type=\"heading.default\">\n\t\t\t\t<div class=\"elementor-widget-container\">\n\t\t\t\t\t<h2 class=\"elementor-heading-title elementor-size-default\">contemporary witnesses - to the individual pages<\/h2>\t\t\t\t<\/div>\n\t\t\t\t<\/div>\n\t\t\t\t<div class=\"elementor-element elementor-element-1e85e3bc elementor-nav-menu--dropdown-mobile elementor-nav-menu__text-align-aside elementor-nav-menu--toggle elementor-nav-menu--burger elementor-widget elementor-widget-nav-menu\" data-id=\"1e85e3bc\" data-element_type=\"widget\" data-e-type=\"widget\" data-settings=\"{&quot;layout&quot;:&quot;vertical&quot;,&quot;submenu_icon&quot;:{&quot;value&quot;:&quot;&lt;i class=\\&quot;fas fa-caret-down\\&quot; aria-hidden=\\&quot;true\\&quot;&gt;&lt;\\\/i&gt;&quot;,&quot;library&quot;:&quot;fa-solid&quot;},&quot;toggle&quot;:&quot;burger&quot;}\" data-widget_type=\"nav-menu.default\">\n\t\t\t\t<div class=\"elementor-widget-container\">\n\t\t\t\t\t\t\t\t<nav aria-label=\"Menu\" class=\"elementor-nav-menu--main elementor-nav-menu__container elementor-nav-menu--layout-vertical e--pointer-underline e--animation-fade\">\n\t\t\t\t<ul id=\"menu-1-1e85e3bc\" class=\"elementor-nav-menu sm-vertical\"><li class=\"menu-item menu-item-type-post_type menu-item-object-page menu-item-5910\"><a href=\"https:\/\/www.bremer-buendnis.de\/en\/projects\/eastwards-to-the-west\/\" class=\"elementor-item\">to Project Page<\/a><\/li>\n<li class=\"menu-item menu-item-type-post_type menu-item-object-page menu-item-6053\"><a href=\"https:\/\/www.bremer-buendnis.de\/en\/jens-hare\/\" class=\"elementor-item\">Jens Hase<\/a><\/li>\n<li class=\"menu-item menu-item-type-post_type menu-item-object-page menu-item-6060\"><a href=\"https:\/\/www.bremer-buendnis.de\/en\/katrin-heitsch\/\" class=\"elementor-item\">Katrin Heitsch<\/a><\/li>\n<li class=\"menu-item menu-item-type-post_type menu-item-object-page menu-item-6061\"><a href=\"https:\/\/www.bremer-buendnis.de\/en\/wolfram-richter\/\" class=\"elementor-item\">Wolfram Richter<\/a><\/li>\n<li class=\"menu-item menu-item-type-post_type menu-item-object-page menu-item-6051\"><a href=\"https:\/\/www.bremer-buendnis.de\/en\/markus-rindt\/\" class=\"elementor-item\">Markus Rindt<\/a><\/li>\n<li class=\"menu-item menu-item-type-post_type menu-item-object-page menu-item-6052\"><a href=\"https:\/\/www.bremer-buendnis.de\/en\/heiko-strohmann\/\" class=\"elementor-item\">Heiko Strohmann<\/a><\/li>\n<li class=\"menu-item menu-item-type-post_type menu-item-object-page menu-item-5911\"><a href=\"https:\/\/www.bremer-buendnis.de\/en\/hans-joachim-weber\/\" class=\"elementor-item\">Hans-Joachim Weber<\/a><\/li>\n<\/ul>\t\t\t<\/nav>\n\t\t\t\t\t<div class=\"elementor-menu-toggle\" role=\"button\" tabindex=\"0\" aria-label=\"Menu Toggle\" aria-expanded=\"false\">\n\t\t\t<i aria-hidden=\"true\" role=\"presentation\" class=\"elementor-menu-toggle__icon--open eicon-menu-bar\"><\/i><i aria-hidden=\"true\" role=\"presentation\" class=\"elementor-menu-toggle__icon--close eicon-close\"><\/i>\t\t<\/div>\n\t\t\t\t\t<nav class=\"elementor-nav-menu--dropdown elementor-nav-menu__container\" aria-hidden=\"true\">\n\t\t\t\t<ul id=\"menu-2-1e85e3bc\" class=\"elementor-nav-menu sm-vertical\"><li class=\"menu-item menu-item-type-post_type menu-item-object-page menu-item-5910\"><a href=\"https:\/\/www.bremer-buendnis.de\/en\/projects\/eastwards-to-the-west\/\" class=\"elementor-item\" tabindex=\"-1\">to Project Page<\/a><\/li>\n<li class=\"menu-item menu-item-type-post_type menu-item-object-page menu-item-6053\"><a href=\"https:\/\/www.bremer-buendnis.de\/en\/jens-hare\/\" class=\"elementor-item\" tabindex=\"-1\">Jens Hase<\/a><\/li>\n<li class=\"menu-item menu-item-type-post_type menu-item-object-page menu-item-6060\"><a href=\"https:\/\/www.bremer-buendnis.de\/en\/katrin-heitsch\/\" class=\"elementor-item\" tabindex=\"-1\">Katrin Heitsch<\/a><\/li>\n<li class=\"menu-item menu-item-type-post_type menu-item-object-page menu-item-6061\"><a href=\"https:\/\/www.bremer-buendnis.de\/en\/wolfram-richter\/\" class=\"elementor-item\" tabindex=\"-1\">Wolfram Richter<\/a><\/li>\n<li class=\"menu-item menu-item-type-post_type menu-item-object-page menu-item-6051\"><a href=\"https:\/\/www.bremer-buendnis.de\/en\/markus-rindt\/\" class=\"elementor-item\" tabindex=\"-1\">Markus Rindt<\/a><\/li>\n<li class=\"menu-item menu-item-type-post_type menu-item-object-page menu-item-6052\"><a href=\"https:\/\/www.bremer-buendnis.de\/en\/heiko-strohmann\/\" class=\"elementor-item\" tabindex=\"-1\">Heiko Strohmann<\/a><\/li>\n<li class=\"menu-item menu-item-type-post_type menu-item-object-page menu-item-5911\"><a href=\"https:\/\/www.bremer-buendnis.de\/en\/hans-joachim-weber\/\" class=\"elementor-item\" tabindex=\"-1\">Hans-Joachim Weber<\/a><\/li>\n<\/ul>\t\t\t<\/nav>\n\t\t\t\t\t\t<\/div>\n\t\t\t\t<\/div>\n\t\t\t\t\t<\/div>\n\t\t<\/div>\n\t\t\t\t<div class=\"elementor-column elementor-col-50 elementor-top-column elementor-element elementor-element-26130d6c\" data-id=\"26130d6c\" data-element_type=\"column\" data-e-type=\"column\">\n\t\t\t<div class=\"elementor-widget-wrap elementor-element-populated\">\n\t\t\t\t\t\t<div class=\"elementor-element elementor-element-69cc869b elementor-widget elementor-widget-heading\" data-id=\"69cc869b\" data-element_type=\"widget\" data-e-type=\"widget\" data-widget_type=\"heading.default\">\n\t\t\t\t<div class=\"elementor-widget-container\">\n\t\t\t\t\t<h2 class=\"elementor-heading-title elementor-size-default\">GDR and FRG<\/h2>\t\t\t\t<\/div>\n\t\t\t\t<\/div>\n\t\t\t\t<div class=\"elementor-element elementor-element-2bb08aa8 elementor-widget elementor-widget-text-editor\" data-id=\"2bb08aa8\" data-element_type=\"widget\" data-e-type=\"widget\" data-widget_type=\"text-editor.default\">\n\t\t\t\t<div class=\"elementor-widget-container\">\n\t\t\t\t\t\t\t\t\t<p>This exhibition not only deals with the perspectives of the refugees, but also looks at the experiences of the people who were politically involved in these events on both the Federal Republic and the GDR side. In the summer and fall of 1989, Gregor Gysi negotiated a possible return of the refugees to the GDR as a lawyer in the West German embassy in Prague together with his colleague Wolfgang Vogel. Some of the GDR citizens accepted this offer in return for leaving the country within the next six months. Rudolf Seiters, then Minister of the Chancellery, negotiated the GDR citizens&#8217; departure alongside Federal Foreign Minister Hans-Dietrich Genscher.     <\/p>\n<p>Almost 32 years later, these politicians look back on the events surrounding the occupation of the Prague embassy.<\/p>\n\t\t\t\t\t\t\t\t<\/div>\n\t\t\t\t<\/div>\n\t\t\t\t\t<\/div>\n\t\t<\/div>\n\t\t\t\t\t<\/div>\n\t\t<\/section>\n\t\t\t\t<section data-particle_enable=\"false\" data-particle-mobile-disabled=\"false\" class=\"elementor-section elementor-top-section elementor-element elementor-element-2342a879 elementor-reverse-mobile elementor-section-boxed elementor-section-height-default elementor-section-height-default\" data-id=\"2342a879\" data-element_type=\"section\" data-e-type=\"section\">\n\t\t\t\t\t\t<div class=\"elementor-container elementor-column-gap-default\">\n\t\t\t\t\t<div class=\"elementor-column elementor-col-50 elementor-top-column elementor-element elementor-element-22f254e1\" data-id=\"22f254e1\" data-element_type=\"column\" data-e-type=\"column\">\n\t\t\t<div class=\"elementor-widget-wrap\">\n\t\t\t\t\t\t\t<\/div>\n\t\t<\/div>\n\t\t\t\t<div class=\"elementor-column elementor-col-50 elementor-top-column elementor-element elementor-element-18bbacac\" data-id=\"18bbacac\" data-element_type=\"column\" data-e-type=\"column\">\n\t\t\t<div class=\"elementor-widget-wrap elementor-element-populated\">\n\t\t\t\t\t\t<div class=\"elementor-element elementor-element-cbc5175 elementor-widget elementor-widget-image\" data-id=\"cbc5175\" data-element_type=\"widget\" data-e-type=\"widget\" data-widget_type=\"image.default\">\n\t\t\t\t<div class=\"elementor-widget-container\">\n\t\t\t\t\t\t\t\t\t\t\t\t\t\t\t<img decoding=\"async\" width=\"525\" height=\"14\" src=\"https:\/\/www.bremer-buendnis.de\/wp-content\/uploads\/2021\/11\/Oidw-Pfeil-klein-rot.png\" class=\"attachment-large size-large wp-image-4527\" alt=\"\" srcset=\"https:\/\/www.bremer-buendnis.de\/wp-content\/uploads\/2021\/11\/Oidw-Pfeil-klein-rot.png 1000w, https:\/\/www.bremer-buendnis.de\/wp-content\/uploads\/2021\/11\/Oidw-Pfeil-klein-rot-300x8.png 300w, https:\/\/www.bremer-buendnis.de\/wp-content\/uploads\/2021\/11\/Oidw-Pfeil-klein-rot-768x21.png 768w\" sizes=\"100vw\" \/>\t\t\t\t\t\t\t\t\t\t\t\t\t\t\t<\/div>\n\t\t\t\t<\/div>\n\t\t\t\t<div class=\"elementor-element elementor-element-754059f elementor-widget elementor-widget-image\" data-id=\"754059f\" data-element_type=\"widget\" data-e-type=\"widget\" data-widget_type=\"image.default\">\n\t\t\t\t<div class=\"elementor-widget-container\">\n\t\t\t\t\t\t\t\t\t\t\t\t\t\t\t<img loading=\"lazy\" decoding=\"async\" width=\"525\" height=\"779\" src=\"https:\/\/www.bremer-buendnis.de\/wp-content\/uploads\/2021\/11\/Gregor_Gysi_01_web.jpg\" class=\"attachment-large size-large wp-image-4635\" alt=\"\" srcset=\"https:\/\/www.bremer-buendnis.de\/wp-content\/uploads\/2021\/11\/Gregor_Gysi_01_web.jpg 533w, https:\/\/www.bremer-buendnis.de\/wp-content\/uploads\/2021\/11\/Gregor_Gysi_01_web-202x300.jpg 202w\" sizes=\"100vw\" \/>\t\t\t\t\t\t\t\t\t\t\t\t\t\t\t<\/div>\n\t\t\t\t<\/div>\n\t\t\t\t<div class=\"elementor-element elementor-element-c2ae9eb elementor-widget elementor-widget-image\" data-id=\"c2ae9eb\" data-element_type=\"widget\" data-e-type=\"widget\" data-widget_type=\"image.default\">\n\t\t\t\t<div class=\"elementor-widget-container\">\n\t\t\t\t\t\t\t\t\t\t\t\t\t\t\t<img loading=\"lazy\" decoding=\"async\" width=\"525\" height=\"276\" src=\"https:\/\/www.bremer-buendnis.de\/wp-content\/uploads\/2021\/11\/Oidw-Pfeil-rot.png\" class=\"attachment-large size-large wp-image-4518\" alt=\"\" srcset=\"https:\/\/www.bremer-buendnis.de\/wp-content\/uploads\/2021\/11\/Oidw-Pfeil-rot.png 1000w, https:\/\/www.bremer-buendnis.de\/wp-content\/uploads\/2021\/11\/Oidw-Pfeil-rot-300x158.png 300w, https:\/\/www.bremer-buendnis.de\/wp-content\/uploads\/2021\/11\/Oidw-Pfeil-rot-768x403.png 768w\" sizes=\"100vw\" \/>\t\t\t\t\t\t\t\t\t\t\t\t\t\t\t<\/div>\n\t\t\t\t<\/div>\n\t\t\t\t<div class=\"elementor-element elementor-element-2f07a06 elementor-widget elementor-widget-text-editor\" data-id=\"2f07a06\" data-element_type=\"widget\" data-e-type=\"widget\" data-widget_type=\"text-editor.default\">\n\t\t\t\t<div class=\"elementor-widget-container\">\n\t\t\t\t\t\t\t\t\t<p>Gregor Gysi at a demonstration, 1989.<br \/>Image: Bundesarchiv, Bild 183-1989-1104-042 \/ Link, Hubert \/ CC-BY-SA 3.0<\/p>\n\t\t\t\t\t\t\t\t<\/div>\n\t\t\t\t<\/div>\n\t\t\t\t<div class=\"elementor-element elementor-element-7687937 elementor-widget elementor-widget-heading\" data-id=\"7687937\" data-element_type=\"widget\" data-e-type=\"widget\" data-widget_type=\"heading.default\">\n\t\t\t\t<div class=\"elementor-widget-container\">\n\t\t\t\t\t<h2 class=\"elementor-heading-title elementor-size-default\">Gregor Gysi<\/h2>\t\t\t\t<\/div>\n\t\t\t\t<\/div>\n\t\t\t\t<div class=\"elementor-element elementor-element-2225bff3 elementor-widget elementor-widget-text-editor\" data-id=\"2225bff3\" data-element_type=\"widget\" data-e-type=\"widget\" data-widget_type=\"text-editor.default\">\n\t\t\t\t<div class=\"elementor-widget-container\">\n\t\t\t\t\t\t\t\t\t<p>Gregor Gysi was born in Berlin in 1948. The politician, who is still active today, was one of the few independent lawyers in the GDR who also represented members of the opposition. He was instrumental in the reforms of the SED\/PDS and is considered a central figure of the East German Autumn of 1989 in the GDR. Gysi accompanied the lawyer Wolfgang Vogel on his mission to the Prague embassy to persuade those seeking refuge there to return to the GDR.     <\/p>\n\t\t\t\t\t\t\t\t<\/div>\n\t\t\t\t<\/div>\n\t\t\t\t<div class=\"elementor-element elementor-element-67708202 elementor-widget elementor-widget-heading\" data-id=\"67708202\" data-element_type=\"widget\" data-e-type=\"widget\" data-widget_type=\"heading.default\">\n\t\t\t\t<div class=\"elementor-widget-container\">\n\t\t\t\t\t<h2 class=\"elementor-heading-title elementor-size-default\">What do you think about the \"Republikflucht\", the flight from the GDR, in general and in the fall of 1989 in particular?<\/h2>\t\t\t\t<\/div>\n\t\t\t\t<\/div>\n\t\t\t\t<div class=\"elementor-element elementor-element-27f533cb elementor-widget elementor-widget-text-editor\" data-id=\"27f533cb\" data-element_type=\"widget\" data-e-type=\"widget\" data-widget_type=\"text-editor.default\">\n\t\t\t\t<div class=\"elementor-widget-container\">\n\t\t\t\t\t\t\t\t\t<p>I represented many people who had applied to leave the country because they wanted to travel from the GDR to West Germany. This was also due to the fact that they were generally not allowed to travel to the West, so they only had television images of the West. In this respect, I could very well understand that they wanted to leave for West Germany.  <\/p>\n\t\t\t\t\t\t\t\t<\/div>\n\t\t\t\t<\/div>\n\t\t\t\t<div class=\"elementor-element elementor-element-ab5d46f elementor-widget elementor-widget-heading\" data-id=\"ab5d46f\" data-element_type=\"widget\" data-e-type=\"widget\" data-widget_type=\"heading.default\">\n\t\t\t\t<div class=\"elementor-widget-container\">\n\t\t\t\t\t<h2 class=\"elementor-heading-title elementor-size-default\">How did you react when you heard about the refugee movements to the Prague embassy?<\/h2>\t\t\t\t<\/div>\n\t\t\t\t<\/div>\n\t\t\t\t<div class=\"elementor-element elementor-element-7e1d9c6 elementor-widget elementor-widget-text-editor\" data-id=\"7e1d9c6\" data-element_type=\"widget\" data-e-type=\"widget\" data-widget_type=\"text-editor.default\">\n\t\t\t\t<div class=\"elementor-widget-container\">\n\t\t\t\t\t\t\t\t\t<p>When the embassy of the Federal Republic of Germany was occupied in Prague, I didn&#8217;t understand why the people concerned weren&#8217;t allowed to leave right from the start. The embassy continued to fill up and it became an international event. <\/p>\n\t\t\t\t\t\t\t\t<\/div>\n\t\t\t\t<\/div>\n\t\t\t\t<div class=\"elementor-element elementor-element-0411c8f elementor-widget elementor-widget-heading\" data-id=\"0411c8f\" data-element_type=\"widget\" data-e-type=\"widget\" data-widget_type=\"heading.default\">\n\t\t\t\t<div class=\"elementor-widget-container\">\n\t\t\t\t\t<h2 class=\"elementor-heading-title elementor-size-default\">Why did you and Wolfgang Vogel agree to persuade the refugees to return? What was the GDR leadership's mission behind this action? <\/h2>\t\t\t\t<\/div>\n\t\t\t\t<\/div>\n\t\t\t\t<div class=\"elementor-element elementor-element-97e19a4 elementor-widget elementor-widget-text-editor\" data-id=\"97e19a4\" data-element_type=\"widget\" data-e-type=\"widget\" data-widget_type=\"text-editor.default\">\n\t\t\t\t<div class=\"elementor-widget-container\">\n\t\t\t\t\t\t\t\t\t<p>The Minister of Justice summoned me and the lawyer Wolfgang Vogel was also present. Vogel said that he had permission for all GDR citizens to return to the embassy in order to subsequently obtain permission to leave for the Federal Republic of Germany. It would take a maximum of six months to leave the country. He even explained that this also applied to an officer of the NVA who was also staying at the embassy of the Federal Republic of Germany in Prague. However, as there were over 3,000 citizens in total, he would not be able to help them with their departure applications on his own. I then offered that one colleague in each of the 15 districts would take over the representation. He added that whenever he promised to leave the country, he always did so. This also applies here.       <\/p>\n\t\t\t\t\t\t\t\t<\/div>\n\t\t\t\t<\/div>\n\t\t\t\t<div class=\"elementor-element elementor-element-8c0bca4 elementor-widget elementor-widget-heading\" data-id=\"8c0bca4\" data-element_type=\"widget\" data-e-type=\"widget\" data-widget_type=\"heading.default\">\n\t\t\t\t<div class=\"elementor-widget-container\">\n\t\t\t\t\t<h2 class=\"elementor-heading-title elementor-size-default\">What did you think and feel when you met the people at the embassy? How did the people seeking refuge react to you? Did they trust you? Did you have to deal with hostility?   <\/h2>\t\t\t\t<\/div>\n\t\t\t\t<\/div>\n\t\t\t\t<div class=\"elementor-element elementor-element-5e8d25b elementor-widget elementor-widget-text-editor\" data-id=\"5e8d25b\" data-element_type=\"widget\" data-e-type=\"widget\" data-widget_type=\"text-editor.default\">\n\t\t\t\t<div class=\"elementor-widget-container\">\n\t\t\t\t\t\t\t\t\t<p>The staff at the German embassy had told the refugees that they could talk to lawyer Vogel. Not very many came. Those who did show up were made the offer. They then traveled to the GDR, were represented and their departure was approved. The fact that there were so few was also due to the fact that a period of six months was far too long. If it had been shortened to six weeks, perhaps more would have made use of the offer. Those who came also had confidence, while the others showed a certain mistrust by not showing up. I didn&#8217;t experience any hostility towards Wolfgang Vogel or myself there.       <\/p>\n\t\t\t\t\t\t\t\t<\/div>\n\t\t\t\t<\/div>\n\t\t\t\t<div class=\"elementor-element elementor-element-daf04aa elementor-widget elementor-widget-heading\" data-id=\"daf04aa\" data-element_type=\"widget\" data-e-type=\"widget\" data-widget_type=\"heading.default\">\n\t\t\t\t<div class=\"elementor-widget-container\">\n\t\t\t\t\t<h2 class=\"elementor-heading-title elementor-size-default\">Did these events influence your relationship with the GDR? How do you assess the desperate act of these people to leave the GDR via Prague for the FRG? <\/h2>\t\t\t\t<\/div>\n\t\t\t\t<\/div>\n\t\t\t\t<div class=\"elementor-element elementor-element-84e4654 elementor-widget elementor-widget-text-editor\" data-id=\"84e4654\" data-element_type=\"widget\" data-e-type=\"widget\" data-widget_type=\"text-editor.default\">\n\t\t\t\t<div class=\"elementor-widget-container\">\n\t\t\t\t\t\t\t\t\t<p>I realized that the GDR had lost large sections of the younger generation. I had already said that many would have preferred to live in the other Germany. They must not have been desperate, they were young and felt far too cramped in the GDR.  <\/p>\n\t\t\t\t\t\t\t\t<\/div>\n\t\t\t\t<\/div>\n\t\t\t\t<div class=\"elementor-element elementor-element-a53637d elementor-widget elementor-widget-image\" data-id=\"a53637d\" data-element_type=\"widget\" data-e-type=\"widget\" data-widget_type=\"image.default\">\n\t\t\t\t<div class=\"elementor-widget-container\">\n\t\t\t\t\t\t\t\t\t\t\t\t\t\t\t<img decoding=\"async\" width=\"525\" height=\"14\" src=\"https:\/\/www.bremer-buendnis.de\/wp-content\/uploads\/2021\/11\/Oidw-Pfeil-klein-rot.png\" class=\"attachment-large size-large wp-image-4527\" alt=\"\" srcset=\"https:\/\/www.bremer-buendnis.de\/wp-content\/uploads\/2021\/11\/Oidw-Pfeil-klein-rot.png 1000w, https:\/\/www.bremer-buendnis.de\/wp-content\/uploads\/2021\/11\/Oidw-Pfeil-klein-rot-300x8.png 300w, https:\/\/www.bremer-buendnis.de\/wp-content\/uploads\/2021\/11\/Oidw-Pfeil-klein-rot-768x21.png 768w\" sizes=\"100vw\" \/>\t\t\t\t\t\t\t\t\t\t\t\t\t\t\t<\/div>\n\t\t\t\t<\/div>\n\t\t\t\t<div class=\"elementor-element elementor-element-d9b268b elementor-widget elementor-widget-image\" data-id=\"d9b268b\" data-element_type=\"widget\" data-e-type=\"widget\" data-widget_type=\"image.default\">\n\t\t\t\t<div class=\"elementor-widget-container\">\n\t\t\t\t\t\t\t\t\t\t\t\t\t\t\t<img loading=\"lazy\" decoding=\"async\" width=\"525\" height=\"394\" src=\"https:\/\/www.bremer-buendnis.de\/wp-content\/uploads\/2021\/11\/Seiters_Weber.jpeg\" class=\"attachment-large size-large wp-image-4641\" alt=\"\" srcset=\"https:\/\/www.bremer-buendnis.de\/wp-content\/uploads\/2021\/11\/Seiters_Weber.jpeg 1024w, https:\/\/www.bremer-buendnis.de\/wp-content\/uploads\/2021\/11\/Seiters_Weber-300x225.jpeg 300w, https:\/\/www.bremer-buendnis.de\/wp-content\/uploads\/2021\/11\/Seiters_Weber-768x576.jpeg 768w\" sizes=\"100vw\" \/>\t\t\t\t\t\t\t\t\t\t\t\t\t\t\t<\/div>\n\t\t\t\t<\/div>\n\t\t\t\t<div class=\"elementor-element elementor-element-fe543fd elementor-widget elementor-widget-image\" data-id=\"fe543fd\" data-element_type=\"widget\" data-e-type=\"widget\" data-widget_type=\"image.default\">\n\t\t\t\t<div class=\"elementor-widget-container\">\n\t\t\t\t\t\t\t\t\t\t\t\t\t\t\t<img loading=\"lazy\" decoding=\"async\" width=\"525\" height=\"276\" src=\"https:\/\/www.bremer-buendnis.de\/wp-content\/uploads\/2021\/11\/Oidw-Pfeil-rot.png\" class=\"attachment-large size-large wp-image-4518\" alt=\"\" srcset=\"https:\/\/www.bremer-buendnis.de\/wp-content\/uploads\/2021\/11\/Oidw-Pfeil-rot.png 1000w, https:\/\/www.bremer-buendnis.de\/wp-content\/uploads\/2021\/11\/Oidw-Pfeil-rot-300x158.png 300w, https:\/\/www.bremer-buendnis.de\/wp-content\/uploads\/2021\/11\/Oidw-Pfeil-rot-768x403.png 768w\" sizes=\"100vw\" \/>\t\t\t\t\t\t\t\t\t\t\t\t\t\t\t<\/div>\n\t\t\t\t<\/div>\n\t\t\t\t<div class=\"elementor-element elementor-element-dbc9749 elementor-widget elementor-widget-text-editor\" data-id=\"dbc9749\" data-element_type=\"widget\" data-e-type=\"widget\" data-widget_type=\"text-editor.default\">\n\t\t\t\t<div class=\"elementor-widget-container\">\n\t\t\t\t\t\t\t\t\t<p>Rudolf Seiters, first from left, at an anniversary celebration at the embassy.<br \/>Photo: Private\/Hans-Joachim Weber<\/p>\n\t\t\t\t\t\t\t\t<\/div>\n\t\t\t\t<\/div>\n\t\t\t\t<div class=\"elementor-element elementor-element-0ee6a06 elementor-widget elementor-widget-heading\" data-id=\"0ee6a06\" data-element_type=\"widget\" data-e-type=\"widget\" data-widget_type=\"heading.default\">\n\t\t\t\t<div class=\"elementor-widget-container\">\n\t\t\t\t\t<h2 class=\"elementor-heading-title elementor-size-default\">Rudolf Seiters<\/h2>\t\t\t\t<\/div>\n\t\t\t\t<\/div>\n\t\t\t\t<div class=\"elementor-element elementor-element-9c76587 elementor-widget elementor-widget-text-editor\" data-id=\"9c76587\" data-element_type=\"widget\" data-e-type=\"widget\" data-widget_type=\"text-editor.default\">\n\t\t\t\t<div class=\"elementor-widget-container\">\n\t\t\t\t\t\t\t\t\t<p>Rudolf Seiters was born in Osnabr\u00fcck in 1937. From 1989 to 1991, he was Minister of the Chancellery in the Kohl cabinet. In this role, he played a key role in resolving the crisis in the Prague embassy alongside the then Foreign Minister Hans-Dietrich Genscher.  <\/p>\n\t\t\t\t\t\t\t\t<\/div>\n\t\t\t\t<\/div>\n\t\t\t\t<div class=\"elementor-element elementor-element-1c649ae elementor-widget elementor-widget-heading\" data-id=\"1c649ae\" data-element_type=\"widget\" data-e-type=\"widget\" data-widget_type=\"heading.default\">\n\t\t\t\t<div class=\"elementor-widget-container\">\n\t\t\t\t\t<h2 class=\"elementor-heading-title elementor-size-default\">How did you assess the events in the federal government at the time?<\/h2>\t\t\t\t<\/div>\n\t\t\t\t<\/div>\n\t\t\t\t<div class=\"elementor-element elementor-element-a4293c0 elementor-widget elementor-widget-text-editor\" data-id=\"a4293c0\" data-element_type=\"widget\" data-e-type=\"widget\" data-widget_type=\"text-editor.default\">\n\t\t\t\t<div class=\"elementor-widget-container\">\n\t\t\t\t\t\t\t\t\t<p>After the Basic Treaty, the Chancellery was the GDR&#8217;s negotiating partner. I therefore paid an &#8220;inaugural visit&#8221; to Honecker on July 4. On August 8, I had to close the Permanent Representation in East Berlin due to overcrowding (117 refugees). Two days later, negotiations with representatives of the Politburo in East Berlin (without result). Closure of the German embassies in Prague, Warsaw and Budapest (AA). Constant negotiations with the Permanent Representative of the GDR Neubauer in Bonn, with RA Vogel, Schalck-Golodkowski and others. September 11th was helpful (Hungary opens the borders to Austria). The catastrophic economic situation in the GDR was helpful. I was able to promise financial aid, but it would not be forthcoming without a solution to the refugee situation (talks with Schalck-Golodkowski).       <\/p>\n<p>In addition, the 40th anniversary celebrations of the GDR were coming up at the beginning of October, and Gorbachev had signed up. The GDR could not want these days to be overshadowed by the emotional images from Prague. I was therefore firmly convinced that the GDR would give in before this date. So on September 29, Neubauer urgently requested a meeting, which then took place in my office in the Chancellery in the presence of Foreign Minister Genscher. He then flew with Genscher to Prague. The first stone was broken out of the wall there. But it was only in Dresden (December 19) that we were convinced: unity was coming.      <\/p>\n\t\t\t\t\t\t\t\t<\/div>\n\t\t\t\t<\/div>\n\t\t\t\t<div class=\"elementor-element elementor-element-3ce2e2a elementor-widget elementor-widget-heading\" data-id=\"3ce2e2a\" data-element_type=\"widget\" data-e-type=\"widget\" data-widget_type=\"heading.default\">\n\t\t\t\t<div class=\"elementor-widget-container\">\n\t\t\t\t\t<h2 class=\"elementor-heading-title elementor-size-default\">What was the political guideline of the Federal Republic regarding the situation in the embassy?<\/h2>\t\t\t\t<\/div>\n\t\t\t\t<\/div>\n\t\t\t\t<div class=\"elementor-element elementor-element-da98eed elementor-widget elementor-widget-text-editor\" data-id=\"da98eed\" data-element_type=\"widget\" data-e-type=\"widget\" data-widget_type=\"text-editor.default\">\n\t\t\t\t<div class=\"elementor-widget-container\">\n\t\t\t\t\t\t\t\t\t<p>There was agreement to enforce the freedom to leave the country and to emphatically help the refugees in their new life in the Federal Republic. An exodus was to be prevented. Hence (in February 90) the offer: The DM is coming.  <\/p>\n\t\t\t\t\t\t\t\t<\/div>\n\t\t\t\t<\/div>\n\t\t\t\t\t<\/div>\n\t\t<\/div>\n\t\t\t\t\t<\/div>\n\t\t<\/section>\n\t\t\t\t<section data-particle_enable=\"false\" data-particle-mobile-disabled=\"false\" class=\"elementor-section elementor-top-section elementor-element elementor-element-3296b9d0 elementor-section-boxed elementor-section-height-default elementor-section-height-default\" data-id=\"3296b9d0\" data-element_type=\"section\" data-e-type=\"section\">\n\t\t\t\t\t\t<div class=\"elementor-container elementor-column-gap-default\">\n\t\t\t\t\t<div class=\"elementor-column elementor-col-100 elementor-top-column elementor-element elementor-element-6b29763\" data-id=\"6b29763\" data-element_type=\"column\" data-e-type=\"column\">\n\t\t\t<div class=\"elementor-widget-wrap elementor-element-populated\">\n\t\t\t\t\t\t<div class=\"elementor-element elementor-element-4b720127 elementor-widget elementor-widget-spacer\" data-id=\"4b720127\" data-element_type=\"widget\" data-e-type=\"widget\" data-widget_type=\"spacer.default\">\n\t\t\t\t<div class=\"elementor-widget-container\">\n\t\t\t\t\t\t\t<div class=\"elementor-spacer\">\n\t\t\t<div class=\"elementor-spacer-inner\"><\/div>\n\t\t<\/div>\n\t\t\t\t\t\t<\/div>\n\t\t\t\t<\/div>\n\t\t\t\t\t<\/div>\n\t\t<\/div>\n\t\t\t\t\t<\/div>\n\t\t<\/section>\n\t\t\t\t<section data-particle_enable=\"false\" data-particle-mobile-disabled=\"false\" class=\"elementor-section elementor-top-section elementor-element elementor-element-48fd1582 elementor-section-full_width elementor-section-height-default elementor-section-height-default\" data-id=\"48fd1582\" data-element_type=\"section\" data-e-type=\"section\">\n\t\t\t\t\t\t<div class=\"elementor-container elementor-column-gap-default\">\n\t\t\t\t\t<div class=\"elementor-column elementor-col-50 elementor-top-column elementor-element elementor-element-5ed6a080 elementor-hidden-mobile\" data-id=\"5ed6a080\" data-element_type=\"column\" data-e-type=\"column\">\n\t\t\t<div class=\"elementor-widget-wrap\">\n\t\t\t\t\t\t\t<\/div>\n\t\t<\/div>\n\t\t\t\t<div class=\"elementor-column elementor-col-50 elementor-top-column elementor-element elementor-element-19ac1a63\" data-id=\"19ac1a63\" data-element_type=\"column\" data-e-type=\"column\">\n\t\t\t<div class=\"elementor-widget-wrap elementor-element-populated\">\n\t\t\t\t\t\t<div class=\"elementor-element elementor-element-1739aff5 elementor-hidden-mobile elementor-widget elementor-widget-heading\" data-id=\"1739aff5\" data-element_type=\"widget\" data-e-type=\"widget\" data-widget_type=\"heading.default\">\n\t\t\t\t<div class=\"elementor-widget-container\">\n\t\t\t\t\t<h2 class=\"elementor-heading-title elementor-size-default\">Supported by<\/h2>\t\t\t\t<\/div>\n\t\t\t\t<\/div>\n\t\t\t\t\t<\/div>\n\t\t<\/div>\n\t\t\t\t\t<\/div>\n\t\t<\/section>\n\t\t\t\t<section data-particle_enable=\"false\" data-particle-mobile-disabled=\"false\" class=\"elementor-section elementor-top-section elementor-element elementor-element-12ec4c6b elementor-section-full_width elementor-hidden-mobile elementor-section-height-default elementor-section-height-default\" data-id=\"12ec4c6b\" data-element_type=\"section\" data-e-type=\"section\">\n\t\t\t\t\t\t<div class=\"elementor-container elementor-column-gap-default\">\n\t\t\t\t\t<div class=\"elementor-column elementor-col-50 elementor-top-column elementor-element elementor-element-56778d96\" data-id=\"56778d96\" data-element_type=\"column\" data-e-type=\"column\">\n\t\t\t<div class=\"elementor-widget-wrap\">\n\t\t\t\t\t\t\t<\/div>\n\t\t<\/div>\n\t\t\t\t<div class=\"elementor-column elementor-col-50 elementor-top-column elementor-element elementor-element-10533c7c\" data-id=\"10533c7c\" data-element_type=\"column\" data-e-type=\"column\">\n\t\t\t<div class=\"elementor-widget-wrap elementor-element-populated\">\n\t\t\t\t\t\t<div class=\"elementor-element elementor-element-44f1c393 elementor-widget elementor-widget-image\" data-id=\"44f1c393\" data-element_type=\"widget\" data-e-type=\"widget\" data-widget_type=\"image.default\">\n\t\t\t\t<div class=\"elementor-widget-container\">\n\t\t\t\t\t\t\t\t\t\t\t\t\t\t\t<img loading=\"lazy\" decoding=\"async\" width=\"1412\" height=\"14\" src=\"https:\/\/www.bremer-buendnis.de\/wp-content\/uploads\/2021\/11\/RoterPfeil.png\" class=\"attachment-full size-full wp-image-4458\" alt=\"\" srcset=\"https:\/\/www.bremer-buendnis.de\/wp-content\/uploads\/2021\/11\/RoterPfeil.png 1412w, https:\/\/www.bremer-buendnis.de\/wp-content\/uploads\/2021\/11\/RoterPfeil-300x3.png 300w, https:\/\/www.bremer-buendnis.de\/wp-content\/uploads\/2021\/11\/RoterPfeil-1024x10.png 1024w, https:\/\/www.bremer-buendnis.de\/wp-content\/uploads\/2021\/11\/RoterPfeil-768x8.png 768w\" sizes=\"100vw\" \/>\t\t\t\t\t\t\t\t\t\t\t\t\t\t\t<\/div>\n\t\t\t\t<\/div>\n\t\t\t\t\t<\/div>\n\t\t<\/div>\n\t\t\t\t\t<\/div>\n\t\t<\/section>\n\t\t\t\t<section data-particle_enable=\"false\" data-particle-mobile-disabled=\"false\" class=\"elementor-section elementor-top-section elementor-element elementor-element-34c12883 elementor-section-full_width elementor-section-height-default elementor-section-height-default\" data-id=\"34c12883\" data-element_type=\"section\" data-e-type=\"section\">\n\t\t\t\t\t\t<div class=\"elementor-container elementor-column-gap-default\">\n\t\t\t\t\t<div class=\"elementor-column elementor-col-33 elementor-top-column elementor-element elementor-element-7359095c\" data-id=\"7359095c\" data-element_type=\"column\" data-e-type=\"column\">\n\t\t\t<div class=\"elementor-widget-wrap\">\n\t\t\t\t\t\t\t<\/div>\n\t\t<\/div>\n\t\t\t\t<div class=\"elementor-column elementor-col-33 elementor-top-column elementor-element elementor-element-3473c7e2\" data-id=\"3473c7e2\" data-element_type=\"column\" data-e-type=\"column\">\n\t\t\t<div class=\"elementor-widget-wrap elementor-element-populated\">\n\t\t\t\t\t\t<div class=\"elementor-element elementor-element-d9a0f43 elementor-widget elementor-widget-image\" data-id=\"d9a0f43\" data-element_type=\"widget\" data-e-type=\"widget\" data-widget_type=\"image.default\">\n\t\t\t\t<div class=\"elementor-widget-container\">\n\t\t\t\t\t\t\t\t\t\t\t\t\t\t\t\t<a href=\"https:\/\/www.bremer-buendnis.de\/en\/\">\n\t\t\t\t\t\t\t<img loading=\"lazy\" decoding=\"async\" width=\"525\" height=\"180\" src=\"https:\/\/www.bremer-buendnis.de\/wp-content\/uploads\/2021\/11\/Logo_BremerBuendnis_rot.png\" class=\"attachment-large size-large wp-image-4461\" alt=\"\" srcset=\"https:\/\/www.bremer-buendnis.de\/wp-content\/uploads\/2021\/11\/Logo_BremerBuendnis_rot.png 627w, https:\/\/www.bremer-buendnis.de\/wp-content\/uploads\/2021\/11\/Logo_BremerBuendnis_rot-300x103.png 300w\" sizes=\"100vw\" \/>\t\t\t\t\t\t\t\t<\/a>\n\t\t\t\t\t\t\t\t\t\t\t\t\t\t\t<\/div>\n\t\t\t\t<\/div>\n\t\t\t\t\t<\/div>\n\t\t<\/div>\n\t\t\t\t<div class=\"elementor-column elementor-col-33 elementor-top-column elementor-element elementor-element-66e6eb6c\" data-id=\"66e6eb6c\" data-element_type=\"column\" data-e-type=\"column\">\n\t\t\t<div class=\"elementor-widget-wrap elementor-element-populated\">\n\t\t\t\t\t\t<div class=\"elementor-element elementor-element-24cee423 elementor-hidden-desktop elementor-hidden-tablet elementor-widget elementor-widget-heading\" data-id=\"24cee423\" data-element_type=\"widget\" data-e-type=\"widget\" data-widget_type=\"heading.default\">\n\t\t\t\t<div class=\"elementor-widget-container\">\n\t\t\t\t\t<h2 class=\"elementor-heading-title elementor-size-default\">Supported by<\/h2>\t\t\t\t<\/div>\n\t\t\t\t<\/div>\n\t\t\t\t<div class=\"elementor-element elementor-element-28d8c94c elementor-hidden-desktop elementor-hidden-tablet elementor-widget elementor-widget-image\" data-id=\"28d8c94c\" data-element_type=\"widget\" data-e-type=\"widget\" data-widget_type=\"image.default\">\n\t\t\t\t<div class=\"elementor-widget-container\">\n\t\t\t\t\t\t\t\t\t\t\t\t\t\t\t<img decoding=\"async\" width=\"525\" height=\"14\" src=\"https:\/\/www.bremer-buendnis.de\/wp-content\/uploads\/2021\/11\/Oidw-Pfeil-klein-rot.png\" class=\"attachment-large size-large wp-image-4527\" alt=\"\" srcset=\"https:\/\/www.bremer-buendnis.de\/wp-content\/uploads\/2021\/11\/Oidw-Pfeil-klein-rot.png 1000w, https:\/\/www.bremer-buendnis.de\/wp-content\/uploads\/2021\/11\/Oidw-Pfeil-klein-rot-300x8.png 300w, https:\/\/www.bremer-buendnis.de\/wp-content\/uploads\/2021\/11\/Oidw-Pfeil-klein-rot-768x21.png 768w\" sizes=\"100vw\" \/>\t\t\t\t\t\t\t\t\t\t\t\t\t\t\t<\/div>\n\t\t\t\t<\/div>\n\t\t\t\t<section data-particle_enable=\"false\" data-particle-mobile-disabled=\"false\" class=\"elementor-section elementor-inner-section elementor-element elementor-element-5eabbfe1 elementor-section-boxed elementor-section-height-default elementor-section-height-default\" data-id=\"5eabbfe1\" data-element_type=\"section\" data-e-type=\"section\">\n\t\t\t\t\t\t<div class=\"elementor-container elementor-column-gap-default\">\n\t\t\t\t\t<div class=\"elementor-column elementor-col-50 elementor-inner-column elementor-element elementor-element-1d604704\" data-id=\"1d604704\" data-element_type=\"column\" data-e-type=\"column\">\n\t\t\t<div class=\"elementor-widget-wrap elementor-element-populated\">\n\t\t\t\t\t\t<div class=\"elementor-element elementor-element-3e6c38e7 elementor-widget elementor-widget-gallery\" data-id=\"3e6c38e7\" data-element_type=\"widget\" data-e-type=\"widget\" data-settings=\"{&quot;gallery_layout&quot;:&quot;justified&quot;,&quot;ideal_row_height&quot;:{&quot;unit&quot;:&quot;px&quot;,&quot;size&quot;:50,&quot;sizes&quot;:[]},&quot;ideal_row_height_tablet&quot;:{&quot;unit&quot;:&quot;px&quot;,&quot;size&quot;:65,&quot;sizes&quot;:[]},&quot;ideal_row_height_mobile&quot;:{&quot;unit&quot;:&quot;px&quot;,&quot;size&quot;:70,&quot;sizes&quot;:[]},&quot;gap&quot;:{&quot;unit&quot;:&quot;px&quot;,&quot;size&quot;:30,&quot;sizes&quot;:[]},&quot;gap_tablet&quot;:{&quot;unit&quot;:&quot;px&quot;,&quot;size&quot;:5,&quot;sizes&quot;:[]},&quot;gap_mobile&quot;:{&quot;unit&quot;:&quot;px&quot;,&quot;size&quot;:5,&quot;sizes&quot;:[]},&quot;lazyload&quot;:&quot;yes&quot;,&quot;link_to&quot;:&quot;file&quot;,&quot;overlay_background&quot;:&quot;yes&quot;,&quot;content_hover_animation&quot;:&quot;fade-in&quot;}\" data-widget_type=\"gallery.default\">\n\t\t\t\t<div class=\"elementor-widget-container\">\n\t\t\t\t\t\t\t<div class=\"elementor-gallery__container\">\n\t\t\t\t\t\t\t<a class=\"e-gallery-item elementor-gallery-item elementor-animated-content\" href=\"https:\/\/www.bremer-buendnis.de\/wp-content\/uploads\/2021\/11\/BundesstiftungAufarbeitung.png\" data-elementor-open-lightbox=\"yes\" data-elementor-lightbox-slideshow=\"3e6c38e7\" data-elementor-lightbox-title=\"BundesstiftungAufarbeitung\" data-e-action-hash=\"#elementor-action%3Aaction%3Dlightbox%26settings%3DeyJpZCI6NTA5LCJ1cmwiOiJodHRwczpcL1wvd3d3LmJyZW1lci1idWVuZG5pcy5kZVwvd3AtY29udGVudFwvdXBsb2Fkc1wvMjAyMVwvMTFcL0J1bmRlc3N0aWZ0dW5nQXVmYXJiZWl0dW5nLnBuZyIsInNsaWRlc2hvdyI6IjNlNmMzOGU3In0%3D\" data-lbwps-width=\"498\" data-lbwps-height=\"200\" data-lbwps-srcsmall=\"https:\/\/www.bremer-buendnis.de\/wp-content\/uploads\/2021\/11\/BundesstiftungAufarbeitung-300x120.png\" data-lbwps-title=\"BundesstiftungAufarbeitung\">\n\t\t\t\t\t<div class=\"e-gallery-image elementor-gallery-item__image\" data-thumbnail=\"https:\/\/www.bremer-buendnis.de\/wp-content\/uploads\/2021\/11\/BundesstiftungAufarbeitung.png\" data-width=\"498\" data-height=\"200\" aria-label=\"\" role=\"img\" ><\/div>\n\t\t\t\t\t\t\t\t\t\t\t<div class=\"elementor-gallery-item__overlay\"><\/div>\n\t\t\t\t\t\t\t\t\t\t\t\t\t\t<\/a>\n\t\t\t\t\t\t\t<a class=\"e-gallery-item elementor-gallery-item elementor-animated-content\" href=\"https:\/\/www.bremer-buendnis.de\/wp-content\/uploads\/2021\/11\/ArbeitnehmerkammerBremen.png\" data-elementor-open-lightbox=\"yes\" data-elementor-lightbox-slideshow=\"3e6c38e7\" data-elementor-lightbox-title=\"ArbeitnehmerkammerBremen\" data-e-action-hash=\"#elementor-action%3Aaction%3Dlightbox%26settings%3DeyJpZCI6NTA4LCJ1cmwiOiJodHRwczpcL1wvd3d3LmJyZW1lci1idWVuZG5pcy5kZVwvd3AtY29udGVudFwvdXBsb2Fkc1wvMjAyMVwvMTFcL0FyYmVpdG5laG1lcmthbW1lckJyZW1lbi5wbmciLCJzbGlkZXNob3ciOiIzZTZjMzhlNyJ9\" data-lbwps-width=\"196\" data-lbwps-height=\"200\" data-lbwps-srcsmall=\"https:\/\/www.bremer-buendnis.de\/wp-content\/uploads\/2021\/11\/ArbeitnehmerkammerBremen.png\" data-lbwps-title=\"ArbeitnehmerkammerBremen\">\n\t\t\t\t\t<div class=\"e-gallery-image elementor-gallery-item__image\" data-thumbnail=\"https:\/\/www.bremer-buendnis.de\/wp-content\/uploads\/2021\/11\/ArbeitnehmerkammerBremen.png\" data-width=\"196\" data-height=\"200\" aria-label=\"\" role=\"img\" ><\/div>\n\t\t\t\t\t\t\t\t\t\t\t<div class=\"elementor-gallery-item__overlay\"><\/div>\n\t\t\t\t\t\t\t\t\t\t\t\t\t\t<\/a>\n\t\t\t\t\t\t\t<a class=\"e-gallery-item elementor-gallery-item elementor-animated-content\" href=\"https:\/\/www.bremer-buendnis.de\/wp-content\/uploads\/2021\/09\/Hollweg.jpg\" data-elementor-open-lightbox=\"yes\" data-elementor-lightbox-slideshow=\"3e6c38e7\" data-elementor-lightbox-title=\"Karin und Uwe Hollweg Stiftung\" data-e-action-hash=\"#elementor-action%3Aaction%3Dlightbox%26settings%3DeyJpZCI6MzM3LCJ1cmwiOiJodHRwczpcL1wvd3d3LmJyZW1lci1idWVuZG5pcy5kZVwvd3AtY29udGVudFwvdXBsb2Fkc1wvMjAyMVwvMDlcL0hvbGx3ZWcuanBnIiwic2xpZGVzaG93IjoiM2U2YzM4ZTcifQ%3D%3D\" data-lbwps-width=\"1250\" data-lbwps-height=\"711\" data-lbwps-srcsmall=\"https:\/\/www.bremer-buendnis.de\/wp-content\/uploads\/2021\/09\/Hollweg-300x171.jpg\" data-lbwps-title=\"Karin und Uwe Hollweg Stiftung\">\n\t\t\t\t\t<div class=\"e-gallery-image elementor-gallery-item__image\" data-thumbnail=\"https:\/\/www.bremer-buendnis.de\/wp-content\/uploads\/2021\/09\/Hollweg-1024x582.jpg\" data-width=\"525\" data-height=\"298\" aria-label=\"Karin und Uwe Hollweg Stiftung\" role=\"img\" ><\/div>\n\t\t\t\t\t\t\t\t\t\t\t<div class=\"elementor-gallery-item__overlay\"><\/div>\n\t\t\t\t\t\t\t\t\t\t\t\t\t\t<\/a>\n\t\t\t\t\t\t\t<a class=\"e-gallery-item elementor-gallery-item elementor-animated-content\" href=\"https:\/\/www.bremer-buendnis.de\/wp-content\/uploads\/2024\/01\/DTZF_GRUNDLOGO_DE.png\" data-elementor-open-lightbox=\"yes\" data-elementor-lightbox-slideshow=\"3e6c38e7\" data-elementor-lightbox-title=\"DTZF_GRUNDLOGO_DE.png\" data-e-action-hash=\"#elementor-action%3Aaction%3Dlightbox%26settings%3DeyJpZCI6MjEzNCwidXJsIjoiaHR0cHM6XC9cL3d3dy5icmVtZXItYnVlbmRuaXMuZGVcL3dwLWNvbnRlbnRcL3VwbG9hZHNcLzIwMjRcLzAxXC9EVFpGX0dSVU5ETE9HT19ERS5wbmciLCJzbGlkZXNob3ciOiIzZTZjMzhlNyJ9\" data-lbwps-width=\"6652\" data-lbwps-height=\"4169\" data-lbwps-srcsmall=\"https:\/\/www.bremer-buendnis.de\/wp-content\/uploads\/2024\/01\/DTZF_GRUNDLOGO_DE-300x188.png\" data-lbwps-title=\"DTZF_GRUNDLOGO_DE.png\">\n\t\t\t\t\t<div class=\"e-gallery-image elementor-gallery-item__image\" data-thumbnail=\"https:\/\/www.bremer-buendnis.de\/wp-content\/uploads\/2024\/01\/DTZF_GRUNDLOGO_DE-1024x642.png\" data-width=\"525\" data-height=\"329\" aria-label=\"\" role=\"img\" ><\/div>\n\t\t\t\t\t\t\t\t\t\t\t<div class=\"elementor-gallery-item__overlay\"><\/div>\n\t\t\t\t\t\t\t\t\t\t\t\t\t\t<\/a>\n\t\t\t\t\t<\/div>\n\t\t\t\t\t<\/div>\n\t\t\t\t<\/div>\n\t\t\t\t\t<\/div>\n\t\t<\/div>\n\t\t\t\t<div class=\"elementor-column elementor-col-50 elementor-inner-column elementor-element elementor-element-1a7b550e elementor-hidden-tablet elementor-hidden-mobile\" data-id=\"1a7b550e\" data-element_type=\"column\" data-e-type=\"column\">\n\t\t\t<div class=\"elementor-widget-wrap\">\n\t\t\t\t\t\t\t<\/div>\n\t\t<\/div>\n\t\t\t\t\t<\/div>\n\t\t<\/section>\n\t\t\t\t\t<\/div>\n\t\t<\/div>\n\t\t\t\t\t<\/div>\n\t\t<\/section>\n\t\t\t\t<section data-particle_enable=\"false\" data-particle-mobile-disabled=\"false\" class=\"elementor-section elementor-top-section elementor-element elementor-element-31919496 elementor-section-boxed elementor-section-height-default elementor-section-height-default\" data-id=\"31919496\" data-element_type=\"section\" data-e-type=\"section\">\n\t\t\t\t\t\t<div class=\"elementor-container elementor-column-gap-default\">\n\t\t\t\t\t<div class=\"elementor-column elementor-col-50 elementor-top-column elementor-element elementor-element-64e382cb\" data-id=\"64e382cb\" data-element_type=\"column\" data-e-type=\"column\">\n\t\t\t<div class=\"elementor-widget-wrap elementor-element-populated\">\n\t\t\t\t\t\t<div class=\"elementor-element elementor-element-535a4c37 elementor-widget elementor-widget-heading\" data-id=\"535a4c37\" data-element_type=\"widget\" data-e-type=\"widget\" data-widget_type=\"heading.default\">\n\t\t\t\t<div class=\"elementor-widget-container\">\n\t\t\t\t\t<h2 class=\"elementor-heading-title elementor-size-default\">Address<\/h2>\t\t\t\t<\/div>\n\t\t\t\t<\/div>\n\t\t\t\t<div class=\"elementor-element elementor-element-5080b291 elementor-widget elementor-widget-text-editor\" data-id=\"5080b291\" data-element_type=\"widget\" data-e-type=\"widget\" data-widget_type=\"text-editor.default\">\n\t\t\t\t<div class=\"elementor-widget-container\">\n\t\t\t\t\t\t\t\t\t<p>Am Schwarzen Meer 119<br \/>28205 Bremen, Germany<\/p>\n\t\t\t\t\t\t\t\t<\/div>\n\t\t\t\t<\/div>\n\t\t\t\t<div class=\"elementor-element elementor-element-c4f6988 elementor-nav-menu--dropdown-none elementor-widget elementor-widget-global elementor-global-1154 elementor-widget-nav-menu\" data-id=\"c4f6988\" data-element_type=\"widget\" data-e-type=\"widget\" data-settings=\"{&quot;layout&quot;:&quot;vertical&quot;,&quot;submenu_icon&quot;:{&quot;value&quot;:&quot;fas fa-caret-down&quot;,&quot;library&quot;:&quot;fa-solid&quot;}}\" data-widget_type=\"nav-menu.default\">\n\t\t\t\t<div class=\"elementor-widget-container\">\n\t\t\t\t\t\t\t\t<nav aria-label=\"Menu\" class=\"elementor-nav-menu--main elementor-nav-menu__container elementor-nav-menu--layout-vertical e--pointer-underline e--animation-fade\">\n\t\t\t\t<ul id=\"menu-1-c4f6988\" class=\"elementor-nav-menu sm-vertical\"><li class=\"menu-item menu-item-type-post_type menu-item-object-page menu-item-5811\"><a href=\"https:\/\/www.bremer-buendnis.de\/en\/imprint\/\" class=\"elementor-item\">Imprint<\/a><\/li>\n<li class=\"menu-item menu-item-type-post_type menu-item-object-page menu-item-5812\"><a href=\"https:\/\/www.bremer-buendnis.de\/en\/privacy-policy\/\" class=\"elementor-item\">Privacy policy<\/a><\/li>\n<\/ul>\t\t\t<\/nav>\n\t\t\t\t\t\t<nav class=\"elementor-nav-menu--dropdown elementor-nav-menu__container\" aria-hidden=\"true\">\n\t\t\t\t<ul id=\"menu-2-c4f6988\" class=\"elementor-nav-menu sm-vertical\"><li class=\"menu-item menu-item-type-post_type menu-item-object-page menu-item-5811\"><a href=\"https:\/\/www.bremer-buendnis.de\/en\/imprint\/\" class=\"elementor-item\" tabindex=\"-1\">Imprint<\/a><\/li>\n<li class=\"menu-item menu-item-type-post_type menu-item-object-page menu-item-5812\"><a href=\"https:\/\/www.bremer-buendnis.de\/en\/privacy-policy\/\" class=\"elementor-item\" tabindex=\"-1\">Privacy policy<\/a><\/li>\n<\/ul>\t\t\t<\/nav>\n\t\t\t\t\t\t<\/div>\n\t\t\t\t<\/div>\n\t\t\t\t<div class=\"elementor-element elementor-element-5ba708b elementor-shape-circle e-grid-align-left elementor-grid-0 elementor-widget elementor-widget-global elementor-global-1157 elementor-widget-social-icons\" data-id=\"5ba708b\" data-element_type=\"widget\" data-e-type=\"widget\" data-widget_type=\"social-icons.default\">\n\t\t\t\t<div class=\"elementor-widget-container\">\n\t\t\t\t\t\t\t<div class=\"elementor-social-icons-wrapper elementor-grid\" role=\"list\">\n\t\t\t\t\t\t\t<span class=\"elementor-grid-item\" role=\"listitem\">\n\t\t\t\t\t<a class=\"elementor-icon elementor-social-icon elementor-social-icon-facebook elementor-animation-grow elementor-repeater-item-dbd9139\" href=\"https:\/\/www.facebook.com\/SoMachtManFruehling\/\" target=\"_blank\">\n\t\t\t\t\t\t<span class=\"elementor-screen-only\">Facebook<\/span>\n\t\t\t\t\t\t<i aria-hidden=\"true\" class=\"fab fa-facebook\"><\/i>\t\t\t\t\t<\/a>\n\t\t\t\t<\/span>\n\t\t\t\t\t\t\t<span class=\"elementor-grid-item\" role=\"listitem\">\n\t\t\t\t\t<a class=\"elementor-icon elementor-social-icon elementor-social-icon-envelope elementor-animation-grow elementor-repeater-item-0a72528\" href=\"mailto:andrea@bremer-buendnis.de\" target=\"_blank\">\n\t\t\t\t\t\t<span class=\"elementor-screen-only\">Envelope<\/span>\n\t\t\t\t\t\t<i aria-hidden=\"true\" class=\"fas fa-envelope\"><\/i>\t\t\t\t\t<\/a>\n\t\t\t\t<\/span>\n\t\t\t\t\t<\/div>\n\t\t\t\t\t\t<\/div>\n\t\t\t\t<\/div>\n\t\t\t\t\t<\/div>\n\t\t<\/div>\n\t\t\t\t<div class=\"elementor-column elementor-col-50 elementor-top-column elementor-element elementor-element-211f2e6a\" data-id=\"211f2e6a\" data-element_type=\"column\" data-e-type=\"column\">\n\t\t\t<div class=\"elementor-widget-wrap elementor-element-populated\">\n\t\t\t\t\t\t<div class=\"elementor-element elementor-element-d079352 elementor-widget elementor-widget-wp-widget-search\" data-id=\"d079352\" data-element_type=\"widget\" data-e-type=\"widget\" data-widget_type=\"wp-widget-search.default\">\n\t\t\t\t<div class=\"elementor-widget-container\">\n\t\t\t\t\t\n\n<form role=\"search\" method=\"get\" class=\"search-form\" action=\"https:\/\/www.bremer-buendnis.de\/en\/\">\n\t<label for=\"search-form-1\">\n\t\t<span class=\"screen-reader-text\">\n\t\t\tSearch for:\t\t<\/span>\n\t<\/label>\n\t<input type=\"search\" id=\"search-form-1\" class=\"search-field\" placeholder=\"Search &hellip;\" value=\"\" name=\"s\" \/>\n\t<button type=\"submit\" class=\"search-submit\"><svg class=\"icon icon-search\" aria-hidden=\"true\" role=\"img\"> <use href=\"#icon-search\" xlink:href=\"#icon-search\"><\/use> <\/svg><span class=\"screen-reader-text\">\n\t\tSearch\t<\/span><\/button>\n<\/form>\n\t\t\t\t<\/div>\n\t\t\t\t<\/div>\n\t\t\t\t\t<\/div>\n\t\t<\/div>\n\t\t\t\t\t<\/div>\n\t\t<\/section>\n\t\t\t\t<\/div>\n\t\t","protected":false},"excerpt":{"rendered":"<p>contemporary witnesses &#8211; to the individual pages GDR and FRG This exhibition not only deals with the perspectives of the refugees, but also looks at the experiences of the people who were politically involved in these events on both the Federal Republic and the GDR side. In the summer and fall of 1989, Gregor Gysi &hellip; <\/p>\n<p class=\"link-more\"><a href=\"https:\/\/www.bremer-buendnis.de\/en\/gdr-and-frg\/\" class=\"more-link\">Continue reading<span class=\"screen-reader-text\"> &#8220;GDR and FRG&#8221;<\/span><\/a><\/p>\n","protected":false},"author":3,"featured_media":0,"parent":0,"menu_order":0,"comment_status":"closed","ping_status":"closed","template":"elementor_canvas","meta":{"footnotes":"","_links_to":"","_links_to_target":""},"class_list":["post-6039","page","type-page","status-publish","hentry"],"yoast_head":"<!-- This site is optimized with the Yoast SEO plugin v27.2 - https:\/\/yoast.com\/product\/yoast-seo-wordpress\/ -->\n<title>GDR and FRG - Bremer B\u00fcndnis f\u00fcr deutsch-tschechische Zusammenarbeit<\/title>\n<meta name=\"robots\" content=\"index, follow, max-snippet:-1, max-image-preview:large, max-video-preview:-1\" \/>\n<link rel=\"canonical\" href=\"https:\/\/www.bremer-buendnis.de\/en\/gdr-and-frg\/\" \/>\n<meta property=\"og:locale\" content=\"en_US\" \/>\n<meta property=\"og:type\" content=\"article\" \/>\n<meta property=\"og:title\" content=\"GDR and FRG - Bremer B\u00fcndnis f\u00fcr deutsch-tschechische Zusammenarbeit\" \/>\n<meta property=\"og:description\" content=\"contemporary witnesses &#8211; to the individual pages GDR and FRG This exhibition not only deals with the perspectives of the refugees, but also looks at the experiences of the people who were politically involved in these events on both the Federal Republic and the GDR side. In the summer and fall of 1989, Gregor Gysi &hellip; Continue reading &quot;GDR and FRG&quot;\" \/>\n<meta property=\"og:url\" content=\"https:\/\/www.bremer-buendnis.de\/en\/gdr-and-frg\/\" \/>\n<meta property=\"og:site_name\" content=\"Bremer B\u00fcndnis f\u00fcr deutsch-tschechische Zusammenarbeit\" \/>\n<meta property=\"article:modified_time\" content=\"2025-02-19T15:54:38+00:00\" \/>\n<meta property=\"og:image\" content=\"https:\/\/www.bremer-buendnis.de\/wp-content\/uploads\/2019\/12\/BB_Logo-long_white-e1575902266916.png\" \/>\n\t<meta property=\"og:image:width\" content=\"1840\" \/>\n\t<meta property=\"og:image:height\" content=\"714\" \/>\n\t<meta property=\"og:image:type\" content=\"image\/png\" \/>\n<meta name=\"twitter:card\" content=\"summary_large_image\" \/>\n<meta name=\"twitter:label1\" content=\"Est. reading time\" \/>\n\t<meta name=\"twitter:data1\" content=\"6 minutes\" \/>\n<script type=\"application\/ld+json\" class=\"yoast-schema-graph\">{\"@context\":\"https:\/\/schema.org\",\"@graph\":[{\"@type\":\"WebPage\",\"@id\":\"https:\/\/www.bremer-buendnis.de\/en\/gdr-and-frg\/\",\"url\":\"https:\/\/www.bremer-buendnis.de\/en\/gdr-and-frg\/\",\"name\":\"GDR and FRG - Bremer B\u00fcndnis f\u00fcr deutsch-tschechische Zusammenarbeit\",\"isPartOf\":{\"@id\":\"https:\/\/www.bremer-buendnis.de\/en\/#website\"},\"primaryImageOfPage\":{\"@id\":\"https:\/\/www.bremer-buendnis.de\/en\/gdr-and-frg\/#primaryimage\"},\"image\":{\"@id\":\"https:\/\/www.bremer-buendnis.de\/en\/gdr-and-frg\/#primaryimage\"},\"thumbnailUrl\":\"https:\/\/www.bremer-buendnis.de\/wp-content\/uploads\/2019\/12\/BB_Logo-long_white-e1575902266916-1024x397.png\",\"datePublished\":\"2021-11-10T23:06:12+00:00\",\"dateModified\":\"2025-02-19T15:54:38+00:00\",\"breadcrumb\":{\"@id\":\"https:\/\/www.bremer-buendnis.de\/en\/gdr-and-frg\/#breadcrumb\"},\"inLanguage\":\"en-US\",\"potentialAction\":[{\"@type\":\"ReadAction\",\"target\":[\"https:\/\/www.bremer-buendnis.de\/en\/gdr-and-frg\/\"]}]},{\"@type\":\"ImageObject\",\"inLanguage\":\"en-US\",\"@id\":\"https:\/\/www.bremer-buendnis.de\/en\/gdr-and-frg\/#primaryimage\",\"url\":\"https:\/\/www.bremer-buendnis.de\/wp-content\/uploads\/2019\/12\/BB_Logo-long_white-e1575902266916-1024x397.png\",\"contentUrl\":\"https:\/\/www.bremer-buendnis.de\/wp-content\/uploads\/2019\/12\/BB_Logo-long_white-e1575902266916-1024x397.png\"},{\"@type\":\"BreadcrumbList\",\"@id\":\"https:\/\/www.bremer-buendnis.de\/en\/gdr-and-frg\/#breadcrumb\",\"itemListElement\":[{\"@type\":\"ListItem\",\"position\":1,\"name\":\"Startseite\",\"item\":\"https:\/\/www.bremer-buendnis.de\/en\/home-page\/\"},{\"@type\":\"ListItem\",\"position\":2,\"name\":\"GDR and FRG\"}]},{\"@type\":\"WebSite\",\"@id\":\"https:\/\/www.bremer-buendnis.de\/en\/#website\",\"url\":\"https:\/\/www.bremer-buendnis.de\/en\/\",\"name\":\"Bremer B\u00fcndnis f\u00fcr deutsch-tschechische Zusammenarbeit\",\"description\":\"Das Bremer B\u00fcndnis f\u00fcr deutsch-tschechische Zusammenarbeit e.V. b\u00fcndelt Ideen und Aktivit\u00e4ten mit dem Ziel, die deutsch-tschechische Zusammenarbeit zu f\u00f6rdern und deren Akteure zu vernetzen.\",\"publisher\":{\"@id\":\"https:\/\/www.bremer-buendnis.de\/en\/#organization\"},\"potentialAction\":[{\"@type\":\"SearchAction\",\"target\":{\"@type\":\"EntryPoint\",\"urlTemplate\":\"https:\/\/www.bremer-buendnis.de\/en\/?s={search_term_string}\"},\"query-input\":{\"@type\":\"PropertyValueSpecification\",\"valueRequired\":true,\"valueName\":\"search_term_string\"}}],\"inLanguage\":\"en-US\"},{\"@type\":\"Organization\",\"@id\":\"https:\/\/www.bremer-buendnis.de\/en\/#organization\",\"name\":\"Bremer B\u00fcndnis f\u00fcr deutsch-tschechische Zusammenarbeit\",\"url\":\"https:\/\/www.bremer-buendnis.de\/en\/\",\"logo\":{\"@type\":\"ImageObject\",\"inLanguage\":\"en-US\",\"@id\":\"https:\/\/www.bremer-buendnis.de\/en\/#\/schema\/logo\/image\/\",\"url\":\"https:\/\/www.bremer-buendnis.de\/wp-content\/uploads\/2019\/12\/cropped-BB_Logo-long_white-1.png\",\"contentUrl\":\"https:\/\/www.bremer-buendnis.de\/wp-content\/uploads\/2019\/12\/cropped-BB_Logo-long_white-1.png\",\"width\":691,\"height\":250,\"caption\":\"Bremer B\u00fcndnis f\u00fcr deutsch-tschechische Zusammenarbeit\"},\"image\":{\"@id\":\"https:\/\/www.bremer-buendnis.de\/en\/#\/schema\/logo\/image\/\"}}]}<\/script>\n<!-- \/ Yoast SEO plugin. -->","yoast_head_json":{"title":"GDR and FRG - Bremer B\u00fcndnis f\u00fcr deutsch-tschechische Zusammenarbeit","robots":{"index":"index","follow":"follow","max-snippet":"max-snippet:-1","max-image-preview":"max-image-preview:large","max-video-preview":"max-video-preview:-1"},"canonical":"https:\/\/www.bremer-buendnis.de\/en\/gdr-and-frg\/","og_locale":"en_US","og_type":"article","og_title":"GDR and FRG - Bremer B\u00fcndnis f\u00fcr deutsch-tschechische Zusammenarbeit","og_description":"contemporary witnesses &#8211; to the individual pages GDR and FRG This exhibition not only deals with the perspectives of the refugees, but also looks at the experiences of the people who were politically involved in these events on both the Federal Republic and the GDR side. In the summer and fall of 1989, Gregor Gysi &hellip; Continue reading \"GDR and FRG\"","og_url":"https:\/\/www.bremer-buendnis.de\/en\/gdr-and-frg\/","og_site_name":"Bremer B\u00fcndnis f\u00fcr deutsch-tschechische Zusammenarbeit","article_modified_time":"2025-02-19T15:54:38+00:00","og_image":[{"width":1840,"height":714,"url":"https:\/\/www.bremer-buendnis.de\/wp-content\/uploads\/2019\/12\/BB_Logo-long_white-e1575902266916.png","type":"image\/png"}],"twitter_card":"summary_large_image","twitter_misc":{"Est. reading time":"6 minutes"},"schema":{"@context":"https:\/\/schema.org","@graph":[{"@type":"WebPage","@id":"https:\/\/www.bremer-buendnis.de\/en\/gdr-and-frg\/","url":"https:\/\/www.bremer-buendnis.de\/en\/gdr-and-frg\/","name":"GDR and FRG - Bremer B\u00fcndnis f\u00fcr deutsch-tschechische Zusammenarbeit","isPartOf":{"@id":"https:\/\/www.bremer-buendnis.de\/en\/#website"},"primaryImageOfPage":{"@id":"https:\/\/www.bremer-buendnis.de\/en\/gdr-and-frg\/#primaryimage"},"image":{"@id":"https:\/\/www.bremer-buendnis.de\/en\/gdr-and-frg\/#primaryimage"},"thumbnailUrl":"https:\/\/www.bremer-buendnis.de\/wp-content\/uploads\/2019\/12\/BB_Logo-long_white-e1575902266916-1024x397.png","datePublished":"2021-11-10T23:06:12+00:00","dateModified":"2025-02-19T15:54:38+00:00","breadcrumb":{"@id":"https:\/\/www.bremer-buendnis.de\/en\/gdr-and-frg\/#breadcrumb"},"inLanguage":"en-US","potentialAction":[{"@type":"ReadAction","target":["https:\/\/www.bremer-buendnis.de\/en\/gdr-and-frg\/"]}]},{"@type":"ImageObject","inLanguage":"en-US","@id":"https:\/\/www.bremer-buendnis.de\/en\/gdr-and-frg\/#primaryimage","url":"https:\/\/www.bremer-buendnis.de\/wp-content\/uploads\/2019\/12\/BB_Logo-long_white-e1575902266916-1024x397.png","contentUrl":"https:\/\/www.bremer-buendnis.de\/wp-content\/uploads\/2019\/12\/BB_Logo-long_white-e1575902266916-1024x397.png"},{"@type":"BreadcrumbList","@id":"https:\/\/www.bremer-buendnis.de\/en\/gdr-and-frg\/#breadcrumb","itemListElement":[{"@type":"ListItem","position":1,"name":"Startseite","item":"https:\/\/www.bremer-buendnis.de\/en\/home-page\/"},{"@type":"ListItem","position":2,"name":"GDR and FRG"}]},{"@type":"WebSite","@id":"https:\/\/www.bremer-buendnis.de\/en\/#website","url":"https:\/\/www.bremer-buendnis.de\/en\/","name":"Bremer B\u00fcndnis f\u00fcr deutsch-tschechische Zusammenarbeit","description":"Das Bremer B\u00fcndnis f\u00fcr deutsch-tschechische Zusammenarbeit e.V. b\u00fcndelt Ideen und Aktivit\u00e4ten mit dem Ziel, die deutsch-tschechische Zusammenarbeit zu f\u00f6rdern und deren Akteure zu vernetzen.","publisher":{"@id":"https:\/\/www.bremer-buendnis.de\/en\/#organization"},"potentialAction":[{"@type":"SearchAction","target":{"@type":"EntryPoint","urlTemplate":"https:\/\/www.bremer-buendnis.de\/en\/?s={search_term_string}"},"query-input":{"@type":"PropertyValueSpecification","valueRequired":true,"valueName":"search_term_string"}}],"inLanguage":"en-US"},{"@type":"Organization","@id":"https:\/\/www.bremer-buendnis.de\/en\/#organization","name":"Bremer B\u00fcndnis f\u00fcr deutsch-tschechische Zusammenarbeit","url":"https:\/\/www.bremer-buendnis.de\/en\/","logo":{"@type":"ImageObject","inLanguage":"en-US","@id":"https:\/\/www.bremer-buendnis.de\/en\/#\/schema\/logo\/image\/","url":"https:\/\/www.bremer-buendnis.de\/wp-content\/uploads\/2019\/12\/cropped-BB_Logo-long_white-1.png","contentUrl":"https:\/\/www.bremer-buendnis.de\/wp-content\/uploads\/2019\/12\/cropped-BB_Logo-long_white-1.png","width":691,"height":250,"caption":"Bremer B\u00fcndnis f\u00fcr deutsch-tschechische Zusammenarbeit"},"image":{"@id":"https:\/\/www.bremer-buendnis.de\/en\/#\/schema\/logo\/image\/"}}]}},"_links":{"self":[{"href":"https:\/\/www.bremer-buendnis.de\/en\/wp-json\/wp\/v2\/pages\/6039","targetHints":{"allow":["GET"]}}],"collection":[{"href":"https:\/\/www.bremer-buendnis.de\/en\/wp-json\/wp\/v2\/pages"}],"about":[{"href":"https:\/\/www.bremer-buendnis.de\/en\/wp-json\/wp\/v2\/types\/page"}],"author":[{"embeddable":true,"href":"https:\/\/www.bremer-buendnis.de\/en\/wp-json\/wp\/v2\/users\/3"}],"replies":[{"embeddable":true,"href":"https:\/\/www.bremer-buendnis.de\/en\/wp-json\/wp\/v2\/comments?post=6039"}],"version-history":[{"count":1,"href":"https:\/\/www.bremer-buendnis.de\/en\/wp-json\/wp\/v2\/pages\/6039\/revisions"}],"predecessor-version":[{"id":6040,"href":"https:\/\/www.bremer-buendnis.de\/en\/wp-json\/wp\/v2\/pages\/6039\/revisions\/6040"}],"wp:attachment":[{"href":"https:\/\/www.bremer-buendnis.de\/en\/wp-json\/wp\/v2\/media?parent=6039"}],"curies":[{"name":"wp","href":"https:\/\/api.w.org\/{rel}","templated":true}]}}