{"id":6047,"date":"2021-09-23T12:18:47","date_gmt":"2021-09-23T10:18:47","guid":{"rendered":"https:\/\/www.bremer-buendnis.de\/heiko-strohmann\/"},"modified":"2025-02-19T16:57:43","modified_gmt":"2025-02-19T15:57:43","slug":"heiko-strohmann","status":"publish","type":"page","link":"https:\/\/www.bremer-buendnis.de\/en\/heiko-strohmann\/","title":{"rendered":"Heiko Strohmann"},"content":{"rendered":"\t\t<div data-elementor-type=\"wp-page\" data-elementor-id=\"6047\" class=\"elementor elementor-6047 elementor-386\" data-elementor-post-type=\"page\">\n\t\t\t\t\t\t<section data-particle_enable=\"false\" data-particle-mobile-disabled=\"false\" class=\"elementor-section elementor-top-section elementor-element elementor-element-4ba1bf3e elementor-section-full_width elementor-section-height-default elementor-section-height-default\" data-id=\"4ba1bf3e\" data-element_type=\"section\" data-e-type=\"section\" data-settings=\"{&quot;background_background&quot;:&quot;classic&quot;}\">\n\t\t\t\t\t\t<div class=\"elementor-container elementor-column-gap-default\">\n\t\t\t\t\t<div class=\"elementor-column elementor-col-33 elementor-top-column elementor-element elementor-element-4c4b18a\" data-id=\"4c4b18a\" data-element_type=\"column\" data-e-type=\"column\">\n\t\t\t<div class=\"elementor-widget-wrap\">\n\t\t\t\t\t\t\t<\/div>\n\t\t<\/div>\n\t\t\t\t<div class=\"elementor-column elementor-col-33 elementor-top-column elementor-element elementor-element-2bd610df\" data-id=\"2bd610df\" data-element_type=\"column\" data-e-type=\"column\">\n\t\t\t<div class=\"elementor-widget-wrap elementor-element-populated\">\n\t\t\t\t\t\t<div class=\"elementor-element elementor-element-faacb7 elementor-widget elementor-widget-image\" data-id=\"faacb7\" data-element_type=\"widget\" data-e-type=\"widget\" data-widget_type=\"image.default\">\n\t\t\t\t<div class=\"elementor-widget-container\">\n\t\t\t\t\t\t\t\t\t\t\t\t\t\t\t<img fetchpriority=\"high\" decoding=\"async\" width=\"525\" height=\"204\" src=\"https:\/\/www.bremer-buendnis.de\/wp-content\/uploads\/2019\/12\/BB_Logo-long_white-e1575902266916-1024x397.png\" class=\"attachment-large size-large wp-image-4125\" alt=\"\" srcset=\"https:\/\/www.bremer-buendnis.de\/wp-content\/uploads\/2019\/12\/BB_Logo-long_white-e1575902266916-1024x397.png 1024w, https:\/\/www.bremer-buendnis.de\/wp-content\/uploads\/2019\/12\/BB_Logo-long_white-e1575902266916-300x116.png 300w, https:\/\/www.bremer-buendnis.de\/wp-content\/uploads\/2019\/12\/BB_Logo-long_white-e1575902266916-768x298.png 768w, https:\/\/www.bremer-buendnis.de\/wp-content\/uploads\/2019\/12\/BB_Logo-long_white-e1575902266916-1536x596.png 1536w, https:\/\/www.bremer-buendnis.de\/wp-content\/uploads\/2019\/12\/BB_Logo-long_white-e1575902266916.png 1840w\" sizes=\"100vw\" \/>\t\t\t\t\t\t\t\t\t\t\t\t\t\t\t<\/div>\n\t\t\t\t<\/div>\n\t\t\t\t\t<\/div>\n\t\t<\/div>\n\t\t\t\t<div class=\"elementor-column elementor-col-33 elementor-top-column elementor-element elementor-element-71cae9b8\" data-id=\"71cae9b8\" data-element_type=\"column\" data-e-type=\"column\">\n\t\t\t<div class=\"elementor-widget-wrap elementor-element-populated\">\n\t\t\t\t\t\t<div class=\"elementor-element elementor-element-5cdd5df5 elementor-widget elementor-widget-image\" data-id=\"5cdd5df5\" data-element_type=\"widget\" data-e-type=\"widget\" data-widget_type=\"image.default\">\n\t\t\t\t<div class=\"elementor-widget-container\">\n\t\t\t\t\t\t\t\t\t\t\t\t\t\t\t<img decoding=\"async\" width=\"1022\" height=\"149\" src=\"https:\/\/www.bremer-buendnis.de\/wp-content\/uploads\/2021\/11\/Oidw-Pfeil.png\" class=\"attachment-full size-full wp-image-4455\" alt=\"\" srcset=\"https:\/\/www.bremer-buendnis.de\/wp-content\/uploads\/2021\/11\/Oidw-Pfeil.png 1022w, https:\/\/www.bremer-buendnis.de\/wp-content\/uploads\/2021\/11\/Oidw-Pfeil-300x44.png 300w, https:\/\/www.bremer-buendnis.de\/wp-content\/uploads\/2021\/11\/Oidw-Pfeil-768x112.png 768w\" sizes=\"100vw\" \/>\t\t\t\t\t\t\t\t\t\t\t\t\t\t\t<\/div>\n\t\t\t\t<\/div>\n\t\t\t\t\t<\/div>\n\t\t<\/div>\n\t\t\t\t\t<\/div>\n\t\t<\/section>\n\t\t\t\t<section data-particle_enable=\"false\" data-particle-mobile-disabled=\"false\" class=\"elementor-section elementor-top-section elementor-element elementor-element-5f742d9c elementor-section-full_width elementor-section-height-default elementor-section-height-default\" data-id=\"5f742d9c\" data-element_type=\"section\" data-e-type=\"section\">\n\t\t\t\t\t\t<div class=\"elementor-container elementor-column-gap-default\">\n\t\t\t\t\t<div class=\"elementor-column elementor-col-50 elementor-top-column elementor-element elementor-element-6a2e7424 elementor-hidden-mobile\" data-id=\"6a2e7424\" data-element_type=\"column\" data-e-type=\"column\">\n\t\t\t<div class=\"elementor-widget-wrap\">\n\t\t\t\t\t\t\t<\/div>\n\t\t<\/div>\n\t\t\t\t<div class=\"elementor-column elementor-col-50 elementor-top-column elementor-element elementor-element-7ccacce7\" data-id=\"7ccacce7\" data-element_type=\"column\" data-e-type=\"column\">\n\t\t\t<div class=\"elementor-widget-wrap elementor-element-populated\">\n\t\t\t\t\t\t<div class=\"elementor-element elementor-element-3fc0795 elementor-nav-menu--dropdown-mobile elementor-nav-menu__text-align-center elementor-nav-menu--toggle elementor-nav-menu--burger elementor-widget elementor-widget-global elementor-global-1319 elementor-widget-nav-menu\" data-id=\"3fc0795\" data-element_type=\"widget\" data-e-type=\"widget\" data-settings=\"{&quot;layout&quot;:&quot;horizontal&quot;,&quot;submenu_icon&quot;:{&quot;value&quot;:&quot;fas fa-caret-down&quot;,&quot;library&quot;:&quot;fa-solid&quot;},&quot;toggle&quot;:&quot;burger&quot;}\" data-widget_type=\"nav-menu.default\">\n\t\t\t\t<div class=\"elementor-widget-container\">\n\t\t\t\t\t\t\t\t<nav aria-label=\"Men\u00fc\" class=\"elementor-nav-menu--main elementor-nav-menu__container elementor-nav-menu--layout-horizontal e--pointer-underline e--animation-fade\">\n\t\t\t\t<ul id=\"menu-1-3fc0795\" class=\"elementor-nav-menu\"><li class=\"menu-item menu-item-type-post_type menu-item-object-page menu-item-home menu-item-5808\"><a href=\"https:\/\/www.bremer-buendnis.de\/en\/\" class=\"elementor-item\">Home<\/a><\/li>\n<li class=\"menu-item menu-item-type-post_type menu-item-object-page menu-item-has-children menu-item-5809\"><a href=\"https:\/\/www.bremer-buendnis.de\/en\/about-us\/\" class=\"elementor-item\">About us<\/a>\n<ul class=\"sub-menu elementor-nav-menu--dropdown\">\n\t<li class=\"menu-item menu-item-type-custom menu-item-object-custom menu-item-5857\"><a href=\"https:\/\/www.bremer-buendnis.de\/en\/about-us\/#we\" class=\"elementor-sub-item elementor-item-anchor\">Board<\/a><\/li>\n\t<li class=\"menu-item menu-item-type-custom menu-item-object-custom menu-item-5856\"><a href=\"https:\/\/www.bremer-buendnis.de\/en\/about-us\/#partner\" class=\"elementor-sub-item elementor-item-anchor\">Partners<\/a><\/li>\n\t<li class=\"menu-item menu-item-type-post_type menu-item-object-page menu-item-5831\"><a href=\"https:\/\/www.bremer-buendnis.de\/en\/bbfd-tz-medial\/\" class=\"elementor-sub-item\">BBfd-tZ medial<\/a><\/li>\n<\/ul>\n<\/li>\n<li class=\"menu-item menu-item-type-post_type menu-item-object-page menu-item-has-children menu-item-5835\"><a href=\"https:\/\/www.bremer-buendnis.de\/en\/projects\/\" class=\"elementor-item\">Projects<\/a>\n<ul class=\"sub-menu elementor-nav-menu--dropdown\">\n\t<li class=\"menu-item menu-item-type-post_type menu-item-object-page menu-item-6010\"><a href=\"https:\/\/www.bremer-buendnis.de\/en\/nazi-injustice-degenerated-music\/\" class=\"elementor-sub-item\">NS-Injustice \u201eDegenerated Music\u201c<\/a><\/li>\n\t<li class=\"menu-item menu-item-type-custom menu-item-object-custom menu-item-5837\"><a href=\"https:\/\/www.somachtmanfruehling.de\/\" class=\"elementor-sub-item\">Festival: So macht man Fr\u00fchling<\/a><\/li>\n\t<li class=\"menu-item menu-item-type-post_type menu-item-object-page menu-item-5901\"><a href=\"https:\/\/www.bremer-buendnis.de\/en\/projects\/interview-series\/\" class=\"elementor-sub-item\">Interview series<\/a><\/li>\n\t<li class=\"menu-item menu-item-type-post_type menu-item-object-page menu-item-5902\"><a href=\"https:\/\/www.bremer-buendnis.de\/en\/projects\/eastwards-to-the-west\/\" class=\"elementor-sub-item\">Eastwards to the west<\/a><\/li>\n\t<li class=\"menu-item menu-item-type-post_type menu-item-object-page menu-item-5840\"><a href=\"https:\/\/www.bremer-buendnis.de\/en\/cultural-and-meeting-places\/\" class=\"elementor-sub-item\">Cultural and meeting places<\/a><\/li>\n<\/ul>\n<\/li>\n<li class=\"menu-item menu-item-type-post_type menu-item-object-page menu-item-5841\"><a href=\"https:\/\/www.bremer-buendnis.de\/en\/events\/\" class=\"elementor-item\">Events<\/a><\/li>\n<li class=\"menu-item menu-item-type-post_type menu-item-object-page menu-item-has-children menu-item-5810\"><a href=\"https:\/\/www.bremer-buendnis.de\/en\/gallery\/\" class=\"elementor-item\">Gallery<\/a>\n<ul class=\"sub-menu elementor-nav-menu--dropdown\">\n\t<li class=\"menu-item menu-item-type-custom menu-item-object-custom menu-item-5845\"><a href=\"https:\/\/www.bremer-buendnis.de\/en\/gallery\/\" class=\"elementor-sub-item\">Our Gallery<\/a><\/li>\n\t<li class=\"menu-item menu-item-type-custom menu-item-object-custom menu-item-5846\"><a href=\"https:\/\/www.somachtmanfruehling.de\/fotogalerie\/fotogalerie-2024\/\" class=\"elementor-sub-item\">Gallery &#8220;So macht man Fr\u00fchling&#8221;<\/a><\/li>\n<\/ul>\n<\/li>\n<\/ul>\t\t\t<\/nav>\n\t\t\t\t\t<div class=\"elementor-menu-toggle\" role=\"button\" tabindex=\"0\" aria-label=\"Menu Toggle\" aria-expanded=\"false\">\n\t\t\t<i aria-hidden=\"true\" role=\"presentation\" class=\"elementor-menu-toggle__icon--open eicon-menu-bar\"><\/i><i aria-hidden=\"true\" role=\"presentation\" class=\"elementor-menu-toggle__icon--close eicon-close\"><\/i>\t\t<\/div>\n\t\t\t\t\t<nav class=\"elementor-nav-menu--dropdown elementor-nav-menu__container\" aria-hidden=\"true\">\n\t\t\t\t<ul id=\"menu-2-3fc0795\" class=\"elementor-nav-menu\"><li class=\"menu-item menu-item-type-post_type menu-item-object-page menu-item-home menu-item-5808\"><a href=\"https:\/\/www.bremer-buendnis.de\/en\/\" class=\"elementor-item\" tabindex=\"-1\">Home<\/a><\/li>\n<li class=\"menu-item menu-item-type-post_type menu-item-object-page menu-item-has-children menu-item-5809\"><a href=\"https:\/\/www.bremer-buendnis.de\/en\/about-us\/\" class=\"elementor-item\" tabindex=\"-1\">About us<\/a>\n<ul class=\"sub-menu elementor-nav-menu--dropdown\">\n\t<li class=\"menu-item menu-item-type-custom menu-item-object-custom menu-item-5857\"><a href=\"https:\/\/www.bremer-buendnis.de\/en\/about-us\/#we\" class=\"elementor-sub-item elementor-item-anchor\" tabindex=\"-1\">Board<\/a><\/li>\n\t<li class=\"menu-item menu-item-type-custom menu-item-object-custom menu-item-5856\"><a href=\"https:\/\/www.bremer-buendnis.de\/en\/about-us\/#partner\" class=\"elementor-sub-item elementor-item-anchor\" tabindex=\"-1\">Partners<\/a><\/li>\n\t<li class=\"menu-item menu-item-type-post_type menu-item-object-page menu-item-5831\"><a href=\"https:\/\/www.bremer-buendnis.de\/en\/bbfd-tz-medial\/\" class=\"elementor-sub-item\" tabindex=\"-1\">BBfd-tZ medial<\/a><\/li>\n<\/ul>\n<\/li>\n<li class=\"menu-item menu-item-type-post_type menu-item-object-page menu-item-has-children menu-item-5835\"><a href=\"https:\/\/www.bremer-buendnis.de\/en\/projects\/\" class=\"elementor-item\" tabindex=\"-1\">Projects<\/a>\n<ul class=\"sub-menu elementor-nav-menu--dropdown\">\n\t<li class=\"menu-item menu-item-type-post_type menu-item-object-page menu-item-6010\"><a href=\"https:\/\/www.bremer-buendnis.de\/en\/nazi-injustice-degenerated-music\/\" class=\"elementor-sub-item\" tabindex=\"-1\">NS-Injustice \u201eDegenerated Music\u201c<\/a><\/li>\n\t<li class=\"menu-item menu-item-type-custom menu-item-object-custom menu-item-5837\"><a href=\"https:\/\/www.somachtmanfruehling.de\/\" class=\"elementor-sub-item\" tabindex=\"-1\">Festival: So macht man Fr\u00fchling<\/a><\/li>\n\t<li class=\"menu-item menu-item-type-post_type menu-item-object-page menu-item-5901\"><a href=\"https:\/\/www.bremer-buendnis.de\/en\/projects\/interview-series\/\" class=\"elementor-sub-item\" tabindex=\"-1\">Interview series<\/a><\/li>\n\t<li class=\"menu-item menu-item-type-post_type menu-item-object-page menu-item-5902\"><a href=\"https:\/\/www.bremer-buendnis.de\/en\/projects\/eastwards-to-the-west\/\" class=\"elementor-sub-item\" tabindex=\"-1\">Eastwards to the west<\/a><\/li>\n\t<li class=\"menu-item menu-item-type-post_type menu-item-object-page menu-item-5840\"><a href=\"https:\/\/www.bremer-buendnis.de\/en\/cultural-and-meeting-places\/\" class=\"elementor-sub-item\" tabindex=\"-1\">Cultural and meeting places<\/a><\/li>\n<\/ul>\n<\/li>\n<li class=\"menu-item menu-item-type-post_type menu-item-object-page menu-item-5841\"><a href=\"https:\/\/www.bremer-buendnis.de\/en\/events\/\" class=\"elementor-item\" tabindex=\"-1\">Events<\/a><\/li>\n<li class=\"menu-item menu-item-type-post_type menu-item-object-page menu-item-has-children menu-item-5810\"><a href=\"https:\/\/www.bremer-buendnis.de\/en\/gallery\/\" class=\"elementor-item\" tabindex=\"-1\">Gallery<\/a>\n<ul class=\"sub-menu elementor-nav-menu--dropdown\">\n\t<li class=\"menu-item menu-item-type-custom menu-item-object-custom menu-item-5845\"><a href=\"https:\/\/www.bremer-buendnis.de\/en\/gallery\/\" class=\"elementor-sub-item\" tabindex=\"-1\">Our Gallery<\/a><\/li>\n\t<li class=\"menu-item menu-item-type-custom menu-item-object-custom menu-item-5846\"><a href=\"https:\/\/www.somachtmanfruehling.de\/fotogalerie\/fotogalerie-2024\/\" class=\"elementor-sub-item\" tabindex=\"-1\">Gallery &#8220;So macht man Fr\u00fchling&#8221;<\/a><\/li>\n<\/ul>\n<\/li>\n<\/ul>\t\t\t<\/nav>\n\t\t\t\t\t\t<\/div>\n\t\t\t\t<\/div>\n\t\t\t\t\t<\/div>\n\t\t<\/div>\n\t\t\t\t\t<\/div>\n\t\t<\/section>\n\t\t\t\t<section data-particle_enable=\"false\" data-particle-mobile-disabled=\"false\" class=\"elementor-section elementor-top-section elementor-element elementor-element-2e07d465 elementor-section-boxed elementor-section-height-default elementor-section-height-default\" data-id=\"2e07d465\" data-element_type=\"section\" data-e-type=\"section\">\n\t\t\t\t\t\t<div class=\"elementor-container elementor-column-gap-default\">\n\t\t\t\t\t<div class=\"elementor-column elementor-col-100 elementor-top-column elementor-element elementor-element-39cd6b58\" data-id=\"39cd6b58\" data-element_type=\"column\" data-e-type=\"column\">\n\t\t\t<div class=\"elementor-widget-wrap elementor-element-populated\">\n\t\t\t\t\t\t<div class=\"elementor-element elementor-element-3520cee5 elementor-widget elementor-widget-spacer\" data-id=\"3520cee5\" data-element_type=\"widget\" data-e-type=\"widget\" data-widget_type=\"spacer.default\">\n\t\t\t\t<div class=\"elementor-widget-container\">\n\t\t\t\t\t\t\t<div class=\"elementor-spacer\">\n\t\t\t<div class=\"elementor-spacer-inner\"><\/div>\n\t\t<\/div>\n\t\t\t\t\t\t<\/div>\n\t\t\t\t<\/div>\n\t\t\t\t\t<\/div>\n\t\t<\/div>\n\t\t\t\t\t<\/div>\n\t\t<\/section>\n\t\t\t\t<section data-particle_enable=\"false\" data-particle-mobile-disabled=\"false\" class=\"elementor-section elementor-top-section elementor-element elementor-element-20ce0f15 elementor-section-boxed elementor-section-height-default elementor-section-height-default\" data-id=\"20ce0f15\" data-element_type=\"section\" data-e-type=\"section\">\n\t\t\t\t\t\t<div class=\"elementor-container elementor-column-gap-default\">\n\t\t\t\t\t<div class=\"elementor-column elementor-col-50 elementor-top-column elementor-element elementor-element-3a4de138\" data-id=\"3a4de138\" data-element_type=\"column\" data-e-type=\"column\">\n\t\t\t<div class=\"elementor-widget-wrap elementor-element-populated\">\n\t\t\t\t\t\t<div class=\"elementor-element elementor-element-13e74c7f elementor-hidden-mobile elementor-widget elementor-widget-heading\" data-id=\"13e74c7f\" data-element_type=\"widget\" data-e-type=\"widget\" data-widget_type=\"heading.default\">\n\t\t\t\t<div class=\"elementor-widget-container\">\n\t\t\t\t\t<h2 class=\"elementor-heading-title elementor-size-default\">contemporary witnesses - to the individual pages<\/h2>\t\t\t\t<\/div>\n\t\t\t\t<\/div>\n\t\t\t\t<div class=\"elementor-element elementor-element-7c5210d4 elementor-nav-menu--dropdown-mobile elementor-nav-menu__text-align-aside elementor-nav-menu--toggle elementor-nav-menu--burger elementor-widget elementor-widget-nav-menu\" data-id=\"7c5210d4\" data-element_type=\"widget\" data-e-type=\"widget\" data-settings=\"{&quot;layout&quot;:&quot;vertical&quot;,&quot;submenu_icon&quot;:{&quot;value&quot;:&quot;&lt;i class=\\&quot;fas fa-caret-down\\&quot; aria-hidden=\\&quot;true\\&quot;&gt;&lt;\\\/i&gt;&quot;,&quot;library&quot;:&quot;fa-solid&quot;},&quot;toggle&quot;:&quot;burger&quot;}\" data-widget_type=\"nav-menu.default\">\n\t\t\t\t<div class=\"elementor-widget-container\">\n\t\t\t\t\t\t\t\t<nav aria-label=\"Menu\" class=\"elementor-nav-menu--main elementor-nav-menu__container elementor-nav-menu--layout-vertical e--pointer-underline e--animation-fade\">\n\t\t\t\t<ul id=\"menu-1-7c5210d4\" class=\"elementor-nav-menu sm-vertical\"><li class=\"menu-item menu-item-type-post_type menu-item-object-page menu-item-5910\"><a href=\"https:\/\/www.bremer-buendnis.de\/en\/projects\/eastwards-to-the-west\/\" class=\"elementor-item\">to Project Page<\/a><\/li>\n<li class=\"menu-item menu-item-type-post_type menu-item-object-page menu-item-6053\"><a href=\"https:\/\/www.bremer-buendnis.de\/en\/jens-hare\/\" class=\"elementor-item\">Jens Hase<\/a><\/li>\n<li class=\"menu-item menu-item-type-post_type menu-item-object-page menu-item-6060\"><a href=\"https:\/\/www.bremer-buendnis.de\/en\/katrin-heitsch\/\" class=\"elementor-item\">Katrin Heitsch<\/a><\/li>\n<li class=\"menu-item menu-item-type-post_type menu-item-object-page menu-item-6061\"><a href=\"https:\/\/www.bremer-buendnis.de\/en\/wolfram-richter\/\" class=\"elementor-item\">Wolfram Richter<\/a><\/li>\n<li class=\"menu-item menu-item-type-post_type menu-item-object-page menu-item-6051\"><a href=\"https:\/\/www.bremer-buendnis.de\/en\/markus-rindt\/\" class=\"elementor-item\">Markus Rindt<\/a><\/li>\n<li class=\"menu-item menu-item-type-post_type menu-item-object-page menu-item-6052\"><a href=\"https:\/\/www.bremer-buendnis.de\/en\/heiko-strohmann\/\" class=\"elementor-item\">Heiko Strohmann<\/a><\/li>\n<li class=\"menu-item menu-item-type-post_type menu-item-object-page menu-item-5911\"><a href=\"https:\/\/www.bremer-buendnis.de\/en\/hans-joachim-weber\/\" class=\"elementor-item\">Hans-Joachim Weber<\/a><\/li>\n<\/ul>\t\t\t<\/nav>\n\t\t\t\t\t<div class=\"elementor-menu-toggle\" role=\"button\" tabindex=\"0\" aria-label=\"Menu Toggle\" aria-expanded=\"false\">\n\t\t\t<i aria-hidden=\"true\" role=\"presentation\" class=\"elementor-menu-toggle__icon--open eicon-menu-bar\"><\/i><i aria-hidden=\"true\" role=\"presentation\" class=\"elementor-menu-toggle__icon--close eicon-close\"><\/i>\t\t<\/div>\n\t\t\t\t\t<nav class=\"elementor-nav-menu--dropdown elementor-nav-menu__container\" aria-hidden=\"true\">\n\t\t\t\t<ul id=\"menu-2-7c5210d4\" class=\"elementor-nav-menu sm-vertical\"><li class=\"menu-item menu-item-type-post_type menu-item-object-page menu-item-5910\"><a href=\"https:\/\/www.bremer-buendnis.de\/en\/projects\/eastwards-to-the-west\/\" class=\"elementor-item\" tabindex=\"-1\">to Project Page<\/a><\/li>\n<li class=\"menu-item menu-item-type-post_type menu-item-object-page menu-item-6053\"><a href=\"https:\/\/www.bremer-buendnis.de\/en\/jens-hare\/\" class=\"elementor-item\" tabindex=\"-1\">Jens Hase<\/a><\/li>\n<li class=\"menu-item menu-item-type-post_type menu-item-object-page menu-item-6060\"><a href=\"https:\/\/www.bremer-buendnis.de\/en\/katrin-heitsch\/\" class=\"elementor-item\" tabindex=\"-1\">Katrin Heitsch<\/a><\/li>\n<li class=\"menu-item menu-item-type-post_type menu-item-object-page menu-item-6061\"><a href=\"https:\/\/www.bremer-buendnis.de\/en\/wolfram-richter\/\" class=\"elementor-item\" tabindex=\"-1\">Wolfram Richter<\/a><\/li>\n<li class=\"menu-item menu-item-type-post_type menu-item-object-page menu-item-6051\"><a href=\"https:\/\/www.bremer-buendnis.de\/en\/markus-rindt\/\" class=\"elementor-item\" tabindex=\"-1\">Markus Rindt<\/a><\/li>\n<li class=\"menu-item menu-item-type-post_type menu-item-object-page menu-item-6052\"><a href=\"https:\/\/www.bremer-buendnis.de\/en\/heiko-strohmann\/\" class=\"elementor-item\" tabindex=\"-1\">Heiko Strohmann<\/a><\/li>\n<li class=\"menu-item menu-item-type-post_type menu-item-object-page menu-item-5911\"><a href=\"https:\/\/www.bremer-buendnis.de\/en\/hans-joachim-weber\/\" class=\"elementor-item\" tabindex=\"-1\">Hans-Joachim Weber<\/a><\/li>\n<\/ul>\t\t\t<\/nav>\n\t\t\t\t\t\t<\/div>\n\t\t\t\t<\/div>\n\t\t\t\t\t<\/div>\n\t\t<\/div>\n\t\t\t\t<div class=\"elementor-column elementor-col-50 elementor-top-column elementor-element elementor-element-25046048\" data-id=\"25046048\" data-element_type=\"column\" data-e-type=\"column\">\n\t\t\t<div class=\"elementor-widget-wrap elementor-element-populated\">\n\t\t\t\t\t\t<div class=\"elementor-element elementor-element-6e982fe0 elementor-widget elementor-widget-heading\" data-id=\"6e982fe0\" data-element_type=\"widget\" data-e-type=\"widget\" data-widget_type=\"heading.default\">\n\t\t\t\t<div class=\"elementor-widget-container\">\n\t\t\t\t\t<h2 class=\"elementor-heading-title elementor-size-default\">Heiko Strohmann<\/h2>\t\t\t\t<\/div>\n\t\t\t\t<\/div>\n\t\t\t\t<div class=\"elementor-element elementor-element-6e13a954 elementor-widget elementor-widget-image\" data-id=\"6e13a954\" data-element_type=\"widget\" data-e-type=\"widget\" data-widget_type=\"image.default\">\n\t\t\t\t<div class=\"elementor-widget-container\">\n\t\t\t\t\t\t\t\t\t\t\t\t\t\t\t<img decoding=\"async\" width=\"525\" height=\"525\" src=\"https:\/\/www.bremer-buendnis.de\/wp-content\/uploads\/2021\/11\/Heiko_Strohmann-3192-1-1024x1024.jpg\" class=\"attachment-large size-large wp-image-4563\" alt=\"\" srcset=\"https:\/\/www.bremer-buendnis.de\/wp-content\/uploads\/2021\/11\/Heiko_Strohmann-3192-1-1024x1024.jpg 1024w, https:\/\/www.bremer-buendnis.de\/wp-content\/uploads\/2021\/11\/Heiko_Strohmann-3192-1-300x300.jpg 300w, https:\/\/www.bremer-buendnis.de\/wp-content\/uploads\/2021\/11\/Heiko_Strohmann-3192-1-150x150.jpg 150w, https:\/\/www.bremer-buendnis.de\/wp-content\/uploads\/2021\/11\/Heiko_Strohmann-3192-1-768x768.jpg 768w, https:\/\/www.bremer-buendnis.de\/wp-content\/uploads\/2021\/11\/Heiko_Strohmann-3192-1-100x100.jpg 100w, https:\/\/www.bremer-buendnis.de\/wp-content\/uploads\/2021\/11\/Heiko_Strohmann-3192-1.jpg 1500w\" sizes=\"100vw\" \/>\t\t\t\t\t\t\t\t\t\t\t\t\t\t\t<\/div>\n\t\t\t\t<\/div>\n\t\t\t\t<div class=\"elementor-element elementor-element-1276562 elementor-widget elementor-widget-global elementor-global-828 elementor-widget-image\" data-id=\"1276562\" data-element_type=\"widget\" data-e-type=\"widget\" data-widget_type=\"image.default\">\n\t\t\t\t<div class=\"elementor-widget-container\">\n\t\t\t\t\t\t\t\t\t\t\t\t\t\t\t<img loading=\"lazy\" decoding=\"async\" width=\"525\" height=\"276\" src=\"https:\/\/www.bremer-buendnis.de\/wp-content\/uploads\/2021\/11\/Oidw-Pfeil-rot.png\" class=\"attachment-large size-large wp-image-4518\" alt=\"\" srcset=\"https:\/\/www.bremer-buendnis.de\/wp-content\/uploads\/2021\/11\/Oidw-Pfeil-rot.png 1000w, https:\/\/www.bremer-buendnis.de\/wp-content\/uploads\/2021\/11\/Oidw-Pfeil-rot-300x158.png 300w, https:\/\/www.bremer-buendnis.de\/wp-content\/uploads\/2021\/11\/Oidw-Pfeil-rot-768x403.png 768w\" sizes=\"100vw\" \/>\t\t\t\t\t\t\t\t\t\t\t\t\t\t\t<\/div>\n\t\t\t\t<\/div>\n\t\t\t\t<div class=\"elementor-element elementor-element-e594603 elementor-widget elementor-widget-global elementor-global-825 elementor-widget-text-editor\" data-id=\"e594603\" data-element_type=\"widget\" data-e-type=\"widget\" data-widget_type=\"text-editor.default\">\n\t\t\t\t<div class=\"elementor-widget-container\">\n\t\t\t\t\t\t\t\t\t<p>Foto: Manja Herrmann<\/p>\t\t\t\t\t\t\t\t<\/div>\n\t\t\t\t<\/div>\n\t\t\t\t\t<\/div>\n\t\t<\/div>\n\t\t\t\t\t<\/div>\n\t\t<\/section>\n\t\t\t\t<section data-particle_enable=\"false\" data-particle-mobile-disabled=\"false\" class=\"elementor-section elementor-top-section elementor-element elementor-element-4b9e67e8 elementor-reverse-mobile elementor-section-boxed elementor-section-height-default elementor-section-height-default\" data-id=\"4b9e67e8\" data-element_type=\"section\" data-e-type=\"section\">\n\t\t\t\t\t\t<div class=\"elementor-container elementor-column-gap-default\">\n\t\t\t\t\t<div class=\"elementor-column elementor-col-50 elementor-top-column elementor-element elementor-element-26b9c3a8\" data-id=\"26b9c3a8\" data-element_type=\"column\" data-e-type=\"column\">\n\t\t\t<div class=\"elementor-widget-wrap elementor-element-populated\">\n\t\t\t\t\t\t<div class=\"elementor-element elementor-element-43c5bcdb elementor-pagination-position-outside elementor-widget elementor-widget-image-carousel\" data-id=\"43c5bcdb\" data-element_type=\"widget\" data-e-type=\"widget\" data-settings=\"{&quot;slides_to_show&quot;:&quot;1&quot;,&quot;navigation&quot;:&quot;dots&quot;,&quot;autoplay&quot;:&quot;yes&quot;,&quot;pause_on_hover&quot;:&quot;yes&quot;,&quot;pause_on_interaction&quot;:&quot;yes&quot;,&quot;autoplay_speed&quot;:5000,&quot;infinite&quot;:&quot;yes&quot;,&quot;effect&quot;:&quot;slide&quot;,&quot;speed&quot;:500}\" data-widget_type=\"image-carousel.default\">\n\t\t\t\t<div class=\"elementor-widget-container\">\n\t\t\t\t\t            <div class=\"elementor-image-carousel-wrapper swiper\" role=\"region\" aria-roledescription=\"carousel\" aria-label=\"Image Carousel\" dir=\"ltr\">\n                <div class=\"elementor-image-carousel swiper-wrapper\" aria-live=\"off\">\n\t\t\t\t\t\t\t\t\t\t<div class=\"swiper-slide\"><a data-elementor-open-lightbox=\"yes\" data-elementor-lightbox-slideshow=\"43c5bcdb\" data-elementor-lightbox-title=\"Heiko Strohmann, zweiter von links, im Pionierhemd.  Foto: Privat\/Heiko Strohmann\" data-e-action-hash=\"#elementor-action%3Aaction%3Dlightbox%26settings%3DeyJpZCI6NDU2NiwidXJsIjoiaHR0cHM6XC9cL3d3dy5icmVtZXItYnVlbmRuaXMuZGVcL3dwLWNvbnRlbnRcL3VwbG9hZHNcLzIwMjFcLzExXC9IZWlrb19TdHJvaG1hbm5fMDEuanBnIiwic2xpZGVzaG93IjoiNDNjNWJjZGIifQ%3D%3D\" href=\"https:\/\/www.bremer-buendnis.de\/wp-content\/uploads\/2021\/11\/Heiko_Strohmann_01.jpg\" data-lbwps-width=\"1800\" data-lbwps-height=\"1273\" data-lbwps-srcsmall=\"https:\/\/www.bremer-buendnis.de\/wp-content\/uploads\/2021\/11\/Heiko_Strohmann_01-300x212.jpg\" data-lbwps-title=\"Heiko Strohmann, zweiter von links, im Pionierhemd.  Foto: Privat\/Heiko Strohmann\"><figure class=\"swiper-slide-inner\"><img decoding=\"async\" class=\"swiper-slide-image\" src=\"https:\/\/www.bremer-buendnis.de\/wp-content\/uploads\/2021\/11\/Heiko_Strohmann_01-1024x724.jpg\" alt=\"Heiko Strohmann, zweiter von links, im Pionierhemd. \nFoto: Privat\/Heiko Strohmann\" \/><figcaption class=\"elementor-image-carousel-caption\">Heiko Strohmann, zweiter von links, im Pionierhemd. \nFoto: Privat\/Heiko Strohmann<\/figcaption><\/figure><\/a><\/div><div class=\"swiper-slide\"><a data-elementor-open-lightbox=\"yes\" data-elementor-lightbox-slideshow=\"43c5bcdb\" data-elementor-lightbox-title=\"Heiko Strohmann, etwa 1989. Foto: Privat\/Heiko Strohmann\" data-e-action-hash=\"#elementor-action%3Aaction%3Dlightbox%26settings%3DeyJpZCI6NDU2OSwidXJsIjoiaHR0cHM6XC9cL3d3dy5icmVtZXItYnVlbmRuaXMuZGVcL3dwLWNvbnRlbnRcL3VwbG9hZHNcLzIwMjFcLzExXC9IZWlrb19TdHJvaG1hbm5fMDIuanBnIiwic2xpZGVzaG93IjoiNDNjNWJjZGIifQ%3D%3D\" href=\"https:\/\/www.bremer-buendnis.de\/wp-content\/uploads\/2021\/11\/Heiko_Strohmann_02.jpg\" data-lbwps-width=\"1726\" data-lbwps-height=\"1182\" data-lbwps-srcsmall=\"https:\/\/www.bremer-buendnis.de\/wp-content\/uploads\/2021\/11\/Heiko_Strohmann_02-300x205.jpg\" data-lbwps-title=\"Heiko Strohmann, etwa 1989. Foto: Privat\/Heiko Strohmann\"><figure class=\"swiper-slide-inner\"><img decoding=\"async\" class=\"swiper-slide-image\" src=\"https:\/\/www.bremer-buendnis.de\/wp-content\/uploads\/2021\/11\/Heiko_Strohmann_02-1024x701.jpg\" alt=\"Heiko Strohmann, etwa 1989.\nFoto: Privat\/Heiko Strohmann\" \/><figcaption class=\"elementor-image-carousel-caption\">Heiko Strohmann, etwa 1989.\nFoto: Privat\/Heiko Strohmann<\/figcaption><\/figure><\/a><\/div>                <\/div>\n\t\t\t\t\t\t\t\t\t                        <div class=\"swiper-pagination\"><\/div>\n\t\t\t\t\t\t\t\t\t\t\t\t\t\t            <\/div>\n\t\t\t\t\t\t\t<\/div>\n\t\t\t\t<\/div>\n\t\t\t\t\t<\/div>\n\t\t<\/div>\n\t\t\t\t<div class=\"elementor-column elementor-col-50 elementor-top-column elementor-element elementor-element-3aee8d95\" data-id=\"3aee8d95\" data-element_type=\"column\" data-e-type=\"column\">\n\t\t\t<div class=\"elementor-widget-wrap elementor-element-populated\">\n\t\t\t\t\t\t<div class=\"elementor-element elementor-element-56317329 elementor-widget elementor-widget-text-editor\" data-id=\"56317329\" data-element_type=\"widget\" data-e-type=\"widget\" data-widget_type=\"text-editor.default\">\n\t\t\t\t<div class=\"elementor-widget-container\">\n\t\t\t\t\t\t\t\t\t<b style=\"color: #e53011;\">Heiko Strohmann<\/b>\n\nwas born in Rostock in 1968 and had a positive attitude towards the GDR until the age of 16 due to his socialization in a communist-influenced family. It was only when he was denied the opportunity to study that he developed an oppositional attitude and became involved in the civil rights movement, which he left, however, as he did not believe the GDR could be reformed. His process of political change led to a rift with his family. After being interrogated by the State Security, he made the decision to leave the GDR. When he saw the broadcast of Hans-Dietrich Genscher&#8217;s speech in the Lobkowitz Palace in Prague on September 30, 1989, he decided to flee spontaneously the next day.    \n\nAfter Strohmann&#8217;s departure, he lived with his brother in Hildesheim before moving to Bremen to pursue his old job as a showman. Today he lives with his family in the Hanseatic city and is the parliamentary group leader of Bremen&#8217;s CDU. \t\t\t\t\t\t\t\t<\/div>\n\t\t\t\t<\/div>\n\t\t\t\t<div class=\"elementor-element elementor-element-58223d96 elementor-widget elementor-widget-image\" data-id=\"58223d96\" data-element_type=\"widget\" data-e-type=\"widget\" data-widget_type=\"image.default\">\n\t\t\t\t<div class=\"elementor-widget-container\">\n\t\t\t\t\t\t\t\t\t\t\t\t\t\t\t<img loading=\"lazy\" decoding=\"async\" width=\"525\" height=\"14\" src=\"https:\/\/www.bremer-buendnis.de\/wp-content\/uploads\/2021\/11\/Oidw-Pfeil-klein-rot.png\" class=\"attachment-large size-large wp-image-4527\" alt=\"\" srcset=\"https:\/\/www.bremer-buendnis.de\/wp-content\/uploads\/2021\/11\/Oidw-Pfeil-klein-rot.png 1000w, https:\/\/www.bremer-buendnis.de\/wp-content\/uploads\/2021\/11\/Oidw-Pfeil-klein-rot-300x8.png 300w, https:\/\/www.bremer-buendnis.de\/wp-content\/uploads\/2021\/11\/Oidw-Pfeil-klein-rot-768x21.png 768w\" sizes=\"100vw\" \/>\t\t\t\t\t\t\t\t\t\t\t\t\t\t\t<\/div>\n\t\t\t\t<\/div>\n\t\t\t\t<div class=\"elementor-element elementor-element-4ddd1b0b elementor-widget elementor-widget-heading\" data-id=\"4ddd1b0b\" data-element_type=\"widget\" data-e-type=\"widget\" data-widget_type=\"heading.default\">\n\t\t\t\t<div class=\"elementor-widget-container\">\n\t\t\t\t\t<h2 class=\"elementor-heading-title elementor-size-default\">Why did you flee to Prague?<\/h2>\t\t\t\t<\/div>\n\t\t\t\t<\/div>\n\t\t\t\t<div class=\"elementor-element elementor-element-341db5a0 elementor-widget elementor-widget-text-editor\" data-id=\"341db5a0\" data-element_type=\"widget\" data-e-type=\"widget\" data-widget_type=\"text-editor.default\">\n\t\t\t\t<div class=\"elementor-widget-container\">\n\t\t\t\t\t\t\t\t\t<p>In the eyes of my parents, I drifted further and further into a counter-revolutionary direction. [Ich] I was clearly told after leaving school that I wasn&#8217;t allowed to study and that was the punk moment for me [gewesen], when I said that this was the end. At the age of 19, after leaving school, I was a failed existence and from then on I more or less only had the thought of starting a new life somewhere because it wasn&#8217;t possible in the GDR. And since a revolution or the downfall of socialism was unimaginable at the time in 1987, 1988, the only option for me was to flee to West Germany. And I prepared myself for that and looked into it, and then it was just a fortunate circumstance with Prague. Hungary was actually on the cards, but I couldn&#8217;t get a visa for Hungary and Czechoslovakia was better.    <\/p>\n\t\t\t\t\t\t\t\t<\/div>\n\t\t\t\t<\/div>\n\t\t\t\t<div class=\"elementor-element elementor-element-4fd796c9 elementor-widget elementor-widget-heading\" data-id=\"4fd796c9\" data-element_type=\"widget\" data-e-type=\"widget\" data-widget_type=\"heading.default\">\n\t\t\t\t<div class=\"elementor-widget-container\">\n\t\t\t\t\t<h2 class=\"elementor-heading-title elementor-size-default\">Did you have any arguments with your parents when they realized that you were straying from the line?<\/h2>\t\t\t\t<\/div>\n\t\t\t\t<\/div>\n\t\t\t\t<div class=\"elementor-element elementor-element-72ecec46 elementor-widget elementor-widget-text-editor\" data-id=\"72ecec46\" data-element_type=\"widget\" data-e-type=\"widget\" data-widget_type=\"text-editor.default\">\n\t\t\t\t<div class=\"elementor-widget-container\">\n\t\t\t\t\t\t\t\t\t<p>Yes, there were massive arguments with my parents. That was actually the worst problem. The worst problem wasn&#8217;t that they called me names, that I was a failure or that I was disappointing or anything like that, but that my father didn&#8217;t fight for me. He didn&#8217;t stand up for me. I had an uncle who was even more loyal than my parents, my mother&#8217;s brother. And he was in customs, [hatte] also a fairly high-ranking position, who then took me to family celebrations [nicht reingelassen hat]. If I wanted to go to a family party, I wasn&#8217;t allowed in. He opened the door and said: You&#8217;re not welcome here, you&#8217;re a pest.       <\/p>\n\t\t\t\t\t\t\t\t<\/div>\n\t\t\t\t<\/div>\n\t\t\t\t<div class=\"elementor-element elementor-element-a193720 elementor-widget elementor-widget-heading\" data-id=\"a193720\" data-element_type=\"widget\" data-e-type=\"widget\" data-widget_type=\"heading.default\">\n\t\t\t\t<div class=\"elementor-widget-container\">\n\t\t\t\t\t<h2 class=\"elementor-heading-title elementor-size-default\">To be more specific, was the reason that you were not allowed to study really the decisive factor in your decision to flee? Were there other reasons that played a role? <\/h2>\t\t\t\t<\/div>\n\t\t\t\t<\/div>\n\t\t\t\t<div class=\"elementor-element elementor-element-a633074 elementor-widget elementor-widget-text-editor\" data-id=\"a633074\" data-element_type=\"widget\" data-e-type=\"widget\" data-widget_type=\"text-editor.default\">\n\t\t\t\t<div class=\"elementor-widget-container\">\n\t\t\t\t\t\t\t\t\t<p>No, it wasn&#8217;t about studying. That wasn&#8217;t the priority at all, but at 17, 18, 19 I realized that if you didn&#8217;t conform, you would have massive problems. In a conversation with my principal at the school where I did my A-levels, he told me very clearly: we don&#8217;t really have high hopes for you, but you can prove yourself in production. I could have gone into the shipyard and worked there as a locksmith or as a worker, and then at some point I could have studied at night to become an engineer or something like that. But I knew that I would always come up against limits that were not intellectual, but always political. And I would always have had to achieve more, be better and better, cower more and more, and I didn&#8217;t want that. And when you realize how sick the system is, you don&#8217;t want to do any more. So I knew that this system was sick and I could see that it would collapse economically sooner or later.       <\/p>\n<p>My father was one of the chief economists in the GDR, he worked in shipbuilding, it was Rostock, it was all shipbuilding. And he knew a lot about the financial and economic situation in the GDR. He got drunk and said at a birthday party in 1983 that they were getting brave, the lights would go out here in &#8217;92 at the latest anyway, then we&#8217;d be bankrupt. And that&#8217;s how I knew I had no prospects, that became relatively clear to me. With or without a degree. I could look for a niche, which I did, I became a showman and the showman&#8217;s profession was the only one in the GDR that was still purely private. There was no private sector except [der] showmanship and I was free to do that, so I had my peace and quiet. It was also financially attractive and I wasn&#8217;t part of any system. But it was just a transitional phase and then the question was, what would happen in this country? Or do I have the chance to leave?         <\/p>\n<p>After my first meetings with these people, I actually ruled out the possibility that the civil rights movement would win at some point. They were all nice and idealistic, but unworldly and divided. The only thing that united them was their opposition to the SED. But after the fall of communism, you could see relatively quickly how things had fallen apart. And then you still have the people, who sometimes have a different opinion than civil rights activists. The GDR would still exist today if it hadn&#8217;t collapsed economically, so it didn&#8217;t fail ideologically. It failed economically. And this realization prompted me to simply sit down and wait. That happened relatively quickly in &#8217;89.        <\/p>\n\t\t\t\t\t\t\t\t<\/div>\n\t\t\t\t<\/div>\n\t\t\t\t<div class=\"elementor-element elementor-element-9473030 elementor-widget elementor-widget-heading\" data-id=\"9473030\" data-element_type=\"widget\" data-e-type=\"widget\" data-widget_type=\"heading.default\">\n\t\t\t\t<div class=\"elementor-widget-container\">\n\t\t\t\t\t<h2 class=\"elementor-heading-title elementor-size-default\">Were you aware before or during your escape that you might not see your friends again?<\/h2>\t\t\t\t<\/div>\n\t\t\t\t<\/div>\n\t\t\t\t<div class=\"elementor-element elementor-element-fcb816c elementor-widget elementor-widget-text-editor\" data-id=\"fcb816c\" data-element_type=\"widget\" data-e-type=\"widget\" data-widget_type=\"text-editor.default\">\n\t\t\t\t<div class=\"elementor-widget-container\">\n\t\t\t\t\t\t\t\t\t<p>Yes, I was aware of it, but I had no family and I had no friends. From the moment I realized, and that was in &#8217;87, that my term here in this country was manageable, I stayed away from friends. Also to protect them. I had an apartment and then I disappeared overnight. My brother took me to Prague because he had to take the car back. That&#8217;s how it became known and then my family emptied my apartment and the state security came days later. Under normal circumstances, you assumed that when you left, state security would come the next day and interrogate everyone around you. And then it&#8217;s simply better if you don&#8217;t have any friends. I stuck to that and I didn&#8217;t really care about family.        <\/p>\n\t\t\t\t\t\t\t\t<\/div>\n\t\t\t\t<\/div>\n\t\t\t\t<div class=\"elementor-element elementor-element-5ae7782 elementor-widget elementor-widget-heading\" data-id=\"5ae7782\" data-element_type=\"widget\" data-e-type=\"widget\" data-widget_type=\"heading.default\">\n\t\t\t\t<div class=\"elementor-widget-container\">\n\t\t\t\t\t<h2 class=\"elementor-heading-title elementor-size-default\">How was this first group of refugees, who spent several weeks in the embassy, perceived in the GDR? What was the mood among the population? <\/h2>\t\t\t\t<\/div>\n\t\t\t\t<\/div>\n\t\t\t\t<div class=\"elementor-element elementor-element-57e01da elementor-widget elementor-widget-text-editor\" data-id=\"57e01da\" data-element_type=\"widget\" data-e-type=\"widget\" data-widget_type=\"text-editor.default\">\n\t\t\t\t<div class=\"elementor-widget-container\">\n\t\t\t\t\t\t\t\t\t<p>Great, courageous, but pretty crazy people. That&#8217;s how you can sum it up. [&#8230;] It was great what they took on without having the slightest chance, as we thought, of achieving their goal. We assumed at the time that they would leave them there to rot. But I thought it was great. That there are people who are either so desperate or so brave. But pretty crazy to do that. And especially with children.[&#8230;] I&#8217;ve always stuck to it, everyone has to make the decision for themselves. I thought they were brave back then, the people. But pretty crazy to do it.<\/p>\n\t\t\t\t\t\t\t\t<\/div>\n\t\t\t\t<\/div>\n\t\t\t\t<div class=\"elementor-element elementor-element-2c7bf8d elementor-widget elementor-widget-heading\" data-id=\"2c7bf8d\" data-element_type=\"widget\" data-e-type=\"widget\" data-widget_type=\"heading.default\">\n\t\t\t\t<div class=\"elementor-widget-container\">\n\t\t\t\t\t<h2 class=\"elementor-heading-title elementor-size-default\">Was this opinion a consensus among the population or were there voices that condemned it?<\/h2>\t\t\t\t<\/div>\n\t\t\t\t<\/div>\n\t\t\t\t<div class=\"elementor-element elementor-element-d3e3b41 elementor-widget elementor-widget-text-editor\" data-id=\"d3e3b41\" data-element_type=\"widget\" data-e-type=\"widget\" data-widget_type=\"text-editor.default\">\n\t\t\t\t<div class=\"elementor-widget-container\">\n\t\t\t\t\t\t\t\t\t<p>I do believe that the majority of the normal population perceived what I was saying. I didn&#8217;t even hear people in positions of power saying that we are such a great country and how can they leave this paradise of workers and things like that. There was nothing like that. The only thing was, and some of them were even people who weren&#8217;t politically left-wing at all, i.e. who were actually very critical of the state, who said: But with the children, you can&#8217;t expect them to do that, and I mean, it&#8217;s all crap here, but so bad [geht es uns nicht]. We have food, we can go on vacation to the Baltic Sea every now and then or something. It&#8217;s not quite that bad after all. There was that. But that was more along the lines of [Kinderwohl]. Politically, I think there was a consensus. But nobody saw them as revolutionaries, they just said: Okay, if they&#8217;re that desperate, that&#8217;s brave, but crazy. Nobody could imagine that the GDR would collapse because of a few crazy people.            <\/p>\n\t\t\t\t\t\t\t\t<\/div>\n\t\t\t\t<\/div>\n\t\t\t\t\t<\/div>\n\t\t<\/div>\n\t\t\t\t\t<\/div>\n\t\t<\/section>\n\t\t\t\t<section data-particle_enable=\"false\" data-particle-mobile-disabled=\"false\" class=\"elementor-section elementor-top-section elementor-element elementor-element-29b65e8e elementor-section-boxed elementor-section-height-default elementor-section-height-default\" data-id=\"29b65e8e\" data-element_type=\"section\" data-e-type=\"section\">\n\t\t\t\t\t\t<div class=\"elementor-container elementor-column-gap-default\">\n\t\t\t\t\t<div class=\"elementor-column elementor-col-100 elementor-top-column elementor-element elementor-element-41c5ac3f\" data-id=\"41c5ac3f\" data-element_type=\"column\" data-e-type=\"column\">\n\t\t\t<div class=\"elementor-widget-wrap elementor-element-populated\">\n\t\t\t\t\t\t<div class=\"elementor-element elementor-element-7508652a elementor-widget elementor-widget-spacer\" data-id=\"7508652a\" data-element_type=\"widget\" data-e-type=\"widget\" data-widget_type=\"spacer.default\">\n\t\t\t\t<div class=\"elementor-widget-container\">\n\t\t\t\t\t\t\t<div class=\"elementor-spacer\">\n\t\t\t<div class=\"elementor-spacer-inner\"><\/div>\n\t\t<\/div>\n\t\t\t\t\t\t<\/div>\n\t\t\t\t<\/div>\n\t\t\t\t\t<\/div>\n\t\t<\/div>\n\t\t\t\t\t<\/div>\n\t\t<\/section>\n\t\t\t\t<section data-particle_enable=\"false\" data-particle-mobile-disabled=\"false\" class=\"elementor-section elementor-top-section elementor-element elementor-element-51009aba elementor-section-full_width elementor-section-height-default elementor-section-height-default\" data-id=\"51009aba\" data-element_type=\"section\" data-e-type=\"section\">\n\t\t\t\t\t\t<div class=\"elementor-container elementor-column-gap-default\">\n\t\t\t\t\t<div class=\"elementor-column elementor-col-50 elementor-top-column elementor-element elementor-element-665c92f8 elementor-hidden-mobile\" data-id=\"665c92f8\" data-element_type=\"column\" data-e-type=\"column\">\n\t\t\t<div class=\"elementor-widget-wrap\">\n\t\t\t\t\t\t\t<\/div>\n\t\t<\/div>\n\t\t\t\t<div class=\"elementor-column elementor-col-50 elementor-top-column elementor-element elementor-element-75c71efb\" data-id=\"75c71efb\" data-element_type=\"column\" data-e-type=\"column\">\n\t\t\t<div class=\"elementor-widget-wrap elementor-element-populated\">\n\t\t\t\t\t\t<div class=\"elementor-element elementor-element-6a6b5a18 elementor-hidden-mobile elementor-widget elementor-widget-heading\" data-id=\"6a6b5a18\" data-element_type=\"widget\" data-e-type=\"widget\" data-widget_type=\"heading.default\">\n\t\t\t\t<div class=\"elementor-widget-container\">\n\t\t\t\t\t<h2 class=\"elementor-heading-title elementor-size-default\">Supported by<\/h2>\t\t\t\t<\/div>\n\t\t\t\t<\/div>\n\t\t\t\t\t<\/div>\n\t\t<\/div>\n\t\t\t\t\t<\/div>\n\t\t<\/section>\n\t\t\t\t<section data-particle_enable=\"false\" data-particle-mobile-disabled=\"false\" class=\"elementor-section elementor-top-section elementor-element elementor-element-43bc5160 elementor-section-full_width elementor-hidden-mobile elementor-section-height-default elementor-section-height-default\" data-id=\"43bc5160\" data-element_type=\"section\" data-e-type=\"section\">\n\t\t\t\t\t\t<div class=\"elementor-container elementor-column-gap-default\">\n\t\t\t\t\t<div class=\"elementor-column elementor-col-50 elementor-top-column elementor-element elementor-element-6f1a0060\" data-id=\"6f1a0060\" data-element_type=\"column\" data-e-type=\"column\">\n\t\t\t<div class=\"elementor-widget-wrap\">\n\t\t\t\t\t\t\t<\/div>\n\t\t<\/div>\n\t\t\t\t<div class=\"elementor-column elementor-col-50 elementor-top-column elementor-element elementor-element-30db5906\" data-id=\"30db5906\" data-element_type=\"column\" data-e-type=\"column\">\n\t\t\t<div class=\"elementor-widget-wrap elementor-element-populated\">\n\t\t\t\t\t\t<div class=\"elementor-element elementor-element-5e621ca8 elementor-widget elementor-widget-image\" data-id=\"5e621ca8\" data-element_type=\"widget\" data-e-type=\"widget\" data-widget_type=\"image.default\">\n\t\t\t\t<div class=\"elementor-widget-container\">\n\t\t\t\t\t\t\t\t\t\t\t\t\t\t\t<img loading=\"lazy\" decoding=\"async\" width=\"1412\" height=\"14\" src=\"https:\/\/www.bremer-buendnis.de\/wp-content\/uploads\/2021\/11\/RoterPfeil.png\" class=\"attachment-full size-full wp-image-4458\" alt=\"\" srcset=\"https:\/\/www.bremer-buendnis.de\/wp-content\/uploads\/2021\/11\/RoterPfeil.png 1412w, https:\/\/www.bremer-buendnis.de\/wp-content\/uploads\/2021\/11\/RoterPfeil-300x3.png 300w, https:\/\/www.bremer-buendnis.de\/wp-content\/uploads\/2021\/11\/RoterPfeil-1024x10.png 1024w, https:\/\/www.bremer-buendnis.de\/wp-content\/uploads\/2021\/11\/RoterPfeil-768x8.png 768w\" sizes=\"100vw\" \/>\t\t\t\t\t\t\t\t\t\t\t\t\t\t\t<\/div>\n\t\t\t\t<\/div>\n\t\t\t\t\t<\/div>\n\t\t<\/div>\n\t\t\t\t\t<\/div>\n\t\t<\/section>\n\t\t\t\t<section data-particle_enable=\"false\" data-particle-mobile-disabled=\"false\" class=\"elementor-section elementor-top-section elementor-element elementor-element-623ea9da elementor-section-full_width elementor-section-height-default elementor-section-height-default\" data-id=\"623ea9da\" data-element_type=\"section\" data-e-type=\"section\">\n\t\t\t\t\t\t<div class=\"elementor-container elementor-column-gap-default\">\n\t\t\t\t\t<div class=\"elementor-column elementor-col-33 elementor-top-column elementor-element elementor-element-15c073c6\" data-id=\"15c073c6\" data-element_type=\"column\" data-e-type=\"column\">\n\t\t\t<div class=\"elementor-widget-wrap\">\n\t\t\t\t\t\t\t<\/div>\n\t\t<\/div>\n\t\t\t\t<div class=\"elementor-column elementor-col-33 elementor-top-column elementor-element elementor-element-6db6f312\" data-id=\"6db6f312\" data-element_type=\"column\" data-e-type=\"column\">\n\t\t\t<div class=\"elementor-widget-wrap elementor-element-populated\">\n\t\t\t\t\t\t<div class=\"elementor-element elementor-element-79d8986c elementor-widget elementor-widget-image\" data-id=\"79d8986c\" data-element_type=\"widget\" data-e-type=\"widget\" data-widget_type=\"image.default\">\n\t\t\t\t<div class=\"elementor-widget-container\">\n\t\t\t\t\t\t\t\t\t\t\t\t\t\t\t\t<a href=\"https:\/\/www.bremer-buendnis.de\/en\/\">\n\t\t\t\t\t\t\t<img loading=\"lazy\" decoding=\"async\" width=\"525\" height=\"180\" src=\"https:\/\/www.bremer-buendnis.de\/wp-content\/uploads\/2021\/11\/Logo_BremerBuendnis_rot.png\" class=\"attachment-large size-large wp-image-4461\" alt=\"\" srcset=\"https:\/\/www.bremer-buendnis.de\/wp-content\/uploads\/2021\/11\/Logo_BremerBuendnis_rot.png 627w, https:\/\/www.bremer-buendnis.de\/wp-content\/uploads\/2021\/11\/Logo_BremerBuendnis_rot-300x103.png 300w\" sizes=\"100vw\" \/>\t\t\t\t\t\t\t\t<\/a>\n\t\t\t\t\t\t\t\t\t\t\t\t\t\t\t<\/div>\n\t\t\t\t<\/div>\n\t\t\t\t\t<\/div>\n\t\t<\/div>\n\t\t\t\t<div class=\"elementor-column elementor-col-33 elementor-top-column elementor-element elementor-element-cb7de78\" data-id=\"cb7de78\" data-element_type=\"column\" data-e-type=\"column\">\n\t\t\t<div class=\"elementor-widget-wrap elementor-element-populated\">\n\t\t\t\t\t\t<div class=\"elementor-element elementor-element-5348bcec elementor-hidden-desktop elementor-hidden-tablet elementor-widget elementor-widget-heading\" data-id=\"5348bcec\" data-element_type=\"widget\" data-e-type=\"widget\" data-widget_type=\"heading.default\">\n\t\t\t\t<div class=\"elementor-widget-container\">\n\t\t\t\t\t<h2 class=\"elementor-heading-title elementor-size-default\">Supported by<\/h2>\t\t\t\t<\/div>\n\t\t\t\t<\/div>\n\t\t\t\t<div class=\"elementor-element elementor-element-45181d6 elementor-hidden-desktop elementor-hidden-tablet elementor-widget elementor-widget-image\" data-id=\"45181d6\" data-element_type=\"widget\" data-e-type=\"widget\" data-widget_type=\"image.default\">\n\t\t\t\t<div class=\"elementor-widget-container\">\n\t\t\t\t\t\t\t\t\t\t\t\t\t\t\t<img loading=\"lazy\" decoding=\"async\" width=\"525\" height=\"14\" src=\"https:\/\/www.bremer-buendnis.de\/wp-content\/uploads\/2021\/11\/Oidw-Pfeil-klein-rot.png\" class=\"attachment-large size-large wp-image-4527\" alt=\"\" srcset=\"https:\/\/www.bremer-buendnis.de\/wp-content\/uploads\/2021\/11\/Oidw-Pfeil-klein-rot.png 1000w, https:\/\/www.bremer-buendnis.de\/wp-content\/uploads\/2021\/11\/Oidw-Pfeil-klein-rot-300x8.png 300w, https:\/\/www.bremer-buendnis.de\/wp-content\/uploads\/2021\/11\/Oidw-Pfeil-klein-rot-768x21.png 768w\" sizes=\"100vw\" \/>\t\t\t\t\t\t\t\t\t\t\t\t\t\t\t<\/div>\n\t\t\t\t<\/div>\n\t\t\t\t<section data-particle_enable=\"false\" data-particle-mobile-disabled=\"false\" class=\"elementor-section elementor-inner-section elementor-element elementor-element-6787cae1 elementor-section-boxed elementor-section-height-default elementor-section-height-default\" data-id=\"6787cae1\" data-element_type=\"section\" data-e-type=\"section\">\n\t\t\t\t\t\t<div class=\"elementor-container elementor-column-gap-default\">\n\t\t\t\t\t<div class=\"elementor-column elementor-col-50 elementor-inner-column elementor-element elementor-element-204e8a20\" data-id=\"204e8a20\" data-element_type=\"column\" data-e-type=\"column\">\n\t\t\t<div class=\"elementor-widget-wrap elementor-element-populated\">\n\t\t\t\t\t\t<div class=\"elementor-element elementor-element-531df83e elementor-widget elementor-widget-gallery\" data-id=\"531df83e\" data-element_type=\"widget\" data-e-type=\"widget\" data-settings=\"{&quot;gallery_layout&quot;:&quot;justified&quot;,&quot;ideal_row_height&quot;:{&quot;unit&quot;:&quot;px&quot;,&quot;size&quot;:50,&quot;sizes&quot;:[]},&quot;ideal_row_height_tablet&quot;:{&quot;unit&quot;:&quot;px&quot;,&quot;size&quot;:65,&quot;sizes&quot;:[]},&quot;ideal_row_height_mobile&quot;:{&quot;unit&quot;:&quot;px&quot;,&quot;size&quot;:70,&quot;sizes&quot;:[]},&quot;gap&quot;:{&quot;unit&quot;:&quot;px&quot;,&quot;size&quot;:30,&quot;sizes&quot;:[]},&quot;gap_tablet&quot;:{&quot;unit&quot;:&quot;px&quot;,&quot;size&quot;:5,&quot;sizes&quot;:[]},&quot;gap_mobile&quot;:{&quot;unit&quot;:&quot;px&quot;,&quot;size&quot;:5,&quot;sizes&quot;:[]},&quot;lazyload&quot;:&quot;yes&quot;,&quot;link_to&quot;:&quot;file&quot;,&quot;overlay_background&quot;:&quot;yes&quot;,&quot;content_hover_animation&quot;:&quot;fade-in&quot;}\" data-widget_type=\"gallery.default\">\n\t\t\t\t<div class=\"elementor-widget-container\">\n\t\t\t\t\t\t\t<div class=\"elementor-gallery__container\">\n\t\t\t\t\t\t\t<a class=\"e-gallery-item elementor-gallery-item elementor-animated-content\" href=\"https:\/\/www.bremer-buendnis.de\/wp-content\/uploads\/2021\/11\/BundesstiftungAufarbeitung.png\" data-elementor-open-lightbox=\"yes\" data-elementor-lightbox-slideshow=\"531df83e\" data-elementor-lightbox-title=\"BundesstiftungAufarbeitung\" data-e-action-hash=\"#elementor-action%3Aaction%3Dlightbox%26settings%3DeyJpZCI6NTA5LCJ1cmwiOiJodHRwczpcL1wvd3d3LmJyZW1lci1idWVuZG5pcy5kZVwvd3AtY29udGVudFwvdXBsb2Fkc1wvMjAyMVwvMTFcL0J1bmRlc3N0aWZ0dW5nQXVmYXJiZWl0dW5nLnBuZyIsInNsaWRlc2hvdyI6IjUzMWRmODNlIn0%3D\" data-lbwps-width=\"498\" data-lbwps-height=\"200\" data-lbwps-srcsmall=\"https:\/\/www.bremer-buendnis.de\/wp-content\/uploads\/2021\/11\/BundesstiftungAufarbeitung-300x120.png\" data-lbwps-title=\"BundesstiftungAufarbeitung\">\n\t\t\t\t\t<div class=\"e-gallery-image elementor-gallery-item__image\" data-thumbnail=\"https:\/\/www.bremer-buendnis.de\/wp-content\/uploads\/2021\/11\/BundesstiftungAufarbeitung.png\" data-width=\"498\" data-height=\"200\" aria-label=\"\" role=\"img\" ><\/div>\n\t\t\t\t\t\t\t\t\t\t\t<div class=\"elementor-gallery-item__overlay\"><\/div>\n\t\t\t\t\t\t\t\t\t\t\t\t\t\t<\/a>\n\t\t\t\t\t\t\t<a class=\"e-gallery-item elementor-gallery-item elementor-animated-content\" href=\"https:\/\/www.bremer-buendnis.de\/wp-content\/uploads\/2021\/11\/ArbeitnehmerkammerBremen.png\" data-elementor-open-lightbox=\"yes\" data-elementor-lightbox-slideshow=\"531df83e\" data-elementor-lightbox-title=\"ArbeitnehmerkammerBremen\" data-e-action-hash=\"#elementor-action%3Aaction%3Dlightbox%26settings%3DeyJpZCI6NTA4LCJ1cmwiOiJodHRwczpcL1wvd3d3LmJyZW1lci1idWVuZG5pcy5kZVwvd3AtY29udGVudFwvdXBsb2Fkc1wvMjAyMVwvMTFcL0FyYmVpdG5laG1lcmthbW1lckJyZW1lbi5wbmciLCJzbGlkZXNob3ciOiI1MzFkZjgzZSJ9\" data-lbwps-width=\"196\" data-lbwps-height=\"200\" data-lbwps-srcsmall=\"https:\/\/www.bremer-buendnis.de\/wp-content\/uploads\/2021\/11\/ArbeitnehmerkammerBremen.png\" data-lbwps-title=\"ArbeitnehmerkammerBremen\">\n\t\t\t\t\t<div class=\"e-gallery-image elementor-gallery-item__image\" data-thumbnail=\"https:\/\/www.bremer-buendnis.de\/wp-content\/uploads\/2021\/11\/ArbeitnehmerkammerBremen.png\" data-width=\"196\" data-height=\"200\" aria-label=\"\" role=\"img\" ><\/div>\n\t\t\t\t\t\t\t\t\t\t\t<div class=\"elementor-gallery-item__overlay\"><\/div>\n\t\t\t\t\t\t\t\t\t\t\t\t\t\t<\/a>\n\t\t\t\t\t\t\t<a class=\"e-gallery-item elementor-gallery-item elementor-animated-content\" href=\"https:\/\/www.bremer-buendnis.de\/wp-content\/uploads\/2021\/09\/Hollweg.jpg\" data-elementor-open-lightbox=\"yes\" data-elementor-lightbox-slideshow=\"531df83e\" data-elementor-lightbox-title=\"Karin und Uwe Hollweg Stiftung\" data-e-action-hash=\"#elementor-action%3Aaction%3Dlightbox%26settings%3DeyJpZCI6MzM3LCJ1cmwiOiJodHRwczpcL1wvd3d3LmJyZW1lci1idWVuZG5pcy5kZVwvd3AtY29udGVudFwvdXBsb2Fkc1wvMjAyMVwvMDlcL0hvbGx3ZWcuanBnIiwic2xpZGVzaG93IjoiNTMxZGY4M2UifQ%3D%3D\" data-lbwps-width=\"1250\" data-lbwps-height=\"711\" data-lbwps-srcsmall=\"https:\/\/www.bremer-buendnis.de\/wp-content\/uploads\/2021\/09\/Hollweg-300x171.jpg\" data-lbwps-title=\"Karin und Uwe Hollweg Stiftung\">\n\t\t\t\t\t<div class=\"e-gallery-image elementor-gallery-item__image\" data-thumbnail=\"https:\/\/www.bremer-buendnis.de\/wp-content\/uploads\/2021\/09\/Hollweg-1024x582.jpg\" data-width=\"525\" data-height=\"298\" aria-label=\"Karin und Uwe Hollweg Stiftung\" role=\"img\" ><\/div>\n\t\t\t\t\t\t\t\t\t\t\t<div class=\"elementor-gallery-item__overlay\"><\/div>\n\t\t\t\t\t\t\t\t\t\t\t\t\t\t<\/a>\n\t\t\t\t\t\t\t<a class=\"e-gallery-item elementor-gallery-item elementor-animated-content\" href=\"https:\/\/www.bremer-buendnis.de\/wp-content\/uploads\/2024\/01\/DTZF_GRUNDLOGO_DE.png\" data-elementor-open-lightbox=\"yes\" data-elementor-lightbox-slideshow=\"531df83e\" data-elementor-lightbox-title=\"DTZF_GRUNDLOGO_DE.png\" data-e-action-hash=\"#elementor-action%3Aaction%3Dlightbox%26settings%3DeyJpZCI6MjEzNCwidXJsIjoiaHR0cHM6XC9cL3d3dy5icmVtZXItYnVlbmRuaXMuZGVcL3dwLWNvbnRlbnRcL3VwbG9hZHNcLzIwMjRcLzAxXC9EVFpGX0dSVU5ETE9HT19ERS5wbmciLCJzbGlkZXNob3ciOiI1MzFkZjgzZSJ9\" data-lbwps-width=\"6652\" data-lbwps-height=\"4169\" data-lbwps-srcsmall=\"https:\/\/www.bremer-buendnis.de\/wp-content\/uploads\/2024\/01\/DTZF_GRUNDLOGO_DE-300x188.png\" data-lbwps-title=\"DTZF_GRUNDLOGO_DE.png\">\n\t\t\t\t\t<div class=\"e-gallery-image elementor-gallery-item__image\" data-thumbnail=\"https:\/\/www.bremer-buendnis.de\/wp-content\/uploads\/2024\/01\/DTZF_GRUNDLOGO_DE-1024x642.png\" data-width=\"525\" data-height=\"329\" aria-label=\"\" role=\"img\" ><\/div>\n\t\t\t\t\t\t\t\t\t\t\t<div class=\"elementor-gallery-item__overlay\"><\/div>\n\t\t\t\t\t\t\t\t\t\t\t\t\t\t<\/a>\n\t\t\t\t\t<\/div>\n\t\t\t\t\t<\/div>\n\t\t\t\t<\/div>\n\t\t\t\t\t<\/div>\n\t\t<\/div>\n\t\t\t\t<div class=\"elementor-column elementor-col-50 elementor-inner-column elementor-element elementor-element-254dbcd1 elementor-hidden-tablet elementor-hidden-mobile\" data-id=\"254dbcd1\" data-element_type=\"column\" data-e-type=\"column\">\n\t\t\t<div class=\"elementor-widget-wrap\">\n\t\t\t\t\t\t\t<\/div>\n\t\t<\/div>\n\t\t\t\t\t<\/div>\n\t\t<\/section>\n\t\t\t\t\t<\/div>\n\t\t<\/div>\n\t\t\t\t\t<\/div>\n\t\t<\/section>\n\t\t\t\t<section data-particle_enable=\"false\" data-particle-mobile-disabled=\"false\" class=\"elementor-section elementor-top-section elementor-element elementor-element-906d9c2 elementor-section-boxed elementor-section-height-default elementor-section-height-default\" data-id=\"906d9c2\" data-element_type=\"section\" data-e-type=\"section\">\n\t\t\t\t\t\t<div class=\"elementor-container elementor-column-gap-default\">\n\t\t\t\t\t<div class=\"elementor-column elementor-col-50 elementor-top-column elementor-element elementor-element-a028b5d\" data-id=\"a028b5d\" data-element_type=\"column\" data-e-type=\"column\">\n\t\t\t<div class=\"elementor-widget-wrap elementor-element-populated\">\n\t\t\t\t\t\t<div class=\"elementor-element elementor-element-4571821 elementor-widget elementor-widget-heading\" data-id=\"4571821\" data-element_type=\"widget\" data-e-type=\"widget\" data-widget_type=\"heading.default\">\n\t\t\t\t<div class=\"elementor-widget-container\">\n\t\t\t\t\t<h2 class=\"elementor-heading-title elementor-size-default\">Address<\/h2>\t\t\t\t<\/div>\n\t\t\t\t<\/div>\n\t\t\t\t<div class=\"elementor-element elementor-element-7dd4fb55 elementor-widget elementor-widget-text-editor\" data-id=\"7dd4fb55\" data-element_type=\"widget\" data-e-type=\"widget\" data-widget_type=\"text-editor.default\">\n\t\t\t\t<div class=\"elementor-widget-container\">\n\t\t\t\t\t\t\t\t\t<p>Am Schwarzen Meer 119<br \/>28205 Bremen, Germany<\/p>\n\t\t\t\t\t\t\t\t<\/div>\n\t\t\t\t<\/div>\n\t\t\t\t<div class=\"elementor-element elementor-element-36ff459 elementor-nav-menu--dropdown-none elementor-widget elementor-widget-global elementor-global-1154 elementor-widget-nav-menu\" data-id=\"36ff459\" data-element_type=\"widget\" data-e-type=\"widget\" data-settings=\"{&quot;layout&quot;:&quot;vertical&quot;,&quot;submenu_icon&quot;:{&quot;value&quot;:&quot;fas fa-caret-down&quot;,&quot;library&quot;:&quot;fa-solid&quot;}}\" data-widget_type=\"nav-menu.default\">\n\t\t\t\t<div class=\"elementor-widget-container\">\n\t\t\t\t\t\t\t\t<nav aria-label=\"Menu\" class=\"elementor-nav-menu--main elementor-nav-menu__container elementor-nav-menu--layout-vertical e--pointer-underline e--animation-fade\">\n\t\t\t\t<ul id=\"menu-1-36ff459\" class=\"elementor-nav-menu sm-vertical\"><li class=\"menu-item menu-item-type-post_type menu-item-object-page menu-item-5811\"><a href=\"https:\/\/www.bremer-buendnis.de\/en\/imprint\/\" class=\"elementor-item\">Imprint<\/a><\/li>\n<li class=\"menu-item menu-item-type-post_type menu-item-object-page menu-item-5812\"><a href=\"https:\/\/www.bremer-buendnis.de\/en\/privacy-policy\/\" class=\"elementor-item\">Privacy policy<\/a><\/li>\n<\/ul>\t\t\t<\/nav>\n\t\t\t\t\t\t<nav class=\"elementor-nav-menu--dropdown elementor-nav-menu__container\" aria-hidden=\"true\">\n\t\t\t\t<ul id=\"menu-2-36ff459\" class=\"elementor-nav-menu sm-vertical\"><li class=\"menu-item menu-item-type-post_type menu-item-object-page menu-item-5811\"><a href=\"https:\/\/www.bremer-buendnis.de\/en\/imprint\/\" class=\"elementor-item\" tabindex=\"-1\">Imprint<\/a><\/li>\n<li class=\"menu-item menu-item-type-post_type menu-item-object-page menu-item-5812\"><a href=\"https:\/\/www.bremer-buendnis.de\/en\/privacy-policy\/\" class=\"elementor-item\" tabindex=\"-1\">Privacy policy<\/a><\/li>\n<\/ul>\t\t\t<\/nav>\n\t\t\t\t\t\t<\/div>\n\t\t\t\t<\/div>\n\t\t\t\t<div class=\"elementor-element elementor-element-c6cca9a elementor-shape-circle e-grid-align-left elementor-grid-0 elementor-widget elementor-widget-global elementor-global-1157 elementor-widget-social-icons\" data-id=\"c6cca9a\" data-element_type=\"widget\" data-e-type=\"widget\" data-widget_type=\"social-icons.default\">\n\t\t\t\t<div class=\"elementor-widget-container\">\n\t\t\t\t\t\t\t<div class=\"elementor-social-icons-wrapper elementor-grid\" role=\"list\">\n\t\t\t\t\t\t\t<span class=\"elementor-grid-item\" role=\"listitem\">\n\t\t\t\t\t<a class=\"elementor-icon elementor-social-icon elementor-social-icon-facebook elementor-animation-grow elementor-repeater-item-dbd9139\" href=\"https:\/\/www.facebook.com\/SoMachtManFruehling\/\" target=\"_blank\">\n\t\t\t\t\t\t<span class=\"elementor-screen-only\">Facebook<\/span>\n\t\t\t\t\t\t<i aria-hidden=\"true\" class=\"fab fa-facebook\"><\/i>\t\t\t\t\t<\/a>\n\t\t\t\t<\/span>\n\t\t\t\t\t\t\t<span class=\"elementor-grid-item\" role=\"listitem\">\n\t\t\t\t\t<a class=\"elementor-icon elementor-social-icon elementor-social-icon-envelope elementor-animation-grow elementor-repeater-item-0a72528\" href=\"mailto:andrea@bremer-buendnis.de\" target=\"_blank\">\n\t\t\t\t\t\t<span class=\"elementor-screen-only\">Envelope<\/span>\n\t\t\t\t\t\t<i aria-hidden=\"true\" class=\"fas fa-envelope\"><\/i>\t\t\t\t\t<\/a>\n\t\t\t\t<\/span>\n\t\t\t\t\t<\/div>\n\t\t\t\t\t\t<\/div>\n\t\t\t\t<\/div>\n\t\t\t\t\t<\/div>\n\t\t<\/div>\n\t\t\t\t<div class=\"elementor-column elementor-col-50 elementor-top-column elementor-element elementor-element-1952717d\" data-id=\"1952717d\" data-element_type=\"column\" data-e-type=\"column\">\n\t\t\t<div class=\"elementor-widget-wrap elementor-element-populated\">\n\t\t\t\t\t\t<div class=\"elementor-element elementor-element-29f65ec5 elementor-widget elementor-widget-wp-widget-search\" data-id=\"29f65ec5\" data-element_type=\"widget\" data-e-type=\"widget\" data-widget_type=\"wp-widget-search.default\">\n\t\t\t\t<div class=\"elementor-widget-container\">\n\t\t\t\t\t\n\n<form role=\"search\" method=\"get\" class=\"search-form\" action=\"https:\/\/www.bremer-buendnis.de\/en\/\">\n\t<label for=\"search-form-1\">\n\t\t<span class=\"screen-reader-text\">\n\t\t\tSearch for:\t\t<\/span>\n\t<\/label>\n\t<input type=\"search\" id=\"search-form-1\" class=\"search-field\" placeholder=\"Search &hellip;\" value=\"\" name=\"s\" \/>\n\t<button type=\"submit\" class=\"search-submit\"><svg class=\"icon icon-search\" aria-hidden=\"true\" role=\"img\"> <use href=\"#icon-search\" xlink:href=\"#icon-search\"><\/use> <\/svg><span class=\"screen-reader-text\">\n\t\tSearch\t<\/span><\/button>\n<\/form>\n\t\t\t\t<\/div>\n\t\t\t\t<\/div>\n\t\t\t\t\t<\/div>\n\t\t<\/div>\n\t\t\t\t\t<\/div>\n\t\t<\/section>\n\t\t\t\t<\/div>\n\t\t","protected":false},"excerpt":{"rendered":"<p>contemporary witnesses &#8211; to the individual pages Heiko Strohmann Foto: Manja Herrmann Heiko Strohmann, zweiter von links, im Pionierhemd. Foto: Privat\/Heiko Strohmann Heiko Strohmann, etwa 1989. Foto: Privat\/Heiko Strohmann Heiko Strohmann was born in Rostock in 1968 and had a positive attitude towards the GDR until the age of 16 due to his socialization in &hellip; <\/p>\n<p class=\"link-more\"><a href=\"https:\/\/www.bremer-buendnis.de\/en\/heiko-strohmann\/\" class=\"more-link\">Continue reading<span class=\"screen-reader-text\"> &#8220;Heiko Strohmann&#8221;<\/span><\/a><\/p>\n","protected":false},"author":3,"featured_media":0,"parent":0,"menu_order":0,"comment_status":"closed","ping_status":"closed","template":"elementor_canvas","meta":{"footnotes":"","_links_to":"","_links_to_target":""},"class_list":["post-6047","page","type-page","status-publish","hentry"],"yoast_head":"<!-- This site is optimized with the Yoast SEO plugin v27.2 - https:\/\/yoast.com\/product\/yoast-seo-wordpress\/ -->\n<title>Heiko Strohmann - Bremer B\u00fcndnis f\u00fcr deutsch-tschechische Zusammenarbeit<\/title>\n<meta name=\"robots\" content=\"index, follow, max-snippet:-1, max-image-preview:large, max-video-preview:-1\" \/>\n<link rel=\"canonical\" href=\"https:\/\/www.bremer-buendnis.de\/en\/heiko-strohmann\/\" \/>\n<meta property=\"og:locale\" content=\"en_US\" \/>\n<meta property=\"og:type\" content=\"article\" \/>\n<meta property=\"og:title\" content=\"Heiko Strohmann - Bremer B\u00fcndnis f\u00fcr deutsch-tschechische Zusammenarbeit\" \/>\n<meta property=\"og:description\" content=\"contemporary witnesses &#8211; to the individual pages Heiko Strohmann Foto: Manja Herrmann Heiko Strohmann, zweiter von links, im Pionierhemd. Foto: Privat\/Heiko Strohmann Heiko Strohmann, etwa 1989. Foto: Privat\/Heiko Strohmann Heiko Strohmann was born in Rostock in 1968 and had a positive attitude towards the GDR until the age of 16 due to his socialization in &hellip; Continue reading &quot;Heiko Strohmann&quot;\" \/>\n<meta property=\"og:url\" content=\"https:\/\/www.bremer-buendnis.de\/en\/heiko-strohmann\/\" \/>\n<meta property=\"og:site_name\" content=\"Bremer B\u00fcndnis f\u00fcr deutsch-tschechische Zusammenarbeit\" \/>\n<meta property=\"article:modified_time\" content=\"2025-02-19T15:57:43+00:00\" \/>\n<meta property=\"og:image\" content=\"https:\/\/www.bremer-buendnis.de\/wp-content\/uploads\/2019\/12\/BB_Logo-long_white-e1575902266916.png\" \/>\n\t<meta property=\"og:image:width\" content=\"1840\" \/>\n\t<meta property=\"og:image:height\" content=\"714\" \/>\n\t<meta property=\"og:image:type\" content=\"image\/png\" \/>\n<meta name=\"twitter:card\" content=\"summary_large_image\" \/>\n<meta name=\"twitter:label1\" content=\"Est. reading time\" \/>\n\t<meta name=\"twitter:data1\" content=\"7 minutes\" \/>\n<script type=\"application\/ld+json\" class=\"yoast-schema-graph\">{\"@context\":\"https:\/\/schema.org\",\"@graph\":[{\"@type\":\"WebPage\",\"@id\":\"https:\/\/www.bremer-buendnis.de\/en\/heiko-strohmann\/\",\"url\":\"https:\/\/www.bremer-buendnis.de\/en\/heiko-strohmann\/\",\"name\":\"Heiko Strohmann - Bremer B\u00fcndnis f\u00fcr deutsch-tschechische Zusammenarbeit\",\"isPartOf\":{\"@id\":\"https:\/\/www.bremer-buendnis.de\/en\/#website\"},\"primaryImageOfPage\":{\"@id\":\"https:\/\/www.bremer-buendnis.de\/en\/heiko-strohmann\/#primaryimage\"},\"image\":{\"@id\":\"https:\/\/www.bremer-buendnis.de\/en\/heiko-strohmann\/#primaryimage\"},\"thumbnailUrl\":\"https:\/\/www.bremer-buendnis.de\/wp-content\/uploads\/2019\/12\/BB_Logo-long_white-e1575902266916-1024x397.png\",\"datePublished\":\"2021-09-23T10:18:47+00:00\",\"dateModified\":\"2025-02-19T15:57:43+00:00\",\"breadcrumb\":{\"@id\":\"https:\/\/www.bremer-buendnis.de\/en\/heiko-strohmann\/#breadcrumb\"},\"inLanguage\":\"en-US\",\"potentialAction\":[{\"@type\":\"ReadAction\",\"target\":[\"https:\/\/www.bremer-buendnis.de\/en\/heiko-strohmann\/\"]}]},{\"@type\":\"ImageObject\",\"inLanguage\":\"en-US\",\"@id\":\"https:\/\/www.bremer-buendnis.de\/en\/heiko-strohmann\/#primaryimage\",\"url\":\"https:\/\/www.bremer-buendnis.de\/wp-content\/uploads\/2019\/12\/BB_Logo-long_white-e1575902266916-1024x397.png\",\"contentUrl\":\"https:\/\/www.bremer-buendnis.de\/wp-content\/uploads\/2019\/12\/BB_Logo-long_white-e1575902266916-1024x397.png\"},{\"@type\":\"BreadcrumbList\",\"@id\":\"https:\/\/www.bremer-buendnis.de\/en\/heiko-strohmann\/#breadcrumb\",\"itemListElement\":[{\"@type\":\"ListItem\",\"position\":1,\"name\":\"Startseite\",\"item\":\"https:\/\/www.bremer-buendnis.de\/en\/home-page\/\"},{\"@type\":\"ListItem\",\"position\":2,\"name\":\"Heiko Strohmann\"}]},{\"@type\":\"WebSite\",\"@id\":\"https:\/\/www.bremer-buendnis.de\/en\/#website\",\"url\":\"https:\/\/www.bremer-buendnis.de\/en\/\",\"name\":\"Bremer B\u00fcndnis f\u00fcr deutsch-tschechische Zusammenarbeit\",\"description\":\"Das Bremer B\u00fcndnis f\u00fcr deutsch-tschechische Zusammenarbeit e.V. b\u00fcndelt Ideen und Aktivit\u00e4ten mit dem Ziel, die deutsch-tschechische Zusammenarbeit zu f\u00f6rdern und deren Akteure zu vernetzen.\",\"publisher\":{\"@id\":\"https:\/\/www.bremer-buendnis.de\/en\/#organization\"},\"potentialAction\":[{\"@type\":\"SearchAction\",\"target\":{\"@type\":\"EntryPoint\",\"urlTemplate\":\"https:\/\/www.bremer-buendnis.de\/en\/?s={search_term_string}\"},\"query-input\":{\"@type\":\"PropertyValueSpecification\",\"valueRequired\":true,\"valueName\":\"search_term_string\"}}],\"inLanguage\":\"en-US\"},{\"@type\":\"Organization\",\"@id\":\"https:\/\/www.bremer-buendnis.de\/en\/#organization\",\"name\":\"Bremer B\u00fcndnis f\u00fcr deutsch-tschechische Zusammenarbeit\",\"url\":\"https:\/\/www.bremer-buendnis.de\/en\/\",\"logo\":{\"@type\":\"ImageObject\",\"inLanguage\":\"en-US\",\"@id\":\"https:\/\/www.bremer-buendnis.de\/en\/#\/schema\/logo\/image\/\",\"url\":\"https:\/\/www.bremer-buendnis.de\/wp-content\/uploads\/2019\/12\/cropped-BB_Logo-long_white-1.png\",\"contentUrl\":\"https:\/\/www.bremer-buendnis.de\/wp-content\/uploads\/2019\/12\/cropped-BB_Logo-long_white-1.png\",\"width\":691,\"height\":250,\"caption\":\"Bremer B\u00fcndnis f\u00fcr deutsch-tschechische Zusammenarbeit\"},\"image\":{\"@id\":\"https:\/\/www.bremer-buendnis.de\/en\/#\/schema\/logo\/image\/\"}}]}<\/script>\n<!-- \/ Yoast SEO plugin. -->","yoast_head_json":{"title":"Heiko Strohmann - Bremer B\u00fcndnis f\u00fcr deutsch-tschechische Zusammenarbeit","robots":{"index":"index","follow":"follow","max-snippet":"max-snippet:-1","max-image-preview":"max-image-preview:large","max-video-preview":"max-video-preview:-1"},"canonical":"https:\/\/www.bremer-buendnis.de\/en\/heiko-strohmann\/","og_locale":"en_US","og_type":"article","og_title":"Heiko Strohmann - Bremer B\u00fcndnis f\u00fcr deutsch-tschechische Zusammenarbeit","og_description":"contemporary witnesses &#8211; to the individual pages Heiko Strohmann Foto: Manja Herrmann Heiko Strohmann, zweiter von links, im Pionierhemd. Foto: Privat\/Heiko Strohmann Heiko Strohmann, etwa 1989. Foto: Privat\/Heiko Strohmann Heiko Strohmann was born in Rostock in 1968 and had a positive attitude towards the GDR until the age of 16 due to his socialization in &hellip; Continue reading \"Heiko Strohmann\"","og_url":"https:\/\/www.bremer-buendnis.de\/en\/heiko-strohmann\/","og_site_name":"Bremer B\u00fcndnis f\u00fcr deutsch-tschechische Zusammenarbeit","article_modified_time":"2025-02-19T15:57:43+00:00","og_image":[{"width":1840,"height":714,"url":"https:\/\/www.bremer-buendnis.de\/wp-content\/uploads\/2019\/12\/BB_Logo-long_white-e1575902266916.png","type":"image\/png"}],"twitter_card":"summary_large_image","twitter_misc":{"Est. reading time":"7 minutes"},"schema":{"@context":"https:\/\/schema.org","@graph":[{"@type":"WebPage","@id":"https:\/\/www.bremer-buendnis.de\/en\/heiko-strohmann\/","url":"https:\/\/www.bremer-buendnis.de\/en\/heiko-strohmann\/","name":"Heiko Strohmann - Bremer B\u00fcndnis f\u00fcr deutsch-tschechische Zusammenarbeit","isPartOf":{"@id":"https:\/\/www.bremer-buendnis.de\/en\/#website"},"primaryImageOfPage":{"@id":"https:\/\/www.bremer-buendnis.de\/en\/heiko-strohmann\/#primaryimage"},"image":{"@id":"https:\/\/www.bremer-buendnis.de\/en\/heiko-strohmann\/#primaryimage"},"thumbnailUrl":"https:\/\/www.bremer-buendnis.de\/wp-content\/uploads\/2019\/12\/BB_Logo-long_white-e1575902266916-1024x397.png","datePublished":"2021-09-23T10:18:47+00:00","dateModified":"2025-02-19T15:57:43+00:00","breadcrumb":{"@id":"https:\/\/www.bremer-buendnis.de\/en\/heiko-strohmann\/#breadcrumb"},"inLanguage":"en-US","potentialAction":[{"@type":"ReadAction","target":["https:\/\/www.bremer-buendnis.de\/en\/heiko-strohmann\/"]}]},{"@type":"ImageObject","inLanguage":"en-US","@id":"https:\/\/www.bremer-buendnis.de\/en\/heiko-strohmann\/#primaryimage","url":"https:\/\/www.bremer-buendnis.de\/wp-content\/uploads\/2019\/12\/BB_Logo-long_white-e1575902266916-1024x397.png","contentUrl":"https:\/\/www.bremer-buendnis.de\/wp-content\/uploads\/2019\/12\/BB_Logo-long_white-e1575902266916-1024x397.png"},{"@type":"BreadcrumbList","@id":"https:\/\/www.bremer-buendnis.de\/en\/heiko-strohmann\/#breadcrumb","itemListElement":[{"@type":"ListItem","position":1,"name":"Startseite","item":"https:\/\/www.bremer-buendnis.de\/en\/home-page\/"},{"@type":"ListItem","position":2,"name":"Heiko Strohmann"}]},{"@type":"WebSite","@id":"https:\/\/www.bremer-buendnis.de\/en\/#website","url":"https:\/\/www.bremer-buendnis.de\/en\/","name":"Bremer B\u00fcndnis f\u00fcr deutsch-tschechische Zusammenarbeit","description":"Das Bremer B\u00fcndnis f\u00fcr deutsch-tschechische Zusammenarbeit e.V. b\u00fcndelt Ideen und Aktivit\u00e4ten mit dem Ziel, die deutsch-tschechische Zusammenarbeit zu f\u00f6rdern und deren Akteure zu vernetzen.","publisher":{"@id":"https:\/\/www.bremer-buendnis.de\/en\/#organization"},"potentialAction":[{"@type":"SearchAction","target":{"@type":"EntryPoint","urlTemplate":"https:\/\/www.bremer-buendnis.de\/en\/?s={search_term_string}"},"query-input":{"@type":"PropertyValueSpecification","valueRequired":true,"valueName":"search_term_string"}}],"inLanguage":"en-US"},{"@type":"Organization","@id":"https:\/\/www.bremer-buendnis.de\/en\/#organization","name":"Bremer B\u00fcndnis f\u00fcr deutsch-tschechische Zusammenarbeit","url":"https:\/\/www.bremer-buendnis.de\/en\/","logo":{"@type":"ImageObject","inLanguage":"en-US","@id":"https:\/\/www.bremer-buendnis.de\/en\/#\/schema\/logo\/image\/","url":"https:\/\/www.bremer-buendnis.de\/wp-content\/uploads\/2019\/12\/cropped-BB_Logo-long_white-1.png","contentUrl":"https:\/\/www.bremer-buendnis.de\/wp-content\/uploads\/2019\/12\/cropped-BB_Logo-long_white-1.png","width":691,"height":250,"caption":"Bremer B\u00fcndnis f\u00fcr deutsch-tschechische Zusammenarbeit"},"image":{"@id":"https:\/\/www.bremer-buendnis.de\/en\/#\/schema\/logo\/image\/"}}]}},"_links":{"self":[{"href":"https:\/\/www.bremer-buendnis.de\/en\/wp-json\/wp\/v2\/pages\/6047","targetHints":{"allow":["GET"]}}],"collection":[{"href":"https:\/\/www.bremer-buendnis.de\/en\/wp-json\/wp\/v2\/pages"}],"about":[{"href":"https:\/\/www.bremer-buendnis.de\/en\/wp-json\/wp\/v2\/types\/page"}],"author":[{"embeddable":true,"href":"https:\/\/www.bremer-buendnis.de\/en\/wp-json\/wp\/v2\/users\/3"}],"replies":[{"embeddable":true,"href":"https:\/\/www.bremer-buendnis.de\/en\/wp-json\/wp\/v2\/comments?post=6047"}],"version-history":[{"count":1,"href":"https:\/\/www.bremer-buendnis.de\/en\/wp-json\/wp\/v2\/pages\/6047\/revisions"}],"predecessor-version":[{"id":6048,"href":"https:\/\/www.bremer-buendnis.de\/en\/wp-json\/wp\/v2\/pages\/6047\/revisions\/6048"}],"wp:attachment":[{"href":"https:\/\/www.bremer-buendnis.de\/en\/wp-json\/wp\/v2\/media?parent=6047"}],"curies":[{"name":"wp","href":"https:\/\/api.w.org\/{rel}","templated":true}]}}