{"version":"1.0","provider_name":"Bremer B\u00fcndnis f\u00fcr deutsch-tschechische Zusammenarbeit","provider_url":"https:\/\/www.bremer-buendnis.de\/pl\/","title":"Zesp\u00f3\u0142 projektu \"NS injustice\" przedstawia si\u0119 - Bremer B\u00fcndnis f\u00fcr deutsch-tschechische Zusammenarbeit","type":"rich","width":600,"height":338,"html":"<blockquote class=\"wp-embedded-content\" data-secret=\"8rqL8lKEzy\"><a href=\"https:\/\/www.bremer-buendnis.de\/pl\/2024\/04\/26\/zespol-projektu-ns-injustice-przedstawia-sie\/\">Zesp\u00f3\u0142 projektu &#8222;NS injustice&#8221; przedstawia si\u0119<\/a><\/blockquote><iframe sandbox=\"allow-scripts\" security=\"restricted\" src=\"https:\/\/www.bremer-buendnis.de\/pl\/2024\/04\/26\/zespol-projektu-ns-injustice-przedstawia-sie\/embed\/#?secret=8rqL8lKEzy\" width=\"600\" height=\"338\" title=\"&#8222;Zesp\u00f3\u0142 projektu &#8222;NS injustice&#8221; przedstawia si\u0119&#8221; &#8212; Bremer B\u00fcndnis f\u00fcr deutsch-tschechische Zusammenarbeit\" data-secret=\"8rqL8lKEzy\" frameborder=\"0\" marginwidth=\"0\" marginheight=\"0\" scrolling=\"no\" class=\"wp-embedded-content\"><\/iframe><script>\n\/*! This file is auto-generated *\/\n!function(d,l){\"use strict\";l.querySelector&&d.addEventListener&&\"undefined\"!=typeof URL&&(d.wp=d.wp||{},d.wp.receiveEmbedMessage||(d.wp.receiveEmbedMessage=function(e){var t=e.data;if((t||t.secret||t.message||t.value)&&!\/[^a-zA-Z0-9]\/.test(t.secret)){for(var s,r,n,a=l.querySelectorAll('iframe[data-secret=\"'+t.secret+'\"]'),o=l.querySelectorAll('blockquote[data-secret=\"'+t.secret+'\"]'),c=new RegExp(\"^https?:$\",\"i\"),i=0;i<o.length;i++)o[i].style.display=\"none\";for(i=0;i<a.length;i++)s=a[i],e.source===s.contentWindow&&(s.removeAttribute(\"style\"),\"height\"===t.message?(1e3<(r=parseInt(t.value,10))?r=1e3:~~r<200&&(r=200),s.height=r):\"link\"===t.message&&(r=new URL(s.getAttribute(\"src\")),n=new URL(t.value),c.test(n.protocol))&&n.host===r.host&&l.activeElement===s&&(d.top.location.href=t.value))}},d.addEventListener(\"message\",d.wp.receiveEmbedMessage,!1),l.addEventListener(\"DOMContentLoaded\",function(){for(var e,t,s=l.querySelectorAll(\"iframe.wp-embedded-content\"),r=0;r<s.length;r++)(t=(e=s[r]).getAttribute(\"data-secret\"))||(t=Math.random().toString(36).substring(2,12),e.src+=\"#?secret=\"+t,e.setAttribute(\"data-secret\",t)),e.contentWindow.postMessage({message:\"ready\",secret:t},\"*\")},!1)))}(window,document);\n\/\/# sourceURL=https:\/\/www.bremer-buendnis.de\/wp-includes\/js\/wp-embed.min.js\n<\/script>\n","thumbnail_url":"https:\/\/www.bremer-buendnis.de\/wp-content\/uploads\/2024\/04\/a-scaled.jpg","thumbnail_width":2560,"thumbnail_height":1778,"description":"Poznaj nas Cze\u015b\u0107, jeste\u015bmy niemieckim zespo\u0142em stoj\u0105cym za projektem &#8222;NS Injustice 'Degenerate Music'&#8221;. Chcieliby\u015bmy przedstawi\u0107 si\u0119 w poni\u017cszym artykule. Mamy siedzib\u0119 w Bremer B\u00fcndnis f\u00fcr deutsch-tschechische Zusammenarbeit e.V. i pracujemy w Bremie. Natalie Reinsch Cze\u015b\u0107, nazywam si\u0119 Natalie Reinsch i jestem dyrektork\u0105 projektu &#8222;Nazi Injustice 'Degenerate Music'&#8221;. Jestem historykiem i kuratorem specjalizuj\u0105cym si\u0119 w historii &hellip; Czytaj dalej \u201e\u201d"}